{"id":1004,"date":"2026-03-04T17:42:52","date_gmt":"2026-03-04T15:42:52","guid":{"rendered":"https:\/\/crearcompartir.com\/wordpress\/?post_type=tribe_events&#038;p=1004"},"modified":"2026-03-04T17:46:16","modified_gmt":"2026-03-04T15:46:16","slug":"primera-calcotada-popular-dabrera","status":"publish","type":"tribe_events","link":"https:\/\/crearcompartir.com\/wordpress\/agenda\/primera-calcotada-popular-dabrera\/","title":{"rendered":"Primera cal\u00e7otada popular d&#8217;Abrera"},"content":{"rendered":"<p>Diumenge 22 de mar\u00e7 celebrem la Primera Cal\u00e7otada Popular d\u2019Abrera al Parc de Can Morral!<\/p>\n<p>Un dia ple de bon ambient, m\u00fasica, bon menjar i moltes ganes de gaudir en fam\u00edlia i amb amics. \ud83c\udf89<\/p>\n<p>\ud83d\udcc5 Horaris de les activitats:<\/p>\n<p>12:00 h \u2014 Concert de m\u00fasica pop amb DUO A LA CARTA \ud83c\udfb5<\/p>\n<p>DUO A LA CARTA, est\u00e0 integrat per Helena Jara i Adri\u00e0 Aguilera (en aquesta ocasi\u00f3 estar\u00e0 substituit per Dani Campos). Presenten una proposta din\u00e0mica que promou la participaci\u00f3 del p\u00fablic qui, a trav\u00e8s d&#8217;un codi QR podran dedicar una can\u00e7\u00f3 a la persona que desitgin. Poden escollir entre una llista de m\u00e9s de 100 can\u00e7ons que tenen preparades per cantar en directe. No t&#8217;ho perdis!<\/p>\n<p>13:30 h \u2014 Inici de la Primera Cal\u00e7otada Popular \ud83e\uddc5\ud83d\udd25<\/p>\n<p>16:00 h \u2014 Comen\u00e7a el Tardeo! \ud83c\udfb6<\/p>\n<p>\ud83c\udfab Inscripcions i tiquets:<br \/>\nPer participar, \u00e9s imprescindible comprar els tiquets online.<br \/>\n\u23f3 Atenci\u00f3: Les inscripcions es tancaran el 17 de mar\u00e7.<\/p>\n<p>El 20 de mar\u00e7, de 17 a 19 h, haur\u00e0s de passar per la sala ENCUENTRO a recollir el teu tiquet, que ser\u00e0 necessari presentar el diumenge per gaudir de la cal\u00e7otada.<br \/>\nC\/Casamada 12<\/p>\n<p>\ud83c\udf7b Durant tota la jornada tindrem servei de barra, perqu\u00e8 no falti ni la beguda ni el bon rotllo!<\/p>\n<p>\ud83d\udc49 Compra aqu\u00ed el teu tiquet:<br \/>\n<a href=\"https:\/\/crea-joves-abrera.sumupstore.com\/\" target=\"_blank\" rel=\"noopener\">https:\/\/crea-joves-abrera.sumupstore.com\/<\/a><\/p>\n","protected":false},"excerpt":{"rendered":"<p>Diumenge 22 de mar\u00e7 celebrem la Primera Cal\u00e7otada Popular d\u2019Abrera al Parc de Can Morral! Un dia ple de bon ambient, m\u00fasica, bon menjar i moltes ganes de gaudir en fam\u00edlia i amb amics. \ud83c\udf89 \ud83d\udcc5 Horaris de les activitats: 12:00 h \u2014 Concert de m\u00fasica pop amb DUO A LA CARTA \ud83c\udfb5 DUO A [&hellip;]<\/p>\n","protected":false},"author":1,"featured_media":1005,"template":"","meta":{"_tribe_events_status":"","_tribe_events_status_reason":"","footnotes":""},"tags":[],"tribe_events_cat":[10],"class_list":["post-1004","tribe_events","type-tribe_events","status-publish","has-post-thumbnail","hentry","tribe_events_cat-concierto","cat_concierto","post","post-with-thumbnail","post-with-thumbnail-large"],"yoast_head":"<!-- This site is optimized with the Yoast SEO plugin v27.5 - https:\/\/yoast.com\/product\/yoast-seo-wordpress\/ -->\n<title>Primera cal\u00e7otada popular d&#039;Abrera - Crear Compartir<\/title>\n<meta name=\"robots\" content=\"index, follow, max-snippet:-1, max-image-preview:large, max-video-preview:-1\" \/>\n<link rel=\"canonical\" href=\"https:\/\/crearcompartir.com\/wordpress\/agenda\/primera-calcotada-popular-dabrera\/\" \/>\n<meta property=\"og:locale\" content=\"es_ES\" \/>\n<meta property=\"og:type\" content=\"article\" \/>\n<meta property=\"og:title\" content=\"Primera cal\u00e7otada popular d&#039;Abrera - Crear Compartir\" \/>\n<meta property=\"og:description\" content=\"Diumenge 22 de mar\u00e7 celebrem la Primera Cal\u00e7otada Popular d\u2019Abrera al Parc de Can Morral! Un dia ple de bon ambient, m\u00fasica, bon menjar i moltes ganes de gaudir en fam\u00edlia i amb amics. \ud83c\udf89 \ud83d\udcc5 Horaris de les activitats: 12:00 h \u2014 Concert de m\u00fasica pop amb DUO A LA CARTA \ud83c\udfb5 DUO A [&hellip;]\" \/>\n<meta property=\"og:url\" content=\"https:\/\/crearcompartir.com\/wordpress\/agenda\/primera-calcotada-popular-dabrera\/\" \/>\n<meta property=\"og:site_name\" content=\"Crear Compartir\" \/>\n<meta property=\"article:publisher\" content=\"https:\/\/www.facebook.com\/profile.php?id=100093587113765\" \/>\n<meta property=\"article:modified_time\" content=\"2026-03-04T15:46:16+00:00\" \/>\n<meta property=\"og:image\" content=\"http:\/\/crearcompartir.com\/wordpress\/wp-content\/uploads\/2026\/03\/calcotada_200.jpg\" \/>\n\t<meta property=\"og:image:width\" content=\"200\" \/>\n\t<meta property=\"og:image:height\" content=\"283\" \/>\n\t<meta property=\"og:image:type\" content=\"image\/jpeg\" \/>\n<meta name=\"twitter:card\" content=\"summary_large_image\" \/>\n<meta name=\"twitter:site\" content=\"@crearcompartir\" \/>\n<meta name=\"twitter:label1\" content=\"Tiempo de lectura\" \/>\n\t<meta name=\"twitter:data1\" content=\"2 minutos\" \/>\n<script type=\"application\/ld+json\" class=\"yoast-schema-graph\">{\"@context\":\"https:\\\/\\\/schema.org\",\"@graph\":[{\"@type\":\"WebPage\",\"@id\":\"https:\\\/\\\/crearcompartir.com\\\/wordpress\\\/agenda\\\/primera-calcotada-popular-dabrera\\\/\",\"url\":\"https:\\\/\\\/crearcompartir.com\\\/wordpress\\\/agenda\\\/primera-calcotada-popular-dabrera\\\/\",\"name\":\"Primera cal\u00e7otada popular d'Abrera - Crear Compartir\",\"isPartOf\":{\"@id\":\"https:\\\/\\\/crearcompartir.com\\\/wordpress\\\/#website\"},\"primaryImageOfPage\":{\"@id\":\"https:\\\/\\\/crearcompartir.com\\\/wordpress\\\/agenda\\\/primera-calcotada-popular-dabrera\\\/#primaryimage\"},\"image\":{\"@id\":\"https:\\\/\\\/crearcompartir.com\\\/wordpress\\\/agenda\\\/primera-calcotada-popular-dabrera\\\/#primaryimage\"},\"thumbnailUrl\":\"https:\\\/\\\/crearcompartir.com\\\/wordpress\\\/wp-content\\\/uploads\\\/2026\\\/03\\\/calcotada_200.jpg\",\"datePublished\":\"2026-03-04T15:42:52+00:00\",\"dateModified\":\"2026-03-04T15:46:16+00:00\",\"breadcrumb\":{\"@id\":\"https:\\\/\\\/crearcompartir.com\\\/wordpress\\\/agenda\\\/primera-calcotada-popular-dabrera\\\/#breadcrumb\"},\"inLanguage\":\"es\",\"potentialAction\":[{\"@type\":\"ReadAction\",\"target\":[\"https:\\\/\\\/crearcompartir.com\\\/wordpress\\\/agenda\\\/primera-calcotada-popular-dabrera\\\/\"]}]},{\"@type\":\"ImageObject\",\"inLanguage\":\"es\",\"@id\":\"https:\\\/\\\/crearcompartir.com\\\/wordpress\\\/agenda\\\/primera-calcotada-popular-dabrera\\\/#primaryimage\",\"url\":\"https:\\\/\\\/crearcompartir.com\\\/wordpress\\\/wp-content\\\/uploads\\\/2026\\\/03\\\/calcotada_200.jpg\",\"contentUrl\":\"https:\\\/\\\/crearcompartir.com\\\/wordpress\\\/wp-content\\\/uploads\\\/2026\\\/03\\\/calcotada_200.jpg\",\"width\":200,\"height\":283},{\"@type\":\"BreadcrumbList\",\"@id\":\"https:\\\/\\\/crearcompartir.com\\\/wordpress\\\/agenda\\\/primera-calcotada-popular-dabrera\\\/#breadcrumb\",\"itemListElement\":[{\"@type\":\"ListItem\",\"position\":1,\"name\":\"Portada\",\"item\":\"https:\\\/\\\/crearcompartir.com\\\/wordpress\\\/\"},{\"@type\":\"ListItem\",\"position\":2,\"name\":\"Eventos\",\"item\":\"https:\\\/\\\/crearcompartir.com\\\/wordpress\\\/agenda\\\/\"},{\"@type\":\"ListItem\",\"position\":3,\"name\":\"Primera cal\u00e7otada popular d&#8217;Abrera\"}]},{\"@type\":\"WebSite\",\"@id\":\"https:\\\/\\\/crearcompartir.com\\\/wordpress\\\/#website\",\"url\":\"https:\\\/\\\/crearcompartir.com\\\/wordpress\\\/\",\"name\":\"Crear Compartir\",\"description\":\"Web oficial de la entidad sociocultural Crear Compartir\",\"publisher\":{\"@id\":\"https:\\\/\\\/crearcompartir.com\\\/wordpress\\\/#organization\"},\"potentialAction\":[{\"@type\":\"SearchAction\",\"target\":{\"@type\":\"EntryPoint\",\"urlTemplate\":\"https:\\\/\\\/crearcompartir.com\\\/wordpress\\\/?s={search_term_string}\"},\"query-input\":{\"@type\":\"PropertyValueSpecification\",\"valueRequired\":true,\"valueName\":\"search_term_string\"}}],\"inLanguage\":\"es\"},{\"@type\":\"Organization\",\"@id\":\"https:\\\/\\\/crearcompartir.com\\\/wordpress\\\/#organization\",\"name\":\"Asociaci\u00f3n Crear y Compartir\",\"url\":\"https:\\\/\\\/crearcompartir.com\\\/wordpress\\\/\",\"logo\":{\"@type\":\"ImageObject\",\"inLanguage\":\"es\",\"@id\":\"https:\\\/\\\/crearcompartir.com\\\/wordpress\\\/#\\\/schema\\\/logo\\\/image\\\/\",\"url\":\"https:\\\/\\\/crearcompartir.com\\\/wordpress\\\/wp-content\\\/uploads\\\/2023\\\/10\\\/logo_transparent-e1696433415887.png\",\"contentUrl\":\"https:\\\/\\\/crearcompartir.com\\\/wordpress\\\/wp-content\\\/uploads\\\/2023\\\/10\\\/logo_transparent-e1696433415887.png\",\"width\":199,\"height\":131,\"caption\":\"Asociaci\u00f3n Crear y Compartir\"},\"image\":{\"@id\":\"https:\\\/\\\/crearcompartir.com\\\/wordpress\\\/#\\\/schema\\\/logo\\\/image\\\/\"},\"sameAs\":[\"https:\\\/\\\/www.facebook.com\\\/profile.php?id=100093587113765\",\"https:\\\/\\\/x.com\\\/crearcompartir\",\"https:\\\/\\\/www.instagram.com\\\/crearcompartir\\\/\"]}]}<\/script>\n<!-- \/ Yoast SEO plugin. -->","yoast_head_json":{"title":"Primera cal\u00e7otada popular d'Abrera - Crear Compartir","robots":{"index":"index","follow":"follow","max-snippet":"max-snippet:-1","max-image-preview":"max-image-preview:large","max-video-preview":"max-video-preview:-1"},"canonical":"https:\/\/crearcompartir.com\/wordpress\/agenda\/primera-calcotada-popular-dabrera\/","og_locale":"es_ES","og_type":"article","og_title":"Primera cal\u00e7otada popular d'Abrera - Crear Compartir","og_description":"Diumenge 22 de mar\u00e7 celebrem la Primera Cal\u00e7otada Popular d\u2019Abrera al Parc de Can Morral! Un dia ple de bon ambient, m\u00fasica, bon menjar i moltes ganes de gaudir en fam\u00edlia i amb amics. \ud83c\udf89 \ud83d\udcc5 Horaris de les activitats: 12:00 h \u2014 Concert de m\u00fasica pop amb DUO A LA CARTA \ud83c\udfb5 DUO A [&hellip;]","og_url":"https:\/\/crearcompartir.com\/wordpress\/agenda\/primera-calcotada-popular-dabrera\/","og_site_name":"Crear Compartir","article_publisher":"https:\/\/www.facebook.com\/profile.php?id=100093587113765","article_modified_time":"2026-03-04T15:46:16+00:00","og_image":[{"width":200,"height":283,"url":"http:\/\/crearcompartir.com\/wordpress\/wp-content\/uploads\/2026\/03\/calcotada_200.jpg","type":"image\/jpeg"}],"twitter_card":"summary_large_image","twitter_site":"@crearcompartir","twitter_misc":{"Tiempo de lectura":"2 minutos"},"schema":{"@context":"https:\/\/schema.org","@graph":[{"@type":"WebPage","@id":"https:\/\/crearcompartir.com\/wordpress\/agenda\/primera-calcotada-popular-dabrera\/","url":"https:\/\/crearcompartir.com\/wordpress\/agenda\/primera-calcotada-popular-dabrera\/","name":"Primera cal\u00e7otada popular d'Abrera - Crear Compartir","isPartOf":{"@id":"https:\/\/crearcompartir.com\/wordpress\/#website"},"primaryImageOfPage":{"@id":"https:\/\/crearcompartir.com\/wordpress\/agenda\/primera-calcotada-popular-dabrera\/#primaryimage"},"image":{"@id":"https:\/\/crearcompartir.com\/wordpress\/agenda\/primera-calcotada-popular-dabrera\/#primaryimage"},"thumbnailUrl":"https:\/\/crearcompartir.com\/wordpress\/wp-content\/uploads\/2026\/03\/calcotada_200.jpg","datePublished":"2026-03-04T15:42:52+00:00","dateModified":"2026-03-04T15:46:16+00:00","breadcrumb":{"@id":"https:\/\/crearcompartir.com\/wordpress\/agenda\/primera-calcotada-popular-dabrera\/#breadcrumb"},"inLanguage":"es","potentialAction":[{"@type":"ReadAction","target":["https:\/\/crearcompartir.com\/wordpress\/agenda\/primera-calcotada-popular-dabrera\/"]}]},{"@type":"ImageObject","inLanguage":"es","@id":"https:\/\/crearcompartir.com\/wordpress\/agenda\/primera-calcotada-popular-dabrera\/#primaryimage","url":"https:\/\/crearcompartir.com\/wordpress\/wp-content\/uploads\/2026\/03\/calcotada_200.jpg","contentUrl":"https:\/\/crearcompartir.com\/wordpress\/wp-content\/uploads\/2026\/03\/calcotada_200.jpg","width":200,"height":283},{"@type":"BreadcrumbList","@id":"https:\/\/crearcompartir.com\/wordpress\/agenda\/primera-calcotada-popular-dabrera\/#breadcrumb","itemListElement":[{"@type":"ListItem","position":1,"name":"Portada","item":"https:\/\/crearcompartir.com\/wordpress\/"},{"@type":"ListItem","position":2,"name":"Eventos","item":"https:\/\/crearcompartir.com\/wordpress\/agenda\/"},{"@type":"ListItem","position":3,"name":"Primera cal\u00e7otada popular d&#8217;Abrera"}]},{"@type":"WebSite","@id":"https:\/\/crearcompartir.com\/wordpress\/#website","url":"https:\/\/crearcompartir.com\/wordpress\/","name":"Crear Compartir","description":"Web oficial de la entidad sociocultural Crear Compartir","publisher":{"@id":"https:\/\/crearcompartir.com\/wordpress\/#organization"},"potentialAction":[{"@type":"SearchAction","target":{"@type":"EntryPoint","urlTemplate":"https:\/\/crearcompartir.com\/wordpress\/?s={search_term_string}"},"query-input":{"@type":"PropertyValueSpecification","valueRequired":true,"valueName":"search_term_string"}}],"inLanguage":"es"},{"@type":"Organization","@id":"https:\/\/crearcompartir.com\/wordpress\/#organization","name":"Asociaci\u00f3n Crear y Compartir","url":"https:\/\/crearcompartir.com\/wordpress\/","logo":{"@type":"ImageObject","inLanguage":"es","@id":"https:\/\/crearcompartir.com\/wordpress\/#\/schema\/logo\/image\/","url":"https:\/\/crearcompartir.com\/wordpress\/wp-content\/uploads\/2023\/10\/logo_transparent-e1696433415887.png","contentUrl":"https:\/\/crearcompartir.com\/wordpress\/wp-content\/uploads\/2023\/10\/logo_transparent-e1696433415887.png","width":199,"height":131,"caption":"Asociaci\u00f3n Crear y Compartir"},"image":{"@id":"https:\/\/crearcompartir.com\/wordpress\/#\/schema\/logo\/image\/"},"sameAs":["https:\/\/www.facebook.com\/profile.php?id=100093587113765","https:\/\/x.com\/crearcompartir","https:\/\/www.instagram.com\/crearcompartir\/"]}]}},"jetpack_sharing_enabled":true,"_links":{"self":[{"href":"https:\/\/crearcompartir.com\/wordpress\/wp-json\/wp\/v2\/tribe_events\/1004","targetHints":{"allow":["GET"]}}],"collection":[{"href":"https:\/\/crearcompartir.com\/wordpress\/wp-json\/wp\/v2\/tribe_events"}],"about":[{"href":"https:\/\/crearcompartir.com\/wordpress\/wp-json\/wp\/v2\/types\/tribe_events"}],"author":[{"embeddable":true,"href":"https:\/\/crearcompartir.com\/wordpress\/wp-json\/wp\/v2\/users\/1"}],"version-history":[{"count":1,"href":"https:\/\/crearcompartir.com\/wordpress\/wp-json\/wp\/v2\/tribe_events\/1004\/revisions"}],"predecessor-version":[{"id":1006,"href":"https:\/\/crearcompartir.com\/wordpress\/wp-json\/wp\/v2\/tribe_events\/1004\/revisions\/1006"}],"wp:featuredmedia":[{"embeddable":true,"href":"https:\/\/crearcompartir.com\/wordpress\/wp-json\/wp\/v2\/media\/1005"}],"wp:attachment":[{"href":"https:\/\/crearcompartir.com\/wordpress\/wp-json\/wp\/v2\/media?parent=1004"}],"wp:term":[{"taxonomy":"post_tag","embeddable":true,"href":"https:\/\/crearcompartir.com\/wordpress\/wp-json\/wp\/v2\/tags?post=1004"},{"taxonomy":"tribe_events_cat","embeddable":true,"href":"https:\/\/crearcompartir.com\/wordpress\/wp-json\/wp\/v2\/tribe_events_cat?post=1004"}],"curies":[{"name":"wp","href":"https:\/\/api.w.org\/{rel}","templated":true}]}}