{"id":1133,"date":"2026-04-20T12:56:14","date_gmt":"2026-04-20T10:56:14","guid":{"rendered":"https:\/\/crearcompartir.com\/wordpress\/?post_type=tribe_events&#038;p=1133"},"modified":"2026-04-21T08:32:52","modified_gmt":"2026-04-21T06:32:52","slug":"tardeo-y-moda-con-aura-nueva-coleccion-primavera-verano","status":"publish","type":"tribe_events","link":"https:\/\/crearcompartir.com\/wordpress\/agenda\/tardeo-y-moda-con-aura-nueva-coleccion-primavera-verano\/","title":{"rendered":"TARDEO y MODA con Aura &#8211; Nueva colecci\u00f3n primavera-verano"},"content":{"rendered":"<p class=\"cvGsUA direction-ltr align-center para-style-title\"><span class=\"OYPEnA font-feature-liga-off font-feature-clig-off font-feature-calt-off text-decoration-none text-strikethrough-none\"><strong>El s\u00e1bado 9 de mayo a las 18.30h<\/strong> en ENCUENTRO os presentamos una nueva sesi\u00f3n de <strong>TARDEO y MODA<\/strong> con <strong>AURA Moda\u00b7Esencia<\/strong>.<\/span><\/p>\n<p class=\"cvGsUA direction-ltr align-center para-style-title\"><span class=\"OYPEnA font-feature-liga-off font-feature-clig-off font-feature-calt-off text-decoration-none text-strikethrough-none\">Pressentamos <\/span><span class=\"OYPEnA font-feature-liga-off font-feature-clig-off font-feature-calt-off text-decoration-none text-strikethrough-none\">la nueva colecci\u00f3n Primavera-Verano de AURA.<\/span><\/p>\n<p class=\"cvGsUA direction-ltr align-center para-style-title\"><span class=\"OYPEnA font-feature-liga-off font-feature-clig-off font-feature-calt-off text-decoration-none text-strikethrough-none\">Con m\u00fasica, ruleta de regalos y muchas sorpresas.<\/span><\/p>\n<p class=\"cvGsUA direction-ltr align-center para-style-title\"><span class=\"OYPEnA font-feature-liga-off font-feature-clig-off font-feature-calt-off text-decoration-none text-strikethrough-none\">Que nadie te lo cuente, \u00a1DISFR\u00daTALO!<\/span><\/p>\n<p class=\"cvGsUA direction-ltr align-center para-style-title\"><span class=\"OYPEnA font-feature-liga-off font-feature-clig-off font-feature-calt-off text-decoration-none text-strikethrough-none\">SERVICIO DE BAR<\/span><\/p>\n<p><strong>ENTRADA LIBRE<\/strong><\/p>\n","protected":false},"excerpt":{"rendered":"<p>El s\u00e1bado 9 de mayo a las 18.30h en ENCUENTRO os presentamos una nueva sesi\u00f3n de TARDEO y MODA con AURA Moda\u00b7Esencia. Pressentamos la nueva colecci\u00f3n Primavera-Verano de AURA. Con m\u00fasica, ruleta de regalos y muchas sorpresas. Que nadie te lo cuente, \u00a1DISFR\u00daTALO! SERVICIO DE BAR ENTRADA LIBRE<\/p>\n","protected":false},"author":1,"featured_media":1134,"template":"","meta":{"_tribe_events_status":"","_tribe_events_status_reason":"","footnotes":""},"tags":[],"tribe_events_cat":[23],"class_list":["post-1133","tribe_events","type-tribe_events","status-publish","has-post-thumbnail","hentry","tribe_events_cat-moda","cat_moda","post","post-with-thumbnail","post-with-thumbnail-large"],"yoast_head":"<!-- This site is optimized with the Yoast SEO plugin v27.5 - https:\/\/yoast.com\/product\/yoast-seo-wordpress\/ -->\n<title>TARDEO y MODA con Aura - Nueva colecci\u00f3n primavera-verano - Crear Compartir<\/title>\n<meta name=\"robots\" content=\"index, follow, max-snippet:-1, max-image-preview:large, max-video-preview:-1\" \/>\n<link rel=\"canonical\" href=\"https:\/\/crearcompartir.com\/wordpress\/agenda\/tardeo-y-moda-con-aura-nueva-coleccion-primavera-verano\/\" \/>\n<meta property=\"og:locale\" content=\"es_ES\" \/>\n<meta property=\"og:type\" content=\"article\" \/>\n<meta property=\"og:title\" content=\"TARDEO y MODA con Aura - Nueva colecci\u00f3n primavera-verano - Crear Compartir\" \/>\n<meta property=\"og:description\" content=\"El s\u00e1bado 9 de mayo a las 18.30h en ENCUENTRO os presentamos una nueva sesi\u00f3n de TARDEO y MODA con AURA Moda\u00b7Esencia. Pressentamos la nueva colecci\u00f3n Primavera-Verano de AURA. Con m\u00fasica, ruleta de regalos y muchas sorpresas. Que nadie te lo cuente, \u00a1DISFR\u00daTALO! SERVICIO DE BAR ENTRADA LIBRE\" \/>\n<meta property=\"og:url\" content=\"https:\/\/crearcompartir.com\/wordpress\/agenda\/tardeo-y-moda-con-aura-nueva-coleccion-primavera-verano\/\" \/>\n<meta property=\"og:site_name\" content=\"Crear Compartir\" \/>\n<meta property=\"article:publisher\" content=\"https:\/\/www.facebook.com\/profile.php?id=100093587113765\" \/>\n<meta property=\"article:modified_time\" content=\"2026-04-21T06:32:52+00:00\" \/>\n<meta property=\"og:image\" content=\"http:\/\/crearcompartir.com\/wordpress\/wp-content\/uploads\/2026\/04\/TardeoAura_200.jpg\" \/>\n\t<meta property=\"og:image:width\" content=\"200\" \/>\n\t<meta property=\"og:image:height\" content=\"283\" \/>\n\t<meta property=\"og:image:type\" content=\"image\/jpeg\" \/>\n<meta name=\"twitter:card\" content=\"summary_large_image\" \/>\n<meta name=\"twitter:site\" content=\"@crearcompartir\" \/>\n<meta name=\"twitter:label1\" content=\"Tiempo de lectura\" \/>\n\t<meta name=\"twitter:data1\" content=\"1 minuto\" \/>\n<script type=\"application\/ld+json\" class=\"yoast-schema-graph\">{\"@context\":\"https:\\\/\\\/schema.org\",\"@graph\":[{\"@type\":\"WebPage\",\"@id\":\"https:\\\/\\\/crearcompartir.com\\\/wordpress\\\/agenda\\\/tardeo-y-moda-con-aura-nueva-coleccion-primavera-verano\\\/\",\"url\":\"https:\\\/\\\/crearcompartir.com\\\/wordpress\\\/agenda\\\/tardeo-y-moda-con-aura-nueva-coleccion-primavera-verano\\\/\",\"name\":\"TARDEO y MODA con Aura - Nueva colecci\u00f3n primavera-verano - Crear Compartir\",\"isPartOf\":{\"@id\":\"https:\\\/\\\/crearcompartir.com\\\/wordpress\\\/#website\"},\"primaryImageOfPage\":{\"@id\":\"https:\\\/\\\/crearcompartir.com\\\/wordpress\\\/agenda\\\/tardeo-y-moda-con-aura-nueva-coleccion-primavera-verano\\\/#primaryimage\"},\"image\":{\"@id\":\"https:\\\/\\\/crearcompartir.com\\\/wordpress\\\/agenda\\\/tardeo-y-moda-con-aura-nueva-coleccion-primavera-verano\\\/#primaryimage\"},\"thumbnailUrl\":\"https:\\\/\\\/crearcompartir.com\\\/wordpress\\\/wp-content\\\/uploads\\\/2026\\\/04\\\/TardeoAura_200.jpg\",\"datePublished\":\"2026-04-20T10:56:14+00:00\",\"dateModified\":\"2026-04-21T06:32:52+00:00\",\"breadcrumb\":{\"@id\":\"https:\\\/\\\/crearcompartir.com\\\/wordpress\\\/agenda\\\/tardeo-y-moda-con-aura-nueva-coleccion-primavera-verano\\\/#breadcrumb\"},\"inLanguage\":\"es\",\"potentialAction\":[{\"@type\":\"ReadAction\",\"target\":[\"https:\\\/\\\/crearcompartir.com\\\/wordpress\\\/agenda\\\/tardeo-y-moda-con-aura-nueva-coleccion-primavera-verano\\\/\"]}]},{\"@type\":\"ImageObject\",\"inLanguage\":\"es\",\"@id\":\"https:\\\/\\\/crearcompartir.com\\\/wordpress\\\/agenda\\\/tardeo-y-moda-con-aura-nueva-coleccion-primavera-verano\\\/#primaryimage\",\"url\":\"https:\\\/\\\/crearcompartir.com\\\/wordpress\\\/wp-content\\\/uploads\\\/2026\\\/04\\\/TardeoAura_200.jpg\",\"contentUrl\":\"https:\\\/\\\/crearcompartir.com\\\/wordpress\\\/wp-content\\\/uploads\\\/2026\\\/04\\\/TardeoAura_200.jpg\",\"width\":200,\"height\":283},{\"@type\":\"BreadcrumbList\",\"@id\":\"https:\\\/\\\/crearcompartir.com\\\/wordpress\\\/agenda\\\/tardeo-y-moda-con-aura-nueva-coleccion-primavera-verano\\\/#breadcrumb\",\"itemListElement\":[{\"@type\":\"ListItem\",\"position\":1,\"name\":\"Portada\",\"item\":\"https:\\\/\\\/crearcompartir.com\\\/wordpress\\\/\"},{\"@type\":\"ListItem\",\"position\":2,\"name\":\"Eventos\",\"item\":\"https:\\\/\\\/crearcompartir.com\\\/wordpress\\\/agenda\\\/\"},{\"@type\":\"ListItem\",\"position\":3,\"name\":\"TARDEO y MODA con Aura &#8211; Nueva colecci\u00f3n primavera-verano\"}]},{\"@type\":\"WebSite\",\"@id\":\"https:\\\/\\\/crearcompartir.com\\\/wordpress\\\/#website\",\"url\":\"https:\\\/\\\/crearcompartir.com\\\/wordpress\\\/\",\"name\":\"Crear Compartir\",\"description\":\"Web oficial de la entidad sociocultural Crear Compartir\",\"publisher\":{\"@id\":\"https:\\\/\\\/crearcompartir.com\\\/wordpress\\\/#organization\"},\"potentialAction\":[{\"@type\":\"SearchAction\",\"target\":{\"@type\":\"EntryPoint\",\"urlTemplate\":\"https:\\\/\\\/crearcompartir.com\\\/wordpress\\\/?s={search_term_string}\"},\"query-input\":{\"@type\":\"PropertyValueSpecification\",\"valueRequired\":true,\"valueName\":\"search_term_string\"}}],\"inLanguage\":\"es\"},{\"@type\":\"Organization\",\"@id\":\"https:\\\/\\\/crearcompartir.com\\\/wordpress\\\/#organization\",\"name\":\"Asociaci\u00f3n Crear y Compartir\",\"url\":\"https:\\\/\\\/crearcompartir.com\\\/wordpress\\\/\",\"logo\":{\"@type\":\"ImageObject\",\"inLanguage\":\"es\",\"@id\":\"https:\\\/\\\/crearcompartir.com\\\/wordpress\\\/#\\\/schema\\\/logo\\\/image\\\/\",\"url\":\"https:\\\/\\\/crearcompartir.com\\\/wordpress\\\/wp-content\\\/uploads\\\/2023\\\/10\\\/logo_transparent-e1696433415887.png\",\"contentUrl\":\"https:\\\/\\\/crearcompartir.com\\\/wordpress\\\/wp-content\\\/uploads\\\/2023\\\/10\\\/logo_transparent-e1696433415887.png\",\"width\":199,\"height\":131,\"caption\":\"Asociaci\u00f3n Crear y Compartir\"},\"image\":{\"@id\":\"https:\\\/\\\/crearcompartir.com\\\/wordpress\\\/#\\\/schema\\\/logo\\\/image\\\/\"},\"sameAs\":[\"https:\\\/\\\/www.facebook.com\\\/profile.php?id=100093587113765\",\"https:\\\/\\\/x.com\\\/crearcompartir\",\"https:\\\/\\\/www.instagram.com\\\/crearcompartir\\\/\"]}]}<\/script>\n<!-- \/ Yoast SEO plugin. -->","yoast_head_json":{"title":"TARDEO y MODA con Aura - Nueva colecci\u00f3n primavera-verano - Crear Compartir","robots":{"index":"index","follow":"follow","max-snippet":"max-snippet:-1","max-image-preview":"max-image-preview:large","max-video-preview":"max-video-preview:-1"},"canonical":"https:\/\/crearcompartir.com\/wordpress\/agenda\/tardeo-y-moda-con-aura-nueva-coleccion-primavera-verano\/","og_locale":"es_ES","og_type":"article","og_title":"TARDEO y MODA con Aura - Nueva colecci\u00f3n primavera-verano - Crear Compartir","og_description":"El s\u00e1bado 9 de mayo a las 18.30h en ENCUENTRO os presentamos una nueva sesi\u00f3n de TARDEO y MODA con AURA Moda\u00b7Esencia. Pressentamos la nueva colecci\u00f3n Primavera-Verano de AURA. Con m\u00fasica, ruleta de regalos y muchas sorpresas. Que nadie te lo cuente, \u00a1DISFR\u00daTALO! SERVICIO DE BAR ENTRADA LIBRE","og_url":"https:\/\/crearcompartir.com\/wordpress\/agenda\/tardeo-y-moda-con-aura-nueva-coleccion-primavera-verano\/","og_site_name":"Crear Compartir","article_publisher":"https:\/\/www.facebook.com\/profile.php?id=100093587113765","article_modified_time":"2026-04-21T06:32:52+00:00","og_image":[{"width":200,"height":283,"url":"http:\/\/crearcompartir.com\/wordpress\/wp-content\/uploads\/2026\/04\/TardeoAura_200.jpg","type":"image\/jpeg"}],"twitter_card":"summary_large_image","twitter_site":"@crearcompartir","twitter_misc":{"Tiempo de lectura":"1 minuto"},"schema":{"@context":"https:\/\/schema.org","@graph":[{"@type":"WebPage","@id":"https:\/\/crearcompartir.com\/wordpress\/agenda\/tardeo-y-moda-con-aura-nueva-coleccion-primavera-verano\/","url":"https:\/\/crearcompartir.com\/wordpress\/agenda\/tardeo-y-moda-con-aura-nueva-coleccion-primavera-verano\/","name":"TARDEO y MODA con Aura - Nueva colecci\u00f3n primavera-verano - Crear Compartir","isPartOf":{"@id":"https:\/\/crearcompartir.com\/wordpress\/#website"},"primaryImageOfPage":{"@id":"https:\/\/crearcompartir.com\/wordpress\/agenda\/tardeo-y-moda-con-aura-nueva-coleccion-primavera-verano\/#primaryimage"},"image":{"@id":"https:\/\/crearcompartir.com\/wordpress\/agenda\/tardeo-y-moda-con-aura-nueva-coleccion-primavera-verano\/#primaryimage"},"thumbnailUrl":"https:\/\/crearcompartir.com\/wordpress\/wp-content\/uploads\/2026\/04\/TardeoAura_200.jpg","datePublished":"2026-04-20T10:56:14+00:00","dateModified":"2026-04-21T06:32:52+00:00","breadcrumb":{"@id":"https:\/\/crearcompartir.com\/wordpress\/agenda\/tardeo-y-moda-con-aura-nueva-coleccion-primavera-verano\/#breadcrumb"},"inLanguage":"es","potentialAction":[{"@type":"ReadAction","target":["https:\/\/crearcompartir.com\/wordpress\/agenda\/tardeo-y-moda-con-aura-nueva-coleccion-primavera-verano\/"]}]},{"@type":"ImageObject","inLanguage":"es","@id":"https:\/\/crearcompartir.com\/wordpress\/agenda\/tardeo-y-moda-con-aura-nueva-coleccion-primavera-verano\/#primaryimage","url":"https:\/\/crearcompartir.com\/wordpress\/wp-content\/uploads\/2026\/04\/TardeoAura_200.jpg","contentUrl":"https:\/\/crearcompartir.com\/wordpress\/wp-content\/uploads\/2026\/04\/TardeoAura_200.jpg","width":200,"height":283},{"@type":"BreadcrumbList","@id":"https:\/\/crearcompartir.com\/wordpress\/agenda\/tardeo-y-moda-con-aura-nueva-coleccion-primavera-verano\/#breadcrumb","itemListElement":[{"@type":"ListItem","position":1,"name":"Portada","item":"https:\/\/crearcompartir.com\/wordpress\/"},{"@type":"ListItem","position":2,"name":"Eventos","item":"https:\/\/crearcompartir.com\/wordpress\/agenda\/"},{"@type":"ListItem","position":3,"name":"TARDEO y MODA con Aura &#8211; Nueva colecci\u00f3n primavera-verano"}]},{"@type":"WebSite","@id":"https:\/\/crearcompartir.com\/wordpress\/#website","url":"https:\/\/crearcompartir.com\/wordpress\/","name":"Crear Compartir","description":"Web oficial de la entidad sociocultural Crear Compartir","publisher":{"@id":"https:\/\/crearcompartir.com\/wordpress\/#organization"},"potentialAction":[{"@type":"SearchAction","target":{"@type":"EntryPoint","urlTemplate":"https:\/\/crearcompartir.com\/wordpress\/?s={search_term_string}"},"query-input":{"@type":"PropertyValueSpecification","valueRequired":true,"valueName":"search_term_string"}}],"inLanguage":"es"},{"@type":"Organization","@id":"https:\/\/crearcompartir.com\/wordpress\/#organization","name":"Asociaci\u00f3n Crear y Compartir","url":"https:\/\/crearcompartir.com\/wordpress\/","logo":{"@type":"ImageObject","inLanguage":"es","@id":"https:\/\/crearcompartir.com\/wordpress\/#\/schema\/logo\/image\/","url":"https:\/\/crearcompartir.com\/wordpress\/wp-content\/uploads\/2023\/10\/logo_transparent-e1696433415887.png","contentUrl":"https:\/\/crearcompartir.com\/wordpress\/wp-content\/uploads\/2023\/10\/logo_transparent-e1696433415887.png","width":199,"height":131,"caption":"Asociaci\u00f3n Crear y Compartir"},"image":{"@id":"https:\/\/crearcompartir.com\/wordpress\/#\/schema\/logo\/image\/"},"sameAs":["https:\/\/www.facebook.com\/profile.php?id=100093587113765","https:\/\/x.com\/crearcompartir","https:\/\/www.instagram.com\/crearcompartir\/"]}]}},"jetpack_sharing_enabled":true,"_links":{"self":[{"href":"https:\/\/crearcompartir.com\/wordpress\/wp-json\/wp\/v2\/tribe_events\/1133","targetHints":{"allow":["GET"]}}],"collection":[{"href":"https:\/\/crearcompartir.com\/wordpress\/wp-json\/wp\/v2\/tribe_events"}],"about":[{"href":"https:\/\/crearcompartir.com\/wordpress\/wp-json\/wp\/v2\/types\/tribe_events"}],"author":[{"embeddable":true,"href":"https:\/\/crearcompartir.com\/wordpress\/wp-json\/wp\/v2\/users\/1"}],"version-history":[{"count":2,"href":"https:\/\/crearcompartir.com\/wordpress\/wp-json\/wp\/v2\/tribe_events\/1133\/revisions"}],"predecessor-version":[{"id":1136,"href":"https:\/\/crearcompartir.com\/wordpress\/wp-json\/wp\/v2\/tribe_events\/1133\/revisions\/1136"}],"wp:featuredmedia":[{"embeddable":true,"href":"https:\/\/crearcompartir.com\/wordpress\/wp-json\/wp\/v2\/media\/1134"}],"wp:attachment":[{"href":"https:\/\/crearcompartir.com\/wordpress\/wp-json\/wp\/v2\/media?parent=1133"}],"wp:term":[{"taxonomy":"post_tag","embeddable":true,"href":"https:\/\/crearcompartir.com\/wordpress\/wp-json\/wp\/v2\/tags?post=1133"},{"taxonomy":"tribe_events_cat","embeddable":true,"href":"https:\/\/crearcompartir.com\/wordpress\/wp-json\/wp\/v2\/tribe_events_cat?post=1133"}],"curies":[{"name":"wp","href":"https:\/\/api.w.org\/{rel}","templated":true}]}}