{"id":1161,"date":"2026-08-28T08:41:27","date_gmt":"2026-08-28T06:41:27","guid":{"rendered":"https:\/\/crearcompartir.com\/wordpress\/?post_type=tribe_events&#038;p=1161"},"modified":"2026-08-28T08:41:27","modified_gmt":"2026-08-28T06:41:27","slug":"tardeo-viaje-musical-por-el-pop-rock-con-miris-way","status":"publish","type":"tribe_events","link":"https:\/\/crearcompartir.com\/wordpress\/agenda\/tardeo-viaje-musical-por-el-pop-rock-con-miris-way\/","title":{"rendered":"TARDEO &#8211; Viaje musical por el pop-rock con Miri&#8217;s Way"},"content":{"rendered":"<p><strong>El 6 de noviembre de 2026 inauguramos la 4\u00aa temporada de la Sala ENCUENTRO<\/strong> con un viaje musical por el pop-rock con <strong>Miri&#8217;s Way.<\/strong><\/p>\n<p>Ven a disfrutar de la fiesta que nos har\u00e1 bailar y cantar los grandes \u00e9xitos de la historia del pop-rock, desde los a\u00f1os 60 hasta la actualidad.<\/p>\n<p>Olvida lo predecible. Este no es el t\u00edpico show ac\u00fastico. Es un viaje sonoro donde cada canci\u00f3n te conecta de verdad. Desde los cl\u00e1sicos que marcaron generaciones hasta los hits m\u00e1s actuales, todo en versiones ac\u00fasticas que suenan crudas, potentes y llenas de emoci\u00f3n. Sin filtros. Sin pistas. Solo m\u00fasica honesta, directo al alma. El p\u00fablico vibra, canta y forma parte del show.<\/p>\n<p>Un show ac\u00fastico que no suena a pasado, suena al presente.<\/p>\n<p>Entradas:<strong>10\u20ac con consumici\u00f3n incluida <\/strong>en <a href=\"https:\/\/entradium.com\/events\/tardeo-viaje-musical-por-el-pop-rock-con-miri-s-way\" target=\"_blank\" rel=\"noopener\">https:\/\/entradium.com\/events\/tardeo-viaje-musical-por-el-pop-rock-con-miri-s-way<\/a><\/p>\n","protected":false},"excerpt":{"rendered":"<p>El 6 de noviembre de 2026 inauguramos la 4\u00aa temporada de la Sala ENCUENTRO con un viaje musical por el pop-rock con Miri&#8217;s Way. Ven a disfrutar de la fiesta que nos har\u00e1 bailar y cantar los grandes \u00e9xitos de la historia del pop-rock, desde los a\u00f1os 60 hasta la actualidad. Olvida lo predecible. Este [&hellip;]<\/p>\n","protected":false},"author":1,"featured_media":1162,"template":"","meta":{"_tribe_events_status":"","_tribe_events_status_reason":"","footnotes":""},"tags":[],"tribe_events_cat":[10],"class_list":["post-1161","tribe_events","type-tribe_events","status-publish","has-post-thumbnail","hentry","tribe_events_cat-concierto","cat_concierto","post","post-with-thumbnail","post-with-thumbnail-large"],"yoast_head":"<!-- This site is optimized with the Yoast SEO plugin v28.4 - https:\/\/yoast.com\/product\/yoast-seo-wordpress\/ -->\n<title>TARDEO - Viaje musical por el pop-rock con Miri&#039;s Way - Crear Compartir<\/title>\n<meta name=\"robots\" content=\"index, follow, max-snippet:-1, max-image-preview:large, max-video-preview:-1\" \/>\n<link rel=\"canonical\" href=\"https:\/\/crearcompartir.com\/wordpress\/agenda\/tardeo-viaje-musical-por-el-pop-rock-con-miris-way\/\" \/>\n<meta property=\"og:locale\" content=\"es_ES\" \/>\n<meta property=\"og:type\" content=\"article\" \/>\n<meta property=\"og:title\" content=\"TARDEO - Viaje musical por el pop-rock con Miri&#039;s Way - Crear Compartir\" \/>\n<meta property=\"og:description\" content=\"El 6 de noviembre de 2026 inauguramos la 4\u00aa temporada de la Sala ENCUENTRO con un viaje musical por el pop-rock con Miri&#8217;s Way. Ven a disfrutar de la fiesta que nos har\u00e1 bailar y cantar los grandes \u00e9xitos de la historia del pop-rock, desde los a\u00f1os 60 hasta la actualidad. Olvida lo predecible. Este [&hellip;]\" \/>\n<meta property=\"og:url\" content=\"https:\/\/crearcompartir.com\/wordpress\/agenda\/tardeo-viaje-musical-por-el-pop-rock-con-miris-way\/\" \/>\n<meta property=\"og:site_name\" content=\"Crear Compartir\" \/>\n<meta property=\"article:publisher\" content=\"https:\/\/www.facebook.com\/profile.php?id=100093587113765\" \/>\n<meta property=\"og:image\" content=\"http:\/\/crearcompartir.com\/wordpress\/wp-content\/uploads\/2026\/08\/Tardeo_200.png\" \/>\n\t<meta property=\"og:image:width\" content=\"200\" \/>\n\t<meta property=\"og:image:height\" content=\"283\" \/>\n\t<meta property=\"og:image:type\" content=\"image\/png\" \/>\n<meta name=\"twitter:card\" content=\"summary_large_image\" \/>\n<meta name=\"twitter:site\" content=\"@crearcompartir\" \/>\n<meta name=\"twitter:label1\" content=\"Tiempo de lectura\" \/>\n\t<meta name=\"twitter:data1\" content=\"1 minuto\" \/>\n<script type=\"application\/ld+json\" class=\"yoast-schema-graph\">{\"@context\":\"https:\\\/\\\/schema.org\",\"@graph\":[{\"@type\":\"WebPage\",\"@id\":\"https:\\\/\\\/crearcompartir.com\\\/wordpress\\\/agenda\\\/tardeo-viaje-musical-por-el-pop-rock-con-miris-way\\\/\",\"url\":\"https:\\\/\\\/crearcompartir.com\\\/wordpress\\\/agenda\\\/tardeo-viaje-musical-por-el-pop-rock-con-miris-way\\\/\",\"name\":\"TARDEO - Viaje musical por el pop-rock con Miri's Way - Crear Compartir\",\"isPartOf\":{\"@id\":\"https:\\\/\\\/crearcompartir.com\\\/wordpress\\\/#website\"},\"primaryImageOfPage\":{\"@id\":\"https:\\\/\\\/crearcompartir.com\\\/wordpress\\\/agenda\\\/tardeo-viaje-musical-por-el-pop-rock-con-miris-way\\\/#primaryimage\"},\"image\":{\"@id\":\"https:\\\/\\\/crearcompartir.com\\\/wordpress\\\/agenda\\\/tardeo-viaje-musical-por-el-pop-rock-con-miris-way\\\/#primaryimage\"},\"thumbnailUrl\":\"https:\\\/\\\/crearcompartir.com\\\/wordpress\\\/wp-content\\\/uploads\\\/2026\\\/08\\\/Tardeo_200.png\",\"datePublished\":\"2026-08-28T06:41:27+00:00\",\"breadcrumb\":{\"@id\":\"https:\\\/\\\/crearcompartir.com\\\/wordpress\\\/agenda\\\/tardeo-viaje-musical-por-el-pop-rock-con-miris-way\\\/#breadcrumb\"},\"inLanguage\":\"es\",\"potentialAction\":[{\"@type\":\"ReadAction\",\"target\":[\"https:\\\/\\\/crearcompartir.com\\\/wordpress\\\/agenda\\\/tardeo-viaje-musical-por-el-pop-rock-con-miris-way\\\/\"]}]},{\"@type\":\"ImageObject\",\"inLanguage\":\"es\",\"@id\":\"https:\\\/\\\/crearcompartir.com\\\/wordpress\\\/agenda\\\/tardeo-viaje-musical-por-el-pop-rock-con-miris-way\\\/#primaryimage\",\"url\":\"https:\\\/\\\/crearcompartir.com\\\/wordpress\\\/wp-content\\\/uploads\\\/2026\\\/08\\\/Tardeo_200.png\",\"contentUrl\":\"https:\\\/\\\/crearcompartir.com\\\/wordpress\\\/wp-content\\\/uploads\\\/2026\\\/08\\\/Tardeo_200.png\",\"width\":200,\"height\":283},{\"@type\":\"BreadcrumbList\",\"@id\":\"https:\\\/\\\/crearcompartir.com\\\/wordpress\\\/agenda\\\/tardeo-viaje-musical-por-el-pop-rock-con-miris-way\\\/#breadcrumb\",\"itemListElement\":[{\"@type\":\"ListItem\",\"position\":1,\"name\":\"Portada\",\"item\":\"https:\\\/\\\/crearcompartir.com\\\/wordpress\\\/\"},{\"@type\":\"ListItem\",\"position\":2,\"name\":\"Eventos\",\"item\":\"https:\\\/\\\/crearcompartir.com\\\/wordpress\\\/agenda\\\/\"},{\"@type\":\"ListItem\",\"position\":3,\"name\":\"TARDEO &#8211; Viaje musical por el pop-rock con Miri&#8217;s Way\"}]},{\"@type\":\"WebSite\",\"@id\":\"https:\\\/\\\/crearcompartir.com\\\/wordpress\\\/#website\",\"url\":\"https:\\\/\\\/crearcompartir.com\\\/wordpress\\\/\",\"name\":\"Crear Compartir\",\"description\":\"Web oficial de la entidad sociocultural Crear Compartir\",\"publisher\":{\"@id\":\"https:\\\/\\\/crearcompartir.com\\\/wordpress\\\/#organization\"},\"potentialAction\":[{\"@type\":\"SearchAction\",\"target\":{\"@type\":\"EntryPoint\",\"urlTemplate\":\"https:\\\/\\\/crearcompartir.com\\\/wordpress\\\/?s={search_term_string}\"},\"query-input\":{\"@type\":\"PropertyValueSpecification\",\"valueRequired\":true,\"valueName\":\"search_term_string\"}}],\"inLanguage\":\"es\"},{\"@type\":\"Organization\",\"@id\":\"https:\\\/\\\/crearcompartir.com\\\/wordpress\\\/#organization\",\"name\":\"Asociaci\u00f3n Crear y Compartir\",\"url\":\"https:\\\/\\\/crearcompartir.com\\\/wordpress\\\/\",\"logo\":{\"@type\":\"ImageObject\",\"inLanguage\":\"es\",\"@id\":\"https:\\\/\\\/crearcompartir.com\\\/wordpress\\\/#\\\/schema\\\/logo\\\/image\\\/\",\"url\":\"https:\\\/\\\/crearcompartir.com\\\/wordpress\\\/wp-content\\\/uploads\\\/2023\\\/10\\\/logo_transparent-e1696433415887.png\",\"contentUrl\":\"https:\\\/\\\/crearcompartir.com\\\/wordpress\\\/wp-content\\\/uploads\\\/2023\\\/10\\\/logo_transparent-e1696433415887.png\",\"width\":199,\"height\":131,\"caption\":\"Asociaci\u00f3n Crear y Compartir\"},\"image\":{\"@id\":\"https:\\\/\\\/crearcompartir.com\\\/wordpress\\\/#\\\/schema\\\/logo\\\/image\\\/\"},\"sameAs\":[\"https:\\\/\\\/www.facebook.com\\\/profile.php?id=100093587113765\",\"https:\\\/\\\/x.com\\\/crearcompartir\",\"https:\\\/\\\/www.instagram.com\\\/crearcompartir\\\/\"]}]}<\/script>\n<!-- \/ Yoast SEO plugin. -->","yoast_head_json":{"title":"TARDEO - Viaje musical por el pop-rock con Miri's Way - Crear Compartir","robots":{"index":"index","follow":"follow","max-snippet":"max-snippet:-1","max-image-preview":"max-image-preview:large","max-video-preview":"max-video-preview:-1"},"canonical":"https:\/\/crearcompartir.com\/wordpress\/agenda\/tardeo-viaje-musical-por-el-pop-rock-con-miris-way\/","og_locale":"es_ES","og_type":"article","og_title":"TARDEO - Viaje musical por el pop-rock con Miri's Way - Crear Compartir","og_description":"El 6 de noviembre de 2026 inauguramos la 4\u00aa temporada de la Sala ENCUENTRO con un viaje musical por el pop-rock con Miri&#8217;s Way. Ven a disfrutar de la fiesta que nos har\u00e1 bailar y cantar los grandes \u00e9xitos de la historia del pop-rock, desde los a\u00f1os 60 hasta la actualidad. Olvida lo predecible. Este [&hellip;]","og_url":"https:\/\/crearcompartir.com\/wordpress\/agenda\/tardeo-viaje-musical-por-el-pop-rock-con-miris-way\/","og_site_name":"Crear Compartir","article_publisher":"https:\/\/www.facebook.com\/profile.php?id=100093587113765","og_image":[{"width":200,"height":283,"url":"http:\/\/crearcompartir.com\/wordpress\/wp-content\/uploads\/2026\/08\/Tardeo_200.png","type":"image\/png"}],"twitter_card":"summary_large_image","twitter_site":"@crearcompartir","twitter_misc":{"Tiempo de lectura":"1 minuto"},"schema":{"@context":"https:\/\/schema.org","@graph":[{"@type":"WebPage","@id":"https:\/\/crearcompartir.com\/wordpress\/agenda\/tardeo-viaje-musical-por-el-pop-rock-con-miris-way\/","url":"https:\/\/crearcompartir.com\/wordpress\/agenda\/tardeo-viaje-musical-por-el-pop-rock-con-miris-way\/","name":"TARDEO - Viaje musical por el pop-rock con Miri's Way - Crear Compartir","isPartOf":{"@id":"https:\/\/crearcompartir.com\/wordpress\/#website"},"primaryImageOfPage":{"@id":"https:\/\/crearcompartir.com\/wordpress\/agenda\/tardeo-viaje-musical-por-el-pop-rock-con-miris-way\/#primaryimage"},"image":{"@id":"https:\/\/crearcompartir.com\/wordpress\/agenda\/tardeo-viaje-musical-por-el-pop-rock-con-miris-way\/#primaryimage"},"thumbnailUrl":"https:\/\/crearcompartir.com\/wordpress\/wp-content\/uploads\/2026\/08\/Tardeo_200.png","datePublished":"2026-08-28T06:41:27+00:00","breadcrumb":{"@id":"https:\/\/crearcompartir.com\/wordpress\/agenda\/tardeo-viaje-musical-por-el-pop-rock-con-miris-way\/#breadcrumb"},"inLanguage":"es","potentialAction":[{"@type":"ReadAction","target":["https:\/\/crearcompartir.com\/wordpress\/agenda\/tardeo-viaje-musical-por-el-pop-rock-con-miris-way\/"]}]},{"@type":"ImageObject","inLanguage":"es","@id":"https:\/\/crearcompartir.com\/wordpress\/agenda\/tardeo-viaje-musical-por-el-pop-rock-con-miris-way\/#primaryimage","url":"https:\/\/crearcompartir.com\/wordpress\/wp-content\/uploads\/2026\/08\/Tardeo_200.png","contentUrl":"https:\/\/crearcompartir.com\/wordpress\/wp-content\/uploads\/2026\/08\/Tardeo_200.png","width":200,"height":283},{"@type":"BreadcrumbList","@id":"https:\/\/crearcompartir.com\/wordpress\/agenda\/tardeo-viaje-musical-por-el-pop-rock-con-miris-way\/#breadcrumb","itemListElement":[{"@type":"ListItem","position":1,"name":"Portada","item":"https:\/\/crearcompartir.com\/wordpress\/"},{"@type":"ListItem","position":2,"name":"Eventos","item":"https:\/\/crearcompartir.com\/wordpress\/agenda\/"},{"@type":"ListItem","position":3,"name":"TARDEO &#8211; Viaje musical por el pop-rock con Miri&#8217;s Way"}]},{"@type":"WebSite","@id":"https:\/\/crearcompartir.com\/wordpress\/#website","url":"https:\/\/crearcompartir.com\/wordpress\/","name":"Crear Compartir","description":"Web oficial de la entidad sociocultural Crear Compartir","publisher":{"@id":"https:\/\/crearcompartir.com\/wordpress\/#organization"},"potentialAction":[{"@type":"SearchAction","target":{"@type":"EntryPoint","urlTemplate":"https:\/\/crearcompartir.com\/wordpress\/?s={search_term_string}"},"query-input":{"@type":"PropertyValueSpecification","valueRequired":true,"valueName":"search_term_string"}}],"inLanguage":"es"},{"@type":"Organization","@id":"https:\/\/crearcompartir.com\/wordpress\/#organization","name":"Asociaci\u00f3n Crear y Compartir","url":"https:\/\/crearcompartir.com\/wordpress\/","logo":{"@type":"ImageObject","inLanguage":"es","@id":"https:\/\/crearcompartir.com\/wordpress\/#\/schema\/logo\/image\/","url":"https:\/\/crearcompartir.com\/wordpress\/wp-content\/uploads\/2023\/10\/logo_transparent-e1696433415887.png","contentUrl":"https:\/\/crearcompartir.com\/wordpress\/wp-content\/uploads\/2023\/10\/logo_transparent-e1696433415887.png","width":199,"height":131,"caption":"Asociaci\u00f3n Crear y Compartir"},"image":{"@id":"https:\/\/crearcompartir.com\/wordpress\/#\/schema\/logo\/image\/"},"sameAs":["https:\/\/www.facebook.com\/profile.php?id=100093587113765","https:\/\/x.com\/crearcompartir","https:\/\/www.instagram.com\/crearcompartir\/"]}]}},"jetpack_sharing_enabled":true,"_links":{"self":[{"href":"https:\/\/crearcompartir.com\/wordpress\/wp-json\/wp\/v2\/tribe_events\/1161","targetHints":{"allow":["GET"]}}],"collection":[{"href":"https:\/\/crearcompartir.com\/wordpress\/wp-json\/wp\/v2\/tribe_events"}],"about":[{"href":"https:\/\/crearcompartir.com\/wordpress\/wp-json\/wp\/v2\/types\/tribe_events"}],"author":[{"embeddable":true,"href":"https:\/\/crearcompartir.com\/wordpress\/wp-json\/wp\/v2\/users\/1"}],"version-history":[{"count":1,"href":"https:\/\/crearcompartir.com\/wordpress\/wp-json\/wp\/v2\/tribe_events\/1161\/revisions"}],"predecessor-version":[{"id":1163,"href":"https:\/\/crearcompartir.com\/wordpress\/wp-json\/wp\/v2\/tribe_events\/1161\/revisions\/1163"}],"wp:featuredmedia":[{"embeddable":true,"href":"https:\/\/crearcompartir.com\/wordpress\/wp-json\/wp\/v2\/media\/1162"}],"wp:attachment":[{"href":"https:\/\/crearcompartir.com\/wordpress\/wp-json\/wp\/v2\/media?parent=1161"}],"wp:term":[{"taxonomy":"post_tag","embeddable":true,"href":"https:\/\/crearcompartir.com\/wordpress\/wp-json\/wp\/v2\/tags?post=1161"},{"taxonomy":"tribe_events_cat","embeddable":true,"href":"https:\/\/crearcompartir.com\/wordpress\/wp-json\/wp\/v2\/tribe_events_cat?post=1161"}],"curies":[{"name":"wp","href":"https:\/\/api.w.org\/{rel}","templated":true}]}}