{"id":531,"date":"2024-03-06T10:04:52","date_gmt":"2024-03-06T08:04:52","guid":{"rendered":"https:\/\/crearcompartir.com\/wordpress\/?post_type=tribe_events&#038;p=531"},"modified":"2024-03-06T10:04:52","modified_gmt":"2024-03-06T08:04:52","slug":"vermut-comedia-con-edu-mutante-y-guillem-estadella","status":"publish","type":"tribe_events","link":"https:\/\/crearcompartir.com\/wordpress\/agenda\/vermut-comedia-con-edu-mutante-y-guillem-estadella\/","title":{"rendered":"Vermut comedia con Edu Mutante y Guillem Estadella"},"content":{"rendered":"<p>Os proponemos un Vermut de domingo de risas con los mon\u00f3logos de Edu Mutante y Guillem Estadella en ENCUENTRO (Abrera).<\/p>\n<p><b>Edu Mutante<\/b> es colaborador en VERSI\u00d3 RAC1 y RADIO MARCA. Con 22 a\u00f1os de carretera art\u00edstica, es conocido por sus mon\u00f3logos con imitaciones es un todoterreno del humor y es uno de los c\u00f3micos m\u00e1s solicitados del circuito nacional de comedia. Sus espect\u00e1culos est\u00e1n muy inspirados en la actualidad y a no ser que tengas una cita de Tinder, yo no me lo perder\u00eda!!!! O mejor a\u00fan! Si tienes esa cita, venid junt@s a ver este mon\u00f3logo para empezar con buen pie!<\/p>\n<p><b>Guillem Estadella<\/b> empez\u00f3 en el mundo de la comunicaci\u00f3n con 15 a\u00f1os en Radio Cunit, la radio de su pueblo. All\u00ed descubri\u00f3 que su pasi\u00f3n era comunicar y hacer re\u00edr a la vez. Actualmente trabaja en RAC1 y colabora en diferentes programas como el &#8216;Versi\u00f3 RAC1&#8217; y &#8216;El Bar\u00e7a juga a RAC1&#8217;. Tambi\u00e9n hace un podcast en RAC+1: \u2018Estadella Mixel\u00edn\u2019.<\/p>\n<p>Ha trabajado tambi\u00e9n como animador de p\u00fablico de televisi\u00f3n en programas como &#8216;Tab\u00fas&#8217;, \u2018Est\u00e0 Passant\u2019, &#8216;Ahora Caigo&#8217; y \u2018El Foraster\u2019 del que tambi\u00e9n ha sido guionista. Por eso sus mon\u00f3logos son una locura y provocan risas sin parar. Reumiendo: garant\u00eda de \u00e9xito!!!<\/p>\n<p>Entrada: 12\u20ac (una consumici\u00f3n incluida)<\/p>\n<p>Entradas a la venta en <a href=\"https:\/\/entradium.com\/events\/vermut-comedia-con-edu-mutante-y-guillem-estadella\" target=\"_blank\" rel=\"noopener\">https:\/\/entradium.com\/events\/vermut-comedia-con-edu-mutante-y-guillem-estadella<\/a><\/p>\n","protected":false},"excerpt":{"rendered":"<p>Os proponemos un Vermut de domingo de risas con los mon\u00f3logos de Edu Mutante y Guillem Estadella en ENCUENTRO (Abrera). Edu Mutante es colaborador en VERSI\u00d3 RAC1 y RADIO MARCA. Con 22 a\u00f1os de carretera art\u00edstica, es conocido por sus mon\u00f3logos con imitaciones es un todoterreno del humor y es uno de los c\u00f3micos m\u00e1s [&hellip;]<\/p>\n","protected":false},"author":1,"featured_media":532,"template":"","meta":{"_tribe_events_status":"","_tribe_events_status_reason":"","footnotes":""},"tags":[],"tribe_events_cat":[20,19,18],"class_list":["post-531","tribe_events","type-tribe_events","status-publish","has-post-thumbnail","hentry","tribe_events_cat-humor","tribe_events_cat-monologos","tribe_events_cat-teatro","cat_humor","cat_monologos","cat_teatro","post","post-with-thumbnail","post-with-thumbnail-large"],"yoast_head":"<!-- This site is optimized with the Yoast SEO plugin v27.5 - https:\/\/yoast.com\/product\/yoast-seo-wordpress\/ -->\n<title>Vermut comedia con Edu Mutante y Guillem Estadella - Crear Compartir<\/title>\n<meta name=\"description\" content=\"Entrada sobre el Vermut comedia con mon\u00f3logos de Edu Mutante y Guillem Estadella, en Encuentro el 21 de abril de 2024.\" \/>\n<meta name=\"robots\" content=\"index, follow, max-snippet:-1, max-image-preview:large, max-video-preview:-1\" \/>\n<link rel=\"canonical\" href=\"https:\/\/crearcompartir.com\/wordpress\/agenda\/vermut-comedia-con-edu-mutante-y-guillem-estadella\/\" \/>\n<meta property=\"og:locale\" content=\"es_ES\" \/>\n<meta property=\"og:type\" content=\"article\" \/>\n<meta property=\"og:title\" content=\"Vermut comedia con Edu Mutante y Guillem Estadella - Crear Compartir\" \/>\n<meta property=\"og:description\" content=\"Entrada sobre el Vermut comedia con mon\u00f3logos de Edu Mutante y Guillem Estadella, en Encuentro el 21 de abril de 2024.\" \/>\n<meta property=\"og:url\" content=\"https:\/\/crearcompartir.com\/wordpress\/agenda\/vermut-comedia-con-edu-mutante-y-guillem-estadella\/\" \/>\n<meta property=\"og:site_name\" content=\"Crear Compartir\" \/>\n<meta property=\"article:publisher\" content=\"https:\/\/www.facebook.com\/profile.php?id=100093587113765\" \/>\n<meta property=\"og:image\" content=\"http:\/\/crearcompartir.com\/wordpress\/wp-content\/uploads\/2024\/03\/Vermut-Edu_web.jpg\" \/>\n\t<meta property=\"og:image:width\" content=\"200\" \/>\n\t<meta property=\"og:image:height\" content=\"283\" \/>\n\t<meta property=\"og:image:type\" content=\"image\/jpeg\" \/>\n<meta name=\"twitter:card\" content=\"summary_large_image\" \/>\n<meta name=\"twitter:site\" content=\"@crearcompartir\" \/>\n<meta name=\"twitter:label1\" content=\"Tiempo de lectura\" \/>\n\t<meta name=\"twitter:data1\" content=\"2 minutos\" \/>\n<script type=\"application\/ld+json\" class=\"yoast-schema-graph\">{\"@context\":\"https:\\\/\\\/schema.org\",\"@graph\":[{\"@type\":\"WebPage\",\"@id\":\"https:\\\/\\\/crearcompartir.com\\\/wordpress\\\/agenda\\\/vermut-comedia-con-edu-mutante-y-guillem-estadella\\\/\",\"url\":\"https:\\\/\\\/crearcompartir.com\\\/wordpress\\\/agenda\\\/vermut-comedia-con-edu-mutante-y-guillem-estadella\\\/\",\"name\":\"Vermut comedia con Edu Mutante y Guillem Estadella - Crear Compartir\",\"isPartOf\":{\"@id\":\"https:\\\/\\\/crearcompartir.com\\\/wordpress\\\/#website\"},\"primaryImageOfPage\":{\"@id\":\"https:\\\/\\\/crearcompartir.com\\\/wordpress\\\/agenda\\\/vermut-comedia-con-edu-mutante-y-guillem-estadella\\\/#primaryimage\"},\"image\":{\"@id\":\"https:\\\/\\\/crearcompartir.com\\\/wordpress\\\/agenda\\\/vermut-comedia-con-edu-mutante-y-guillem-estadella\\\/#primaryimage\"},\"thumbnailUrl\":\"https:\\\/\\\/crearcompartir.com\\\/wordpress\\\/wp-content\\\/uploads\\\/2024\\\/03\\\/Vermut-Edu_web.jpg\",\"datePublished\":\"2024-03-06T08:04:52+00:00\",\"description\":\"Entrada sobre el Vermut comedia con mon\u00f3logos de Edu Mutante y Guillem Estadella, en Encuentro el 21 de abril de 2024.\",\"breadcrumb\":{\"@id\":\"https:\\\/\\\/crearcompartir.com\\\/wordpress\\\/agenda\\\/vermut-comedia-con-edu-mutante-y-guillem-estadella\\\/#breadcrumb\"},\"inLanguage\":\"es\",\"potentialAction\":[{\"@type\":\"ReadAction\",\"target\":[\"https:\\\/\\\/crearcompartir.com\\\/wordpress\\\/agenda\\\/vermut-comedia-con-edu-mutante-y-guillem-estadella\\\/\"]}]},{\"@type\":\"ImageObject\",\"inLanguage\":\"es\",\"@id\":\"https:\\\/\\\/crearcompartir.com\\\/wordpress\\\/agenda\\\/vermut-comedia-con-edu-mutante-y-guillem-estadella\\\/#primaryimage\",\"url\":\"https:\\\/\\\/crearcompartir.com\\\/wordpress\\\/wp-content\\\/uploads\\\/2024\\\/03\\\/Vermut-Edu_web.jpg\",\"contentUrl\":\"https:\\\/\\\/crearcompartir.com\\\/wordpress\\\/wp-content\\\/uploads\\\/2024\\\/03\\\/Vermut-Edu_web.jpg\",\"width\":200,\"height\":283},{\"@type\":\"BreadcrumbList\",\"@id\":\"https:\\\/\\\/crearcompartir.com\\\/wordpress\\\/agenda\\\/vermut-comedia-con-edu-mutante-y-guillem-estadella\\\/#breadcrumb\",\"itemListElement\":[{\"@type\":\"ListItem\",\"position\":1,\"name\":\"Portada\",\"item\":\"https:\\\/\\\/crearcompartir.com\\\/wordpress\\\/\"},{\"@type\":\"ListItem\",\"position\":2,\"name\":\"Eventos\",\"item\":\"https:\\\/\\\/crearcompartir.com\\\/wordpress\\\/agenda\\\/\"},{\"@type\":\"ListItem\",\"position\":3,\"name\":\"Vermut comedia con Edu Mutante y Guillem Estadella\"}]},{\"@type\":\"WebSite\",\"@id\":\"https:\\\/\\\/crearcompartir.com\\\/wordpress\\\/#website\",\"url\":\"https:\\\/\\\/crearcompartir.com\\\/wordpress\\\/\",\"name\":\"Crear Compartir\",\"description\":\"Web oficial de la entidad sociocultural Crear Compartir\",\"publisher\":{\"@id\":\"https:\\\/\\\/crearcompartir.com\\\/wordpress\\\/#organization\"},\"potentialAction\":[{\"@type\":\"SearchAction\",\"target\":{\"@type\":\"EntryPoint\",\"urlTemplate\":\"https:\\\/\\\/crearcompartir.com\\\/wordpress\\\/?s={search_term_string}\"},\"query-input\":{\"@type\":\"PropertyValueSpecification\",\"valueRequired\":true,\"valueName\":\"search_term_string\"}}],\"inLanguage\":\"es\"},{\"@type\":\"Organization\",\"@id\":\"https:\\\/\\\/crearcompartir.com\\\/wordpress\\\/#organization\",\"name\":\"Asociaci\u00f3n Crear y Compartir\",\"url\":\"https:\\\/\\\/crearcompartir.com\\\/wordpress\\\/\",\"logo\":{\"@type\":\"ImageObject\",\"inLanguage\":\"es\",\"@id\":\"https:\\\/\\\/crearcompartir.com\\\/wordpress\\\/#\\\/schema\\\/logo\\\/image\\\/\",\"url\":\"https:\\\/\\\/crearcompartir.com\\\/wordpress\\\/wp-content\\\/uploads\\\/2023\\\/10\\\/logo_transparent-e1696433415887.png\",\"contentUrl\":\"https:\\\/\\\/crearcompartir.com\\\/wordpress\\\/wp-content\\\/uploads\\\/2023\\\/10\\\/logo_transparent-e1696433415887.png\",\"width\":199,\"height\":131,\"caption\":\"Asociaci\u00f3n Crear y Compartir\"},\"image\":{\"@id\":\"https:\\\/\\\/crearcompartir.com\\\/wordpress\\\/#\\\/schema\\\/logo\\\/image\\\/\"},\"sameAs\":[\"https:\\\/\\\/www.facebook.com\\\/profile.php?id=100093587113765\",\"https:\\\/\\\/x.com\\\/crearcompartir\",\"https:\\\/\\\/www.instagram.com\\\/crearcompartir\\\/\"]}]}<\/script>\n<!-- \/ Yoast SEO plugin. -->","yoast_head_json":{"title":"Vermut comedia con Edu Mutante y Guillem Estadella - Crear Compartir","description":"Entrada sobre el Vermut comedia con mon\u00f3logos de Edu Mutante y Guillem Estadella, en Encuentro el 21 de abril de 2024.","robots":{"index":"index","follow":"follow","max-snippet":"max-snippet:-1","max-image-preview":"max-image-preview:large","max-video-preview":"max-video-preview:-1"},"canonical":"https:\/\/crearcompartir.com\/wordpress\/agenda\/vermut-comedia-con-edu-mutante-y-guillem-estadella\/","og_locale":"es_ES","og_type":"article","og_title":"Vermut comedia con Edu Mutante y Guillem Estadella - Crear Compartir","og_description":"Entrada sobre el Vermut comedia con mon\u00f3logos de Edu Mutante y Guillem Estadella, en Encuentro el 21 de abril de 2024.","og_url":"https:\/\/crearcompartir.com\/wordpress\/agenda\/vermut-comedia-con-edu-mutante-y-guillem-estadella\/","og_site_name":"Crear Compartir","article_publisher":"https:\/\/www.facebook.com\/profile.php?id=100093587113765","og_image":[{"width":200,"height":283,"url":"http:\/\/crearcompartir.com\/wordpress\/wp-content\/uploads\/2024\/03\/Vermut-Edu_web.jpg","type":"image\/jpeg"}],"twitter_card":"summary_large_image","twitter_site":"@crearcompartir","twitter_misc":{"Tiempo de lectura":"2 minutos"},"schema":{"@context":"https:\/\/schema.org","@graph":[{"@type":"WebPage","@id":"https:\/\/crearcompartir.com\/wordpress\/agenda\/vermut-comedia-con-edu-mutante-y-guillem-estadella\/","url":"https:\/\/crearcompartir.com\/wordpress\/agenda\/vermut-comedia-con-edu-mutante-y-guillem-estadella\/","name":"Vermut comedia con Edu Mutante y Guillem Estadella - Crear Compartir","isPartOf":{"@id":"https:\/\/crearcompartir.com\/wordpress\/#website"},"primaryImageOfPage":{"@id":"https:\/\/crearcompartir.com\/wordpress\/agenda\/vermut-comedia-con-edu-mutante-y-guillem-estadella\/#primaryimage"},"image":{"@id":"https:\/\/crearcompartir.com\/wordpress\/agenda\/vermut-comedia-con-edu-mutante-y-guillem-estadella\/#primaryimage"},"thumbnailUrl":"https:\/\/crearcompartir.com\/wordpress\/wp-content\/uploads\/2024\/03\/Vermut-Edu_web.jpg","datePublished":"2024-03-06T08:04:52+00:00","description":"Entrada sobre el Vermut comedia con mon\u00f3logos de Edu Mutante y Guillem Estadella, en Encuentro el 21 de abril de 2024.","breadcrumb":{"@id":"https:\/\/crearcompartir.com\/wordpress\/agenda\/vermut-comedia-con-edu-mutante-y-guillem-estadella\/#breadcrumb"},"inLanguage":"es","potentialAction":[{"@type":"ReadAction","target":["https:\/\/crearcompartir.com\/wordpress\/agenda\/vermut-comedia-con-edu-mutante-y-guillem-estadella\/"]}]},{"@type":"ImageObject","inLanguage":"es","@id":"https:\/\/crearcompartir.com\/wordpress\/agenda\/vermut-comedia-con-edu-mutante-y-guillem-estadella\/#primaryimage","url":"https:\/\/crearcompartir.com\/wordpress\/wp-content\/uploads\/2024\/03\/Vermut-Edu_web.jpg","contentUrl":"https:\/\/crearcompartir.com\/wordpress\/wp-content\/uploads\/2024\/03\/Vermut-Edu_web.jpg","width":200,"height":283},{"@type":"BreadcrumbList","@id":"https:\/\/crearcompartir.com\/wordpress\/agenda\/vermut-comedia-con-edu-mutante-y-guillem-estadella\/#breadcrumb","itemListElement":[{"@type":"ListItem","position":1,"name":"Portada","item":"https:\/\/crearcompartir.com\/wordpress\/"},{"@type":"ListItem","position":2,"name":"Eventos","item":"https:\/\/crearcompartir.com\/wordpress\/agenda\/"},{"@type":"ListItem","position":3,"name":"Vermut comedia con Edu Mutante y Guillem Estadella"}]},{"@type":"WebSite","@id":"https:\/\/crearcompartir.com\/wordpress\/#website","url":"https:\/\/crearcompartir.com\/wordpress\/","name":"Crear Compartir","description":"Web oficial de la entidad sociocultural Crear Compartir","publisher":{"@id":"https:\/\/crearcompartir.com\/wordpress\/#organization"},"potentialAction":[{"@type":"SearchAction","target":{"@type":"EntryPoint","urlTemplate":"https:\/\/crearcompartir.com\/wordpress\/?s={search_term_string}"},"query-input":{"@type":"PropertyValueSpecification","valueRequired":true,"valueName":"search_term_string"}}],"inLanguage":"es"},{"@type":"Organization","@id":"https:\/\/crearcompartir.com\/wordpress\/#organization","name":"Asociaci\u00f3n Crear y Compartir","url":"https:\/\/crearcompartir.com\/wordpress\/","logo":{"@type":"ImageObject","inLanguage":"es","@id":"https:\/\/crearcompartir.com\/wordpress\/#\/schema\/logo\/image\/","url":"https:\/\/crearcompartir.com\/wordpress\/wp-content\/uploads\/2023\/10\/logo_transparent-e1696433415887.png","contentUrl":"https:\/\/crearcompartir.com\/wordpress\/wp-content\/uploads\/2023\/10\/logo_transparent-e1696433415887.png","width":199,"height":131,"caption":"Asociaci\u00f3n Crear y Compartir"},"image":{"@id":"https:\/\/crearcompartir.com\/wordpress\/#\/schema\/logo\/image\/"},"sameAs":["https:\/\/www.facebook.com\/profile.php?id=100093587113765","https:\/\/x.com\/crearcompartir","https:\/\/www.instagram.com\/crearcompartir\/"]}]}},"jetpack_sharing_enabled":true,"_links":{"self":[{"href":"https:\/\/crearcompartir.com\/wordpress\/wp-json\/wp\/v2\/tribe_events\/531","targetHints":{"allow":["GET"]}}],"collection":[{"href":"https:\/\/crearcompartir.com\/wordpress\/wp-json\/wp\/v2\/tribe_events"}],"about":[{"href":"https:\/\/crearcompartir.com\/wordpress\/wp-json\/wp\/v2\/types\/tribe_events"}],"author":[{"embeddable":true,"href":"https:\/\/crearcompartir.com\/wordpress\/wp-json\/wp\/v2\/users\/1"}],"version-history":[{"count":1,"href":"https:\/\/crearcompartir.com\/wordpress\/wp-json\/wp\/v2\/tribe_events\/531\/revisions"}],"predecessor-version":[{"id":533,"href":"https:\/\/crearcompartir.com\/wordpress\/wp-json\/wp\/v2\/tribe_events\/531\/revisions\/533"}],"wp:featuredmedia":[{"embeddable":true,"href":"https:\/\/crearcompartir.com\/wordpress\/wp-json\/wp\/v2\/media\/532"}],"wp:attachment":[{"href":"https:\/\/crearcompartir.com\/wordpress\/wp-json\/wp\/v2\/media?parent=531"}],"wp:term":[{"taxonomy":"post_tag","embeddable":true,"href":"https:\/\/crearcompartir.com\/wordpress\/wp-json\/wp\/v2\/tags?post=531"},{"taxonomy":"tribe_events_cat","embeddable":true,"href":"https:\/\/crearcompartir.com\/wordpress\/wp-json\/wp\/v2\/tribe_events_cat?post=531"}],"curies":[{"name":"wp","href":"https:\/\/api.w.org\/{rel}","templated":true}]}}