{"id":544,"date":"2024-03-11T18:45:37","date_gmt":"2024-03-11T16:45:37","guid":{"rendered":"https:\/\/crearcompartir.com\/wordpress\/?post_type=tribe_events&#038;p=544"},"modified":"2024-03-11T18:45:37","modified_gmt":"2024-03-11T16:45:37","slug":"originals-gerard-sese","status":"publish","type":"tribe_events","link":"https:\/\/crearcompartir.com\/wordpress\/agenda\/originals-gerard-sese\/","title":{"rendered":"ORIGINALS &#8211; Gerard Ses\u00e9"},"content":{"rendered":"<p><b>Gerard Ses\u00e9<\/b> tanca la programaci\u00f3 d&#8217;<b>ORIGINALS, II Cicle de Compositors Catalans de Teatre Musical.<\/b><\/p>\n<p>Llicenciat en Ci\u00e8ncies Pol\u00edtiques (UAB) y teatreterapeuta (Postgrau a ISEP).<\/p>\n<p>M\u00fasic, productor, compositor, arranjador, int\u00e8rpret, lletrista, cantant, humorista, presentador, actor i xouman.<\/p>\n<p>Cocreador de la productora teatral Generaci\u00f3 de Merda.<\/p>\n<p>T\u00e9 publicats 5 CDs com a cantautor i 4 com a compositor de musicals.<\/p>\n<p>El 2022 va publicar el seu primer llibre, &#8216;De la resist\u00e8ncia a la independ\u00e8ncia: El Consell de la Rep\u00fablica des de dins&#8217; (Edicions Ca\u0140ligraf).<\/p>\n<p>Anys de traject\u00f2ria a la premsa digital, la r\u00e0dio i la televisi\u00f3.<\/p>\n<p>Ha rebut el Premi Carles Sabater a la segona millor can\u00e7\u00f3 en catal\u00e0 de l&#8217;any per \u201cSento\u201d (2006); i ha obtingut: dues nominacions als premis Teatre Musical (Millor Partitura i Millor Musical de petit format) per EL POLIAMOR \u00c9S AIX\u00cd (DE COMPLICAT) (2023); i una nominaci\u00f3 al Butaca a Millor Composici\u00f3 Musical per EL POLIAMOR \u00c9S AIX\u00cd (DE COMPLICAT) (2023).<b><br \/>\n<\/b><\/p>\n<p><b>Els concerts del cicle ORIGINALS<\/b> consten d&#8217;un <b>repertori integrat totalment per can\u00e7ons escrites per cadascun dels compositors<\/b>, interpretades per diferents int\u00e8rprets professionals del <b>teatre musical<\/b>. Cada compositor t\u00e9 total llibertat per preparar el seu programa i per triar els int\u00e8rprets del seu concert, creant aix\u00ed un recital \u00fanic e irrepetible, en el qual es podran escoltar tant temes in\u00e8dits, com temes que ja han format part d&#8217;algun espectacle.<\/p>\n<p>Catalunya \u00e9s bressol de molts professionals creadors de teatre musical que sovint no tenen la plataforma necess\u00e0ria per promoure les seves obres ni per posar en peu els seus espectacles. \u00c9s per aquest motiu que Crear i Compartir vol donar veu a aquests m\u00fasics, per tal que puguin mostrar el treball que han realitzat en els darrers anys, molt del qual no ha pogut sortir encara a la llum.<\/p>\n<p><strong>ENTRADA ANTICIPADA: 10\u20ac<\/strong> a trav\u00e8s de <a href=\"https:\/\/entradium.com\/events\/originals-gerard-sese\" target=\"_blank\" rel=\"noopener\">https:\/\/entradium.com\/events\/originals-gerard-sese<\/a><\/p>\n<p><strong>ENTRADA EL MATEIX DIA DEL CONCERT A TAQUILLA: 12\u20ac<\/strong><\/p>\n<p><em>La primera edici\u00f3 del cicle ORIGINALS va ser impulsada per Marisol Gonz\u00e1lez, Mariona Castillo i l&#8217;entitat nunArt i va tenir lloc el 2018 a nunArt Guinard\u00f3, espai de conviv\u00e8ncia art\u00edstica on cada setmana hi tenen lloc entrenaments, resid\u00e8ncies i mostres de treballs en proc\u00e9s. El 2018 el cicle va comptar amb els concerts de sis compositors que, anys despr\u00e9s, han consolidat la seva carrera art\u00edstica: Alicia Serrat, Dani Campos, Andreu Gallen, Miquel Tejada, Ferran Gonz\u00e1lez i Marc Sambola.<\/em><\/p>\n","protected":false},"excerpt":{"rendered":"<p>Gerard Ses\u00e9 tanca la programaci\u00f3 d&#8217;ORIGINALS, II Cicle de Compositors Catalans de Teatre Musical. Llicenciat en Ci\u00e8ncies Pol\u00edtiques (UAB) y teatreterapeuta (Postgrau a ISEP). M\u00fasic, productor, compositor, arranjador, int\u00e8rpret, lletrista, cantant, humorista, presentador, actor i xouman. Cocreador de la productora teatral Generaci\u00f3 de Merda. T\u00e9 publicats 5 CDs com a cantautor i 4 com a [&hellip;]<\/p>\n","protected":false},"author":1,"featured_media":545,"template":"","meta":{"_tribe_events_status":"","_tribe_events_status_reason":"","footnotes":""},"tags":[],"tribe_events_cat":[10,11],"class_list":["post-544","tribe_events","type-tribe_events","status-publish","has-post-thumbnail","hentry","tribe_events_cat-concierto","tribe_events_cat-teatro-musical","cat_concierto","cat_teatro-musical","post","post-with-thumbnail","post-with-thumbnail-large"],"yoast_head":"<!-- This site is optimized with the Yoast SEO plugin v27.5 - https:\/\/yoast.com\/product\/yoast-seo-wordpress\/ -->\n<title>ORIGINALS - Gerard Ses\u00e9 - Crear Compartir<\/title>\n<meta name=\"description\" content=\"Art\u00edculo sobre el concierto de Gerard Ses\u00e9 dentro del ciclo ORIGINALS, II Cicle de Compositors Catalans de Teatre Musical.\" \/>\n<meta name=\"robots\" content=\"index, follow, max-snippet:-1, max-image-preview:large, max-video-preview:-1\" \/>\n<link rel=\"canonical\" href=\"https:\/\/crearcompartir.com\/wordpress\/agenda\/originals-gerard-sese\/\" \/>\n<meta property=\"og:locale\" content=\"es_ES\" \/>\n<meta property=\"og:type\" content=\"article\" \/>\n<meta property=\"og:title\" content=\"ORIGINALS - Gerard Ses\u00e9 - Crear Compartir\" \/>\n<meta property=\"og:description\" content=\"Art\u00edculo sobre el concierto de Gerard Ses\u00e9 dentro del ciclo ORIGINALS, II Cicle de Compositors Catalans de Teatre Musical.\" \/>\n<meta property=\"og:url\" content=\"https:\/\/crearcompartir.com\/wordpress\/agenda\/originals-gerard-sese\/\" \/>\n<meta property=\"og:site_name\" content=\"Crear Compartir\" \/>\n<meta property=\"article:publisher\" content=\"https:\/\/www.facebook.com\/profile.php?id=100093587113765\" \/>\n<meta property=\"og:image\" content=\"http:\/\/crearcompartir.com\/wordpress\/wp-content\/uploads\/2024\/03\/OriginalsGerard.jpg\" \/>\n\t<meta property=\"og:image:width\" content=\"200\" \/>\n\t<meta property=\"og:image:height\" content=\"283\" \/>\n\t<meta property=\"og:image:type\" content=\"image\/jpeg\" \/>\n<meta name=\"twitter:card\" content=\"summary_large_image\" \/>\n<meta name=\"twitter:site\" content=\"@crearcompartir\" \/>\n<meta name=\"twitter:label1\" content=\"Tiempo de lectura\" \/>\n\t<meta name=\"twitter:data1\" content=\"2 minutos\" \/>\n<script type=\"application\/ld+json\" class=\"yoast-schema-graph\">{\"@context\":\"https:\\\/\\\/schema.org\",\"@graph\":[{\"@type\":\"WebPage\",\"@id\":\"https:\\\/\\\/crearcompartir.com\\\/wordpress\\\/agenda\\\/originals-gerard-sese\\\/\",\"url\":\"https:\\\/\\\/crearcompartir.com\\\/wordpress\\\/agenda\\\/originals-gerard-sese\\\/\",\"name\":\"ORIGINALS - Gerard Ses\u00e9 - Crear Compartir\",\"isPartOf\":{\"@id\":\"https:\\\/\\\/crearcompartir.com\\\/wordpress\\\/#website\"},\"primaryImageOfPage\":{\"@id\":\"https:\\\/\\\/crearcompartir.com\\\/wordpress\\\/agenda\\\/originals-gerard-sese\\\/#primaryimage\"},\"image\":{\"@id\":\"https:\\\/\\\/crearcompartir.com\\\/wordpress\\\/agenda\\\/originals-gerard-sese\\\/#primaryimage\"},\"thumbnailUrl\":\"https:\\\/\\\/crearcompartir.com\\\/wordpress\\\/wp-content\\\/uploads\\\/2024\\\/03\\\/OriginalsGerard.jpg\",\"datePublished\":\"2024-03-11T16:45:37+00:00\",\"description\":\"Art\u00edculo sobre el concierto de Gerard Ses\u00e9 dentro del ciclo ORIGINALS, II Cicle de Compositors Catalans de Teatre Musical.\",\"breadcrumb\":{\"@id\":\"https:\\\/\\\/crearcompartir.com\\\/wordpress\\\/agenda\\\/originals-gerard-sese\\\/#breadcrumb\"},\"inLanguage\":\"es\",\"potentialAction\":[{\"@type\":\"ReadAction\",\"target\":[\"https:\\\/\\\/crearcompartir.com\\\/wordpress\\\/agenda\\\/originals-gerard-sese\\\/\"]}]},{\"@type\":\"ImageObject\",\"inLanguage\":\"es\",\"@id\":\"https:\\\/\\\/crearcompartir.com\\\/wordpress\\\/agenda\\\/originals-gerard-sese\\\/#primaryimage\",\"url\":\"https:\\\/\\\/crearcompartir.com\\\/wordpress\\\/wp-content\\\/uploads\\\/2024\\\/03\\\/OriginalsGerard.jpg\",\"contentUrl\":\"https:\\\/\\\/crearcompartir.com\\\/wordpress\\\/wp-content\\\/uploads\\\/2024\\\/03\\\/OriginalsGerard.jpg\",\"width\":200,\"height\":283},{\"@type\":\"BreadcrumbList\",\"@id\":\"https:\\\/\\\/crearcompartir.com\\\/wordpress\\\/agenda\\\/originals-gerard-sese\\\/#breadcrumb\",\"itemListElement\":[{\"@type\":\"ListItem\",\"position\":1,\"name\":\"Portada\",\"item\":\"https:\\\/\\\/crearcompartir.com\\\/wordpress\\\/\"},{\"@type\":\"ListItem\",\"position\":2,\"name\":\"Eventos\",\"item\":\"https:\\\/\\\/crearcompartir.com\\\/wordpress\\\/agenda\\\/\"},{\"@type\":\"ListItem\",\"position\":3,\"name\":\"ORIGINALS &#8211; Gerard Ses\u00e9\"}]},{\"@type\":\"WebSite\",\"@id\":\"https:\\\/\\\/crearcompartir.com\\\/wordpress\\\/#website\",\"url\":\"https:\\\/\\\/crearcompartir.com\\\/wordpress\\\/\",\"name\":\"Crear Compartir\",\"description\":\"Web oficial de la entidad sociocultural Crear Compartir\",\"publisher\":{\"@id\":\"https:\\\/\\\/crearcompartir.com\\\/wordpress\\\/#organization\"},\"potentialAction\":[{\"@type\":\"SearchAction\",\"target\":{\"@type\":\"EntryPoint\",\"urlTemplate\":\"https:\\\/\\\/crearcompartir.com\\\/wordpress\\\/?s={search_term_string}\"},\"query-input\":{\"@type\":\"PropertyValueSpecification\",\"valueRequired\":true,\"valueName\":\"search_term_string\"}}],\"inLanguage\":\"es\"},{\"@type\":\"Organization\",\"@id\":\"https:\\\/\\\/crearcompartir.com\\\/wordpress\\\/#organization\",\"name\":\"Asociaci\u00f3n Crear y Compartir\",\"url\":\"https:\\\/\\\/crearcompartir.com\\\/wordpress\\\/\",\"logo\":{\"@type\":\"ImageObject\",\"inLanguage\":\"es\",\"@id\":\"https:\\\/\\\/crearcompartir.com\\\/wordpress\\\/#\\\/schema\\\/logo\\\/image\\\/\",\"url\":\"https:\\\/\\\/crearcompartir.com\\\/wordpress\\\/wp-content\\\/uploads\\\/2023\\\/10\\\/logo_transparent-e1696433415887.png\",\"contentUrl\":\"https:\\\/\\\/crearcompartir.com\\\/wordpress\\\/wp-content\\\/uploads\\\/2023\\\/10\\\/logo_transparent-e1696433415887.png\",\"width\":199,\"height\":131,\"caption\":\"Asociaci\u00f3n Crear y Compartir\"},\"image\":{\"@id\":\"https:\\\/\\\/crearcompartir.com\\\/wordpress\\\/#\\\/schema\\\/logo\\\/image\\\/\"},\"sameAs\":[\"https:\\\/\\\/www.facebook.com\\\/profile.php?id=100093587113765\",\"https:\\\/\\\/x.com\\\/crearcompartir\",\"https:\\\/\\\/www.instagram.com\\\/crearcompartir\\\/\"]}]}<\/script>\n<!-- \/ Yoast SEO plugin. -->","yoast_head_json":{"title":"ORIGINALS - Gerard Ses\u00e9 - Crear Compartir","description":"Art\u00edculo sobre el concierto de Gerard Ses\u00e9 dentro del ciclo ORIGINALS, II Cicle de Compositors Catalans de Teatre Musical.","robots":{"index":"index","follow":"follow","max-snippet":"max-snippet:-1","max-image-preview":"max-image-preview:large","max-video-preview":"max-video-preview:-1"},"canonical":"https:\/\/crearcompartir.com\/wordpress\/agenda\/originals-gerard-sese\/","og_locale":"es_ES","og_type":"article","og_title":"ORIGINALS - Gerard Ses\u00e9 - Crear Compartir","og_description":"Art\u00edculo sobre el concierto de Gerard Ses\u00e9 dentro del ciclo ORIGINALS, II Cicle de Compositors Catalans de Teatre Musical.","og_url":"https:\/\/crearcompartir.com\/wordpress\/agenda\/originals-gerard-sese\/","og_site_name":"Crear Compartir","article_publisher":"https:\/\/www.facebook.com\/profile.php?id=100093587113765","og_image":[{"width":200,"height":283,"url":"http:\/\/crearcompartir.com\/wordpress\/wp-content\/uploads\/2024\/03\/OriginalsGerard.jpg","type":"image\/jpeg"}],"twitter_card":"summary_large_image","twitter_site":"@crearcompartir","twitter_misc":{"Tiempo de lectura":"2 minutos"},"schema":{"@context":"https:\/\/schema.org","@graph":[{"@type":"WebPage","@id":"https:\/\/crearcompartir.com\/wordpress\/agenda\/originals-gerard-sese\/","url":"https:\/\/crearcompartir.com\/wordpress\/agenda\/originals-gerard-sese\/","name":"ORIGINALS - Gerard Ses\u00e9 - Crear Compartir","isPartOf":{"@id":"https:\/\/crearcompartir.com\/wordpress\/#website"},"primaryImageOfPage":{"@id":"https:\/\/crearcompartir.com\/wordpress\/agenda\/originals-gerard-sese\/#primaryimage"},"image":{"@id":"https:\/\/crearcompartir.com\/wordpress\/agenda\/originals-gerard-sese\/#primaryimage"},"thumbnailUrl":"https:\/\/crearcompartir.com\/wordpress\/wp-content\/uploads\/2024\/03\/OriginalsGerard.jpg","datePublished":"2024-03-11T16:45:37+00:00","description":"Art\u00edculo sobre el concierto de Gerard Ses\u00e9 dentro del ciclo ORIGINALS, II Cicle de Compositors Catalans de Teatre Musical.","breadcrumb":{"@id":"https:\/\/crearcompartir.com\/wordpress\/agenda\/originals-gerard-sese\/#breadcrumb"},"inLanguage":"es","potentialAction":[{"@type":"ReadAction","target":["https:\/\/crearcompartir.com\/wordpress\/agenda\/originals-gerard-sese\/"]}]},{"@type":"ImageObject","inLanguage":"es","@id":"https:\/\/crearcompartir.com\/wordpress\/agenda\/originals-gerard-sese\/#primaryimage","url":"https:\/\/crearcompartir.com\/wordpress\/wp-content\/uploads\/2024\/03\/OriginalsGerard.jpg","contentUrl":"https:\/\/crearcompartir.com\/wordpress\/wp-content\/uploads\/2024\/03\/OriginalsGerard.jpg","width":200,"height":283},{"@type":"BreadcrumbList","@id":"https:\/\/crearcompartir.com\/wordpress\/agenda\/originals-gerard-sese\/#breadcrumb","itemListElement":[{"@type":"ListItem","position":1,"name":"Portada","item":"https:\/\/crearcompartir.com\/wordpress\/"},{"@type":"ListItem","position":2,"name":"Eventos","item":"https:\/\/crearcompartir.com\/wordpress\/agenda\/"},{"@type":"ListItem","position":3,"name":"ORIGINALS &#8211; Gerard Ses\u00e9"}]},{"@type":"WebSite","@id":"https:\/\/crearcompartir.com\/wordpress\/#website","url":"https:\/\/crearcompartir.com\/wordpress\/","name":"Crear Compartir","description":"Web oficial de la entidad sociocultural Crear Compartir","publisher":{"@id":"https:\/\/crearcompartir.com\/wordpress\/#organization"},"potentialAction":[{"@type":"SearchAction","target":{"@type":"EntryPoint","urlTemplate":"https:\/\/crearcompartir.com\/wordpress\/?s={search_term_string}"},"query-input":{"@type":"PropertyValueSpecification","valueRequired":true,"valueName":"search_term_string"}}],"inLanguage":"es"},{"@type":"Organization","@id":"https:\/\/crearcompartir.com\/wordpress\/#organization","name":"Asociaci\u00f3n Crear y Compartir","url":"https:\/\/crearcompartir.com\/wordpress\/","logo":{"@type":"ImageObject","inLanguage":"es","@id":"https:\/\/crearcompartir.com\/wordpress\/#\/schema\/logo\/image\/","url":"https:\/\/crearcompartir.com\/wordpress\/wp-content\/uploads\/2023\/10\/logo_transparent-e1696433415887.png","contentUrl":"https:\/\/crearcompartir.com\/wordpress\/wp-content\/uploads\/2023\/10\/logo_transparent-e1696433415887.png","width":199,"height":131,"caption":"Asociaci\u00f3n Crear y Compartir"},"image":{"@id":"https:\/\/crearcompartir.com\/wordpress\/#\/schema\/logo\/image\/"},"sameAs":["https:\/\/www.facebook.com\/profile.php?id=100093587113765","https:\/\/x.com\/crearcompartir","https:\/\/www.instagram.com\/crearcompartir\/"]}]}},"jetpack_sharing_enabled":true,"_links":{"self":[{"href":"https:\/\/crearcompartir.com\/wordpress\/wp-json\/wp\/v2\/tribe_events\/544","targetHints":{"allow":["GET"]}}],"collection":[{"href":"https:\/\/crearcompartir.com\/wordpress\/wp-json\/wp\/v2\/tribe_events"}],"about":[{"href":"https:\/\/crearcompartir.com\/wordpress\/wp-json\/wp\/v2\/types\/tribe_events"}],"author":[{"embeddable":true,"href":"https:\/\/crearcompartir.com\/wordpress\/wp-json\/wp\/v2\/users\/1"}],"version-history":[{"count":1,"href":"https:\/\/crearcompartir.com\/wordpress\/wp-json\/wp\/v2\/tribe_events\/544\/revisions"}],"predecessor-version":[{"id":546,"href":"https:\/\/crearcompartir.com\/wordpress\/wp-json\/wp\/v2\/tribe_events\/544\/revisions\/546"}],"wp:featuredmedia":[{"embeddable":true,"href":"https:\/\/crearcompartir.com\/wordpress\/wp-json\/wp\/v2\/media\/545"}],"wp:attachment":[{"href":"https:\/\/crearcompartir.com\/wordpress\/wp-json\/wp\/v2\/media?parent=544"}],"wp:term":[{"taxonomy":"post_tag","embeddable":true,"href":"https:\/\/crearcompartir.com\/wordpress\/wp-json\/wp\/v2\/tags?post=544"},{"taxonomy":"tribe_events_cat","embeddable":true,"href":"https:\/\/crearcompartir.com\/wordpress\/wp-json\/wp\/v2\/tribe_events_cat?post=544"}],"curies":[{"name":"wp","href":"https:\/\/api.w.org\/{rel}","templated":true}]}}