{"id":550,"date":"2024-03-20T13:16:04","date_gmt":"2024-03-20T11:16:04","guid":{"rendered":"https:\/\/crearcompartir.com\/wordpress\/?post_type=tribe_events&#038;p=550"},"modified":"2024-03-20T13:16:12","modified_gmt":"2024-03-20T11:16:12","slug":"p-a-s-a-p-a-s-clodine-en-concert","status":"publish","type":"tribe_events","link":"https:\/\/crearcompartir.com\/wordpress\/agenda\/p-a-s-a-p-a-s-clodine-en-concert\/","title":{"rendered":"P.A.S. a P.A.S. &#8211; Clodine en concert"},"content":{"rendered":"<p><b>Clodine<\/b> \u00e9s el nom del primer personatge que va interpretar <b>Claudia Nogu\u00e9s<\/b>; actriu, cantant i compositora mallorquina.<\/p>\n<p>Les seves can\u00e7ons naveguen entre el <b>pop i el folk<\/b>, i a les hist\u00f2ries que hi ha al darrera tobrem una <b>Clodine<\/b> que parla de coses personals i properes.<\/p>\n<p><b>Blessing in disguise<\/b> (RGB Suports, 2022) \u00e9s el t\u00edtol del seu primer \u00e0lbum, produ\u00eft per l\u2019Albert Sol\u00e0. Es tracta d\u2019una recopilaci\u00f3 de 7 can\u00e7ons compostes es en angl\u00e8s, catal\u00e0 i castell\u00e0.<\/p>\n<p>Despr\u00e9s de presentar <b>Everest<\/b> (RGB Suports, 2022) a la cinquena gala dels Premis Enderrock de la m\u00fasica Balear, i estrenar directe amb la seva banda al Claustre de Santo Domingo de Pollen\u00e7a, un concert dins el festival Sons de Nit, <b>Clodine<\/b> ens regala, aquest 2024, un aven\u00e7 del seu proper disc.<\/p>\n<p>Entrades: 10\u20ac<\/p>\n<p>A la venda en <a href=\"https:\/\/entradium.com\/events\/p-a-s-a-p-a-s-clodine-en-concert\" target=\"_blank\" rel=\"noopener\">https:\/\/entradium.com\/events\/p-a-s-a-p-a-s-clodine-en-concert<\/a><\/p>\n","protected":false},"excerpt":{"rendered":"<p>Clodine \u00e9s el nom del primer personatge que va interpretar Claudia Nogu\u00e9s; actriu, cantant i compositora mallorquina. Les seves can\u00e7ons naveguen entre el pop i el folk, i a les hist\u00f2ries que hi ha al darrera tobrem una Clodine que parla de coses personals i properes. Blessing in disguise (RGB Suports, 2022) \u00e9s el t\u00edtol [&hellip;]<\/p>\n","protected":false},"author":1,"featured_media":551,"template":"","meta":{"_tribe_events_status":"","_tribe_events_status_reason":"","footnotes":""},"tags":[],"tribe_events_cat":[10],"class_list":["post-550","tribe_events","type-tribe_events","status-publish","has-post-thumbnail","hentry","tribe_events_cat-concierto","cat_concierto","post","post-with-thumbnail","post-with-thumbnail-large"],"yoast_head":"<!-- This site is optimized with the Yoast SEO plugin v27.5 - https:\/\/yoast.com\/product\/yoast-seo-wordpress\/ -->\n<title>P.A.S. a P.A.S. - Clodine en concert - Crear Compartir<\/title>\n<meta name=\"description\" content=\"Art\u00edculo sobre el concierto que Clodine ofrecer\u00e1 en ENCUENTRO, Abrera presentando sus nuevos singles y su disco &#039;Blessing in Disguise&#039;.\" \/>\n<meta name=\"robots\" content=\"index, follow, max-snippet:-1, max-image-preview:large, max-video-preview:-1\" \/>\n<link rel=\"canonical\" href=\"https:\/\/crearcompartir.com\/wordpress\/agenda\/p-a-s-a-p-a-s-clodine-en-concert\/\" \/>\n<meta property=\"og:locale\" content=\"es_ES\" \/>\n<meta property=\"og:type\" content=\"article\" \/>\n<meta property=\"og:title\" content=\"P.A.S. a P.A.S. - Clodine en concert - Crear Compartir\" \/>\n<meta property=\"og:description\" content=\"Art\u00edculo sobre el concierto que Clodine ofrecer\u00e1 en ENCUENTRO, Abrera presentando sus nuevos singles y su disco &#039;Blessing in Disguise&#039;.\" \/>\n<meta property=\"og:url\" content=\"https:\/\/crearcompartir.com\/wordpress\/agenda\/p-a-s-a-p-a-s-clodine-en-concert\/\" \/>\n<meta property=\"og:site_name\" content=\"Crear Compartir\" \/>\n<meta property=\"article:publisher\" content=\"https:\/\/www.facebook.com\/profile.php?id=100093587113765\" \/>\n<meta property=\"article:modified_time\" content=\"2024-03-20T11:16:12+00:00\" \/>\n<meta property=\"og:image\" content=\"http:\/\/crearcompartir.com\/wordpress\/wp-content\/uploads\/2024\/03\/CLODINE-abrera_web.jpg\" \/>\n\t<meta property=\"og:image:width\" content=\"200\" \/>\n\t<meta property=\"og:image:height\" content=\"283\" \/>\n\t<meta property=\"og:image:type\" content=\"image\/jpeg\" \/>\n<meta name=\"twitter:card\" content=\"summary_large_image\" \/>\n<meta name=\"twitter:site\" content=\"@crearcompartir\" \/>\n<meta name=\"twitter:label1\" content=\"Tiempo de lectura\" \/>\n\t<meta name=\"twitter:data1\" content=\"1 minuto\" \/>\n<script type=\"application\/ld+json\" class=\"yoast-schema-graph\">{\"@context\":\"https:\\\/\\\/schema.org\",\"@graph\":[{\"@type\":\"WebPage\",\"@id\":\"https:\\\/\\\/crearcompartir.com\\\/wordpress\\\/agenda\\\/p-a-s-a-p-a-s-clodine-en-concert\\\/\",\"url\":\"https:\\\/\\\/crearcompartir.com\\\/wordpress\\\/agenda\\\/p-a-s-a-p-a-s-clodine-en-concert\\\/\",\"name\":\"P.A.S. a P.A.S. - Clodine en concert - Crear Compartir\",\"isPartOf\":{\"@id\":\"https:\\\/\\\/crearcompartir.com\\\/wordpress\\\/#website\"},\"primaryImageOfPage\":{\"@id\":\"https:\\\/\\\/crearcompartir.com\\\/wordpress\\\/agenda\\\/p-a-s-a-p-a-s-clodine-en-concert\\\/#primaryimage\"},\"image\":{\"@id\":\"https:\\\/\\\/crearcompartir.com\\\/wordpress\\\/agenda\\\/p-a-s-a-p-a-s-clodine-en-concert\\\/#primaryimage\"},\"thumbnailUrl\":\"https:\\\/\\\/crearcompartir.com\\\/wordpress\\\/wp-content\\\/uploads\\\/2024\\\/03\\\/CLODINE-abrera_web.jpg\",\"datePublished\":\"2024-03-20T11:16:04+00:00\",\"dateModified\":\"2024-03-20T11:16:12+00:00\",\"description\":\"Art\u00edculo sobre el concierto que Clodine ofrecer\u00e1 en ENCUENTRO, Abrera presentando sus nuevos singles y su disco 'Blessing in Disguise'.\",\"breadcrumb\":{\"@id\":\"https:\\\/\\\/crearcompartir.com\\\/wordpress\\\/agenda\\\/p-a-s-a-p-a-s-clodine-en-concert\\\/#breadcrumb\"},\"inLanguage\":\"es\",\"potentialAction\":[{\"@type\":\"ReadAction\",\"target\":[\"https:\\\/\\\/crearcompartir.com\\\/wordpress\\\/agenda\\\/p-a-s-a-p-a-s-clodine-en-concert\\\/\"]}]},{\"@type\":\"ImageObject\",\"inLanguage\":\"es\",\"@id\":\"https:\\\/\\\/crearcompartir.com\\\/wordpress\\\/agenda\\\/p-a-s-a-p-a-s-clodine-en-concert\\\/#primaryimage\",\"url\":\"https:\\\/\\\/crearcompartir.com\\\/wordpress\\\/wp-content\\\/uploads\\\/2024\\\/03\\\/CLODINE-abrera_web.jpg\",\"contentUrl\":\"https:\\\/\\\/crearcompartir.com\\\/wordpress\\\/wp-content\\\/uploads\\\/2024\\\/03\\\/CLODINE-abrera_web.jpg\",\"width\":200,\"height\":283},{\"@type\":\"BreadcrumbList\",\"@id\":\"https:\\\/\\\/crearcompartir.com\\\/wordpress\\\/agenda\\\/p-a-s-a-p-a-s-clodine-en-concert\\\/#breadcrumb\",\"itemListElement\":[{\"@type\":\"ListItem\",\"position\":1,\"name\":\"Portada\",\"item\":\"https:\\\/\\\/crearcompartir.com\\\/wordpress\\\/\"},{\"@type\":\"ListItem\",\"position\":2,\"name\":\"Eventos\",\"item\":\"https:\\\/\\\/crearcompartir.com\\\/wordpress\\\/agenda\\\/\"},{\"@type\":\"ListItem\",\"position\":3,\"name\":\"P.A.S. a P.A.S. &#8211; Clodine en concert\"}]},{\"@type\":\"WebSite\",\"@id\":\"https:\\\/\\\/crearcompartir.com\\\/wordpress\\\/#website\",\"url\":\"https:\\\/\\\/crearcompartir.com\\\/wordpress\\\/\",\"name\":\"Crear Compartir\",\"description\":\"Web oficial de la entidad sociocultural Crear Compartir\",\"publisher\":{\"@id\":\"https:\\\/\\\/crearcompartir.com\\\/wordpress\\\/#organization\"},\"potentialAction\":[{\"@type\":\"SearchAction\",\"target\":{\"@type\":\"EntryPoint\",\"urlTemplate\":\"https:\\\/\\\/crearcompartir.com\\\/wordpress\\\/?s={search_term_string}\"},\"query-input\":{\"@type\":\"PropertyValueSpecification\",\"valueRequired\":true,\"valueName\":\"search_term_string\"}}],\"inLanguage\":\"es\"},{\"@type\":\"Organization\",\"@id\":\"https:\\\/\\\/crearcompartir.com\\\/wordpress\\\/#organization\",\"name\":\"Asociaci\u00f3n Crear y Compartir\",\"url\":\"https:\\\/\\\/crearcompartir.com\\\/wordpress\\\/\",\"logo\":{\"@type\":\"ImageObject\",\"inLanguage\":\"es\",\"@id\":\"https:\\\/\\\/crearcompartir.com\\\/wordpress\\\/#\\\/schema\\\/logo\\\/image\\\/\",\"url\":\"https:\\\/\\\/crearcompartir.com\\\/wordpress\\\/wp-content\\\/uploads\\\/2023\\\/10\\\/logo_transparent-e1696433415887.png\",\"contentUrl\":\"https:\\\/\\\/crearcompartir.com\\\/wordpress\\\/wp-content\\\/uploads\\\/2023\\\/10\\\/logo_transparent-e1696433415887.png\",\"width\":199,\"height\":131,\"caption\":\"Asociaci\u00f3n Crear y Compartir\"},\"image\":{\"@id\":\"https:\\\/\\\/crearcompartir.com\\\/wordpress\\\/#\\\/schema\\\/logo\\\/image\\\/\"},\"sameAs\":[\"https:\\\/\\\/www.facebook.com\\\/profile.php?id=100093587113765\",\"https:\\\/\\\/x.com\\\/crearcompartir\",\"https:\\\/\\\/www.instagram.com\\\/crearcompartir\\\/\"]}]}<\/script>\n<!-- \/ Yoast SEO plugin. -->","yoast_head_json":{"title":"P.A.S. a P.A.S. - Clodine en concert - Crear Compartir","description":"Art\u00edculo sobre el concierto que Clodine ofrecer\u00e1 en ENCUENTRO, Abrera presentando sus nuevos singles y su disco 'Blessing in Disguise'.","robots":{"index":"index","follow":"follow","max-snippet":"max-snippet:-1","max-image-preview":"max-image-preview:large","max-video-preview":"max-video-preview:-1"},"canonical":"https:\/\/crearcompartir.com\/wordpress\/agenda\/p-a-s-a-p-a-s-clodine-en-concert\/","og_locale":"es_ES","og_type":"article","og_title":"P.A.S. a P.A.S. - Clodine en concert - Crear Compartir","og_description":"Art\u00edculo sobre el concierto que Clodine ofrecer\u00e1 en ENCUENTRO, Abrera presentando sus nuevos singles y su disco 'Blessing in Disguise'.","og_url":"https:\/\/crearcompartir.com\/wordpress\/agenda\/p-a-s-a-p-a-s-clodine-en-concert\/","og_site_name":"Crear Compartir","article_publisher":"https:\/\/www.facebook.com\/profile.php?id=100093587113765","article_modified_time":"2024-03-20T11:16:12+00:00","og_image":[{"width":200,"height":283,"url":"http:\/\/crearcompartir.com\/wordpress\/wp-content\/uploads\/2024\/03\/CLODINE-abrera_web.jpg","type":"image\/jpeg"}],"twitter_card":"summary_large_image","twitter_site":"@crearcompartir","twitter_misc":{"Tiempo de lectura":"1 minuto"},"schema":{"@context":"https:\/\/schema.org","@graph":[{"@type":"WebPage","@id":"https:\/\/crearcompartir.com\/wordpress\/agenda\/p-a-s-a-p-a-s-clodine-en-concert\/","url":"https:\/\/crearcompartir.com\/wordpress\/agenda\/p-a-s-a-p-a-s-clodine-en-concert\/","name":"P.A.S. a P.A.S. - Clodine en concert - Crear Compartir","isPartOf":{"@id":"https:\/\/crearcompartir.com\/wordpress\/#website"},"primaryImageOfPage":{"@id":"https:\/\/crearcompartir.com\/wordpress\/agenda\/p-a-s-a-p-a-s-clodine-en-concert\/#primaryimage"},"image":{"@id":"https:\/\/crearcompartir.com\/wordpress\/agenda\/p-a-s-a-p-a-s-clodine-en-concert\/#primaryimage"},"thumbnailUrl":"https:\/\/crearcompartir.com\/wordpress\/wp-content\/uploads\/2024\/03\/CLODINE-abrera_web.jpg","datePublished":"2024-03-20T11:16:04+00:00","dateModified":"2024-03-20T11:16:12+00:00","description":"Art\u00edculo sobre el concierto que Clodine ofrecer\u00e1 en ENCUENTRO, Abrera presentando sus nuevos singles y su disco 'Blessing in Disguise'.","breadcrumb":{"@id":"https:\/\/crearcompartir.com\/wordpress\/agenda\/p-a-s-a-p-a-s-clodine-en-concert\/#breadcrumb"},"inLanguage":"es","potentialAction":[{"@type":"ReadAction","target":["https:\/\/crearcompartir.com\/wordpress\/agenda\/p-a-s-a-p-a-s-clodine-en-concert\/"]}]},{"@type":"ImageObject","inLanguage":"es","@id":"https:\/\/crearcompartir.com\/wordpress\/agenda\/p-a-s-a-p-a-s-clodine-en-concert\/#primaryimage","url":"https:\/\/crearcompartir.com\/wordpress\/wp-content\/uploads\/2024\/03\/CLODINE-abrera_web.jpg","contentUrl":"https:\/\/crearcompartir.com\/wordpress\/wp-content\/uploads\/2024\/03\/CLODINE-abrera_web.jpg","width":200,"height":283},{"@type":"BreadcrumbList","@id":"https:\/\/crearcompartir.com\/wordpress\/agenda\/p-a-s-a-p-a-s-clodine-en-concert\/#breadcrumb","itemListElement":[{"@type":"ListItem","position":1,"name":"Portada","item":"https:\/\/crearcompartir.com\/wordpress\/"},{"@type":"ListItem","position":2,"name":"Eventos","item":"https:\/\/crearcompartir.com\/wordpress\/agenda\/"},{"@type":"ListItem","position":3,"name":"P.A.S. a P.A.S. &#8211; Clodine en concert"}]},{"@type":"WebSite","@id":"https:\/\/crearcompartir.com\/wordpress\/#website","url":"https:\/\/crearcompartir.com\/wordpress\/","name":"Crear Compartir","description":"Web oficial de la entidad sociocultural Crear Compartir","publisher":{"@id":"https:\/\/crearcompartir.com\/wordpress\/#organization"},"potentialAction":[{"@type":"SearchAction","target":{"@type":"EntryPoint","urlTemplate":"https:\/\/crearcompartir.com\/wordpress\/?s={search_term_string}"},"query-input":{"@type":"PropertyValueSpecification","valueRequired":true,"valueName":"search_term_string"}}],"inLanguage":"es"},{"@type":"Organization","@id":"https:\/\/crearcompartir.com\/wordpress\/#organization","name":"Asociaci\u00f3n Crear y Compartir","url":"https:\/\/crearcompartir.com\/wordpress\/","logo":{"@type":"ImageObject","inLanguage":"es","@id":"https:\/\/crearcompartir.com\/wordpress\/#\/schema\/logo\/image\/","url":"https:\/\/crearcompartir.com\/wordpress\/wp-content\/uploads\/2023\/10\/logo_transparent-e1696433415887.png","contentUrl":"https:\/\/crearcompartir.com\/wordpress\/wp-content\/uploads\/2023\/10\/logo_transparent-e1696433415887.png","width":199,"height":131,"caption":"Asociaci\u00f3n Crear y Compartir"},"image":{"@id":"https:\/\/crearcompartir.com\/wordpress\/#\/schema\/logo\/image\/"},"sameAs":["https:\/\/www.facebook.com\/profile.php?id=100093587113765","https:\/\/x.com\/crearcompartir","https:\/\/www.instagram.com\/crearcompartir\/"]}]}},"jetpack_sharing_enabled":true,"_links":{"self":[{"href":"https:\/\/crearcompartir.com\/wordpress\/wp-json\/wp\/v2\/tribe_events\/550","targetHints":{"allow":["GET"]}}],"collection":[{"href":"https:\/\/crearcompartir.com\/wordpress\/wp-json\/wp\/v2\/tribe_events"}],"about":[{"href":"https:\/\/crearcompartir.com\/wordpress\/wp-json\/wp\/v2\/types\/tribe_events"}],"author":[{"embeddable":true,"href":"https:\/\/crearcompartir.com\/wordpress\/wp-json\/wp\/v2\/users\/1"}],"version-history":[{"count":1,"href":"https:\/\/crearcompartir.com\/wordpress\/wp-json\/wp\/v2\/tribe_events\/550\/revisions"}],"predecessor-version":[{"id":552,"href":"https:\/\/crearcompartir.com\/wordpress\/wp-json\/wp\/v2\/tribe_events\/550\/revisions\/552"}],"wp:featuredmedia":[{"embeddable":true,"href":"https:\/\/crearcompartir.com\/wordpress\/wp-json\/wp\/v2\/media\/551"}],"wp:attachment":[{"href":"https:\/\/crearcompartir.com\/wordpress\/wp-json\/wp\/v2\/media?parent=550"}],"wp:term":[{"taxonomy":"post_tag","embeddable":true,"href":"https:\/\/crearcompartir.com\/wordpress\/wp-json\/wp\/v2\/tags?post=550"},{"taxonomy":"tribe_events_cat","embeddable":true,"href":"https:\/\/crearcompartir.com\/wordpress\/wp-json\/wp\/v2\/tribe_events_cat?post=550"}],"curies":[{"name":"wp","href":"https:\/\/api.w.org\/{rel}","templated":true}]}}