{"id":594,"date":"2024-08-22T19:21:33","date_gmt":"2024-08-22T17:21:33","guid":{"rendered":"https:\/\/crearcompartir.com\/wordpress\/?post_type=tribe_events&#038;p=594"},"modified":"2024-08-22T19:24:59","modified_gmt":"2024-08-22T17:24:59","slug":"originals-x-amor-concert-solidari-a-barcelona","status":"publish","type":"tribe_events","link":"https:\/\/crearcompartir.com\/wordpress\/agenda\/originals-x-amor-concert-solidari-a-barcelona\/","title":{"rendered":"ORIGINALS X AMOR &#8211; concert solidari a Barcelona"},"content":{"rendered":"<div class=\"entry-content\">\n<p>El proper<strong> dilluns 28 d\u2019octubre de 2024<\/strong> arriba al <strong>Teatre Condal<\/strong> de Barcelona el concert solidari <strong><em>Originals X Amor<\/em><\/strong>, un concert que fusiona els projectes Originals \u2013 Cicle de Compositors Catalans de Teatre Musical i <em>Amor X Amor<\/em>, tots dos impulsats per Marisol Gonz\u00e1lez.<\/p>\n<p><strong><em>Originals X Amor<\/em><\/strong> presenta en concert en una \u00fanica nit un recull de les can\u00e7ons dels cinc compositors que durant el primer semestre de 2024 han protagonitzat a la sala Encuentro, a Abrera, els cinc concerts de la segona edici\u00f3 del cicle Originals, Cicle de Compositors Catalans de Teatre Musicals. Aquests compositors s\u00f3n: <strong>N\u00faria Llaus\u00ed, Carles Alarc\u00f3n, Mateu Peramiquel, D\u00eddac Flores i Gerard Ses\u00e9. <\/strong><\/p>\n<p><strong><em>Originals X Amor<\/em><\/strong> est\u00e0 dirigit per <strong>Al\u00edcia Serrat<\/strong>, que va participar com a compositora de la primera edici\u00f3 del cicle Originals el 2018 i que ha dirigit totes les edicions del concert solidari Amor X Amor.<\/p>\n<p>Els beneficis del concert es destinaran a l\u2019entitat <strong>ACPAE, Associaci\u00f3 Catalana per a la Prevenci\u00f3 de l\u2019Assetjament Escolar.<\/strong> L\u2019objectiu d\u2019aquesta entitat \u00e9s desenvolupar en els infants i adolescents, un comportament preventiu dirigit a la resoluci\u00f3 de conflictes en l\u2019entorn escolar i social; i a l\u2019aprenentatge de t\u00e8cniques psicol\u00f2giques, socials i f\u00edsiques amb les quals enfrontar-se a l\u2019assetjament escolar o bullying i Cyberbullying.<\/p>\n<p><strong>El concert solidari<\/strong> <strong><em>Originals X Amor<\/em><\/strong>, a piano i veu, constar\u00e0 d&#8217;un <strong>repertori integrat totalment per can\u00e7ons escrites per cadascun dels compositors, interpretades per diferents int\u00e8rprets professionals de teatre musical<\/strong>. Com en els concerts del cicle Originals, en aquest \u00fanic concert, cada compositor tindr\u00e0 total llibertat per preparar el seu breu programa i per triar els int\u00e8rprets que posaran veu a les seves can\u00e7ons, creant aix\u00ed un recital \u00fanic i irrepetible, en el qual es podran escoltar tant temes in\u00e8dits, com temes que ja han format part d&#8217;algun espectacle.<\/p>\n<p>La uni\u00f3 dels cinc compositors i la seva obra en una \u00fanica nit ser\u00e0 una experi\u00e8ncia totalment in\u00e8dita que mostrar\u00e0 el gran nivell d\u2019autoria que tenim al m\u00f3n del teatre musical al nostre pa\u00eds.<\/p>\n<p>Catalunya \u00e9s bressol de molts professionals creadors de teatre musical que sovint no tenen la plataforma necess\u00e0ria per promoure les seves obres, ni per posar en peu els seus espectacles. \u00c9s per aquest motiu que el cicle Originals vol donar veu a aquests m\u00fasics, per tal que puguin mostrar el treball que han realitzat en els darrers anys, molt del qual no ha pogut sortir encara a la llum.<\/p>\n<p>La primera edici\u00f3 del cicle <strong>Originals<\/strong> va ser impulsada per Marisol Gonz\u00e1lez, Mariona Castillo i l&#8217;entitat nunArt i va tenir lloc el 2018 a nunArt Guinard\u00f3, espai de conviv\u00e8ncia art\u00edstica on cada setmana hi tenen lloc entrenaments, resid\u00e8ncies i mostres de treballs en proc\u00e9s. El 2018, el cicle va comptar amb els concerts de sis compositors que, anys despr\u00e9s, han consolidat la seva carrera art\u00edstica: Alicia Serrat, Dani Campos, Andreu Gall\u00e9n, Miquel Tejada, Ferran Gonz\u00e1lez i Marc Sambola.<\/p>\n<p><strong><em>Originals X Amor<\/em><\/strong> est\u00e0 produ\u00eft per <strong>l\u2019Associaci\u00f3 Crear i Compartir<\/strong>, entitat sociocultural creada el 2023 per Carol Luque i Marisol Gonz\u00e1lez amb l\u2019objectiu de promoure la cultura, la creativitat, la diversitat i la necessitat de compartir i crear sin\u00e8rgies.<\/p>\n<p><strong><em>Originals X Amor<\/em><\/strong> compta amb la col\u00b7laboraci\u00f3 i el suport de <strong>Teatremusical.cat i Photoshows.es. <\/strong><\/p>\n<p><a href=\"https:\/\/proticketing.com\/teatrecondal\/ca_ES\/entradas\/evento\/38113\/session\/2181718\/select?_gl=1*1itg2vy*_gcl_aw*R0NMLjE3MTgzNjEzMjIuQ2p3S0NBancxSy16QmhCSUVpd0FXZUNPRjBLM1AxNFNlSm1xZngyWXdzajl2OTZBQ2R1M25IYjJrZFRUU01kVDU3VmJ2dXk1ajMyR0N4b0Mza1lRQXZEX0J3RQ..*_gcl_au*MTQ5OTA1NTAzNy4xNzIwNjA1ODQ2*_ga*MTE0NDQ0OTA1NS4xNzAyNDY2OTAy*_ga_7GK6VB3G8D*MTcyNDE2NjA1NS4xMi4xLjE3MjQxNjc2MzcuMC4wLjA.*_ga_2FSXXNCYSF*MTcyNDE2NjA1NS4xNC4xLjE3MjQxNjc2MzcuNjAuMC4w*_ga_P2LPFEG5ZF*MTcyNDE2NjA1NS4xNC4xLjE3MjQxNjc2MzcuNjAuMC4w&amp;_ga=2.68146195.385807722.1724166055-1144449055.1702466902&amp;viewCode=V_Platea\" target=\"_blank\" rel=\"noopener\">Entrades a la venda AQU\u00cd.<\/a><\/p>\n<\/div>\n","protected":false},"excerpt":{"rendered":"<p>El proper dilluns 28 d\u2019octubre de 2024 arriba al Teatre Condal de Barcelona el concert solidari Originals X Amor, un concert que fusiona els projectes Originals \u2013 Cicle de Compositors Catalans de Teatre Musical i Amor X Amor, tots dos impulsats per Marisol Gonz\u00e1lez. Originals X Amor presenta en concert en una \u00fanica nit un [&hellip;]<\/p>\n","protected":false},"author":1,"featured_media":595,"template":"","meta":{"_tribe_events_status":"","_tribe_events_status_reason":"","footnotes":""},"tags":[],"tribe_events_cat":[10,11],"class_list":["post-594","tribe_events","type-tribe_events","status-publish","has-post-thumbnail","hentry","tribe_events_cat-concierto","tribe_events_cat-teatro-musical","cat_concierto","cat_teatro-musical","post","post-with-thumbnail","post-with-thumbnail-large"],"yoast_head":"<!-- This site is optimized with the Yoast SEO plugin v27.5 - https:\/\/yoast.com\/product\/yoast-seo-wordpress\/ -->\n<title>ORIGINALS X AMOR - concert solidari a Barcelona - Crear Compartir<\/title>\n<meta name=\"robots\" content=\"index, follow, max-snippet:-1, max-image-preview:large, max-video-preview:-1\" \/>\n<link rel=\"canonical\" href=\"https:\/\/crearcompartir.com\/wordpress\/agenda\/originals-x-amor-concert-solidari-a-barcelona\/\" \/>\n<meta property=\"og:locale\" content=\"es_ES\" \/>\n<meta property=\"og:type\" content=\"article\" \/>\n<meta property=\"og:title\" content=\"ORIGINALS X AMOR - concert solidari a Barcelona - Crear Compartir\" \/>\n<meta property=\"og:description\" content=\"El proper dilluns 28 d\u2019octubre de 2024 arriba al Teatre Condal de Barcelona el concert solidari Originals X Amor, un concert que fusiona els projectes Originals \u2013 Cicle de Compositors Catalans de Teatre Musical i Amor X Amor, tots dos impulsats per Marisol Gonz\u00e1lez. Originals X Amor presenta en concert en una \u00fanica nit un [&hellip;]\" \/>\n<meta property=\"og:url\" content=\"https:\/\/crearcompartir.com\/wordpress\/agenda\/originals-x-amor-concert-solidari-a-barcelona\/\" \/>\n<meta property=\"og:site_name\" content=\"Crear Compartir\" \/>\n<meta property=\"article:publisher\" content=\"https:\/\/www.facebook.com\/profile.php?id=100093587113765\" \/>\n<meta property=\"article:modified_time\" content=\"2024-08-22T17:24:59+00:00\" \/>\n<meta property=\"og:image\" content=\"http:\/\/crearcompartir.com\/wordpress\/wp-content\/uploads\/2024\/08\/OxA_200.jpg\" \/>\n\t<meta property=\"og:image:width\" content=\"200\" \/>\n\t<meta property=\"og:image:height\" content=\"283\" \/>\n\t<meta property=\"og:image:type\" content=\"image\/jpeg\" \/>\n<meta name=\"twitter:card\" content=\"summary_large_image\" \/>\n<meta name=\"twitter:site\" content=\"@crearcompartir\" \/>\n<meta name=\"twitter:label1\" content=\"Tiempo de lectura\" \/>\n\t<meta name=\"twitter:data1\" content=\"3 minutos\" \/>\n<script type=\"application\/ld+json\" class=\"yoast-schema-graph\">{\"@context\":\"https:\\\/\\\/schema.org\",\"@graph\":[{\"@type\":\"WebPage\",\"@id\":\"https:\\\/\\\/crearcompartir.com\\\/wordpress\\\/agenda\\\/originals-x-amor-concert-solidari-a-barcelona\\\/\",\"url\":\"https:\\\/\\\/crearcompartir.com\\\/wordpress\\\/agenda\\\/originals-x-amor-concert-solidari-a-barcelona\\\/\",\"name\":\"ORIGINALS X AMOR - concert solidari a Barcelona - Crear Compartir\",\"isPartOf\":{\"@id\":\"https:\\\/\\\/crearcompartir.com\\\/wordpress\\\/#website\"},\"primaryImageOfPage\":{\"@id\":\"https:\\\/\\\/crearcompartir.com\\\/wordpress\\\/agenda\\\/originals-x-amor-concert-solidari-a-barcelona\\\/#primaryimage\"},\"image\":{\"@id\":\"https:\\\/\\\/crearcompartir.com\\\/wordpress\\\/agenda\\\/originals-x-amor-concert-solidari-a-barcelona\\\/#primaryimage\"},\"thumbnailUrl\":\"https:\\\/\\\/crearcompartir.com\\\/wordpress\\\/wp-content\\\/uploads\\\/2024\\\/08\\\/OxA_200.jpg\",\"datePublished\":\"2024-08-22T17:21:33+00:00\",\"dateModified\":\"2024-08-22T17:24:59+00:00\",\"breadcrumb\":{\"@id\":\"https:\\\/\\\/crearcompartir.com\\\/wordpress\\\/agenda\\\/originals-x-amor-concert-solidari-a-barcelona\\\/#breadcrumb\"},\"inLanguage\":\"es\",\"potentialAction\":[{\"@type\":\"ReadAction\",\"target\":[\"https:\\\/\\\/crearcompartir.com\\\/wordpress\\\/agenda\\\/originals-x-amor-concert-solidari-a-barcelona\\\/\"]}]},{\"@type\":\"ImageObject\",\"inLanguage\":\"es\",\"@id\":\"https:\\\/\\\/crearcompartir.com\\\/wordpress\\\/agenda\\\/originals-x-amor-concert-solidari-a-barcelona\\\/#primaryimage\",\"url\":\"https:\\\/\\\/crearcompartir.com\\\/wordpress\\\/wp-content\\\/uploads\\\/2024\\\/08\\\/OxA_200.jpg\",\"contentUrl\":\"https:\\\/\\\/crearcompartir.com\\\/wordpress\\\/wp-content\\\/uploads\\\/2024\\\/08\\\/OxA_200.jpg\",\"width\":200,\"height\":283},{\"@type\":\"BreadcrumbList\",\"@id\":\"https:\\\/\\\/crearcompartir.com\\\/wordpress\\\/agenda\\\/originals-x-amor-concert-solidari-a-barcelona\\\/#breadcrumb\",\"itemListElement\":[{\"@type\":\"ListItem\",\"position\":1,\"name\":\"Portada\",\"item\":\"https:\\\/\\\/crearcompartir.com\\\/wordpress\\\/\"},{\"@type\":\"ListItem\",\"position\":2,\"name\":\"Eventos\",\"item\":\"https:\\\/\\\/crearcompartir.com\\\/wordpress\\\/agenda\\\/\"},{\"@type\":\"ListItem\",\"position\":3,\"name\":\"ORIGINALS X AMOR &#8211; concert solidari a Barcelona\"}]},{\"@type\":\"WebSite\",\"@id\":\"https:\\\/\\\/crearcompartir.com\\\/wordpress\\\/#website\",\"url\":\"https:\\\/\\\/crearcompartir.com\\\/wordpress\\\/\",\"name\":\"Crear Compartir\",\"description\":\"Web oficial de la entidad sociocultural Crear Compartir\",\"publisher\":{\"@id\":\"https:\\\/\\\/crearcompartir.com\\\/wordpress\\\/#organization\"},\"potentialAction\":[{\"@type\":\"SearchAction\",\"target\":{\"@type\":\"EntryPoint\",\"urlTemplate\":\"https:\\\/\\\/crearcompartir.com\\\/wordpress\\\/?s={search_term_string}\"},\"query-input\":{\"@type\":\"PropertyValueSpecification\",\"valueRequired\":true,\"valueName\":\"search_term_string\"}}],\"inLanguage\":\"es\"},{\"@type\":\"Organization\",\"@id\":\"https:\\\/\\\/crearcompartir.com\\\/wordpress\\\/#organization\",\"name\":\"Asociaci\u00f3n Crear y Compartir\",\"url\":\"https:\\\/\\\/crearcompartir.com\\\/wordpress\\\/\",\"logo\":{\"@type\":\"ImageObject\",\"inLanguage\":\"es\",\"@id\":\"https:\\\/\\\/crearcompartir.com\\\/wordpress\\\/#\\\/schema\\\/logo\\\/image\\\/\",\"url\":\"https:\\\/\\\/crearcompartir.com\\\/wordpress\\\/wp-content\\\/uploads\\\/2023\\\/10\\\/logo_transparent-e1696433415887.png\",\"contentUrl\":\"https:\\\/\\\/crearcompartir.com\\\/wordpress\\\/wp-content\\\/uploads\\\/2023\\\/10\\\/logo_transparent-e1696433415887.png\",\"width\":199,\"height\":131,\"caption\":\"Asociaci\u00f3n Crear y Compartir\"},\"image\":{\"@id\":\"https:\\\/\\\/crearcompartir.com\\\/wordpress\\\/#\\\/schema\\\/logo\\\/image\\\/\"},\"sameAs\":[\"https:\\\/\\\/www.facebook.com\\\/profile.php?id=100093587113765\",\"https:\\\/\\\/x.com\\\/crearcompartir\",\"https:\\\/\\\/www.instagram.com\\\/crearcompartir\\\/\"]}]}<\/script>\n<!-- \/ Yoast SEO plugin. -->","yoast_head_json":{"title":"ORIGINALS X AMOR - concert solidari a Barcelona - Crear Compartir","robots":{"index":"index","follow":"follow","max-snippet":"max-snippet:-1","max-image-preview":"max-image-preview:large","max-video-preview":"max-video-preview:-1"},"canonical":"https:\/\/crearcompartir.com\/wordpress\/agenda\/originals-x-amor-concert-solidari-a-barcelona\/","og_locale":"es_ES","og_type":"article","og_title":"ORIGINALS X AMOR - concert solidari a Barcelona - Crear Compartir","og_description":"El proper dilluns 28 d\u2019octubre de 2024 arriba al Teatre Condal de Barcelona el concert solidari Originals X Amor, un concert que fusiona els projectes Originals \u2013 Cicle de Compositors Catalans de Teatre Musical i Amor X Amor, tots dos impulsats per Marisol Gonz\u00e1lez. Originals X Amor presenta en concert en una \u00fanica nit un [&hellip;]","og_url":"https:\/\/crearcompartir.com\/wordpress\/agenda\/originals-x-amor-concert-solidari-a-barcelona\/","og_site_name":"Crear Compartir","article_publisher":"https:\/\/www.facebook.com\/profile.php?id=100093587113765","article_modified_time":"2024-08-22T17:24:59+00:00","og_image":[{"width":200,"height":283,"url":"http:\/\/crearcompartir.com\/wordpress\/wp-content\/uploads\/2024\/08\/OxA_200.jpg","type":"image\/jpeg"}],"twitter_card":"summary_large_image","twitter_site":"@crearcompartir","twitter_misc":{"Tiempo de lectura":"3 minutos"},"schema":{"@context":"https:\/\/schema.org","@graph":[{"@type":"WebPage","@id":"https:\/\/crearcompartir.com\/wordpress\/agenda\/originals-x-amor-concert-solidari-a-barcelona\/","url":"https:\/\/crearcompartir.com\/wordpress\/agenda\/originals-x-amor-concert-solidari-a-barcelona\/","name":"ORIGINALS X AMOR - concert solidari a Barcelona - Crear Compartir","isPartOf":{"@id":"https:\/\/crearcompartir.com\/wordpress\/#website"},"primaryImageOfPage":{"@id":"https:\/\/crearcompartir.com\/wordpress\/agenda\/originals-x-amor-concert-solidari-a-barcelona\/#primaryimage"},"image":{"@id":"https:\/\/crearcompartir.com\/wordpress\/agenda\/originals-x-amor-concert-solidari-a-barcelona\/#primaryimage"},"thumbnailUrl":"https:\/\/crearcompartir.com\/wordpress\/wp-content\/uploads\/2024\/08\/OxA_200.jpg","datePublished":"2024-08-22T17:21:33+00:00","dateModified":"2024-08-22T17:24:59+00:00","breadcrumb":{"@id":"https:\/\/crearcompartir.com\/wordpress\/agenda\/originals-x-amor-concert-solidari-a-barcelona\/#breadcrumb"},"inLanguage":"es","potentialAction":[{"@type":"ReadAction","target":["https:\/\/crearcompartir.com\/wordpress\/agenda\/originals-x-amor-concert-solidari-a-barcelona\/"]}]},{"@type":"ImageObject","inLanguage":"es","@id":"https:\/\/crearcompartir.com\/wordpress\/agenda\/originals-x-amor-concert-solidari-a-barcelona\/#primaryimage","url":"https:\/\/crearcompartir.com\/wordpress\/wp-content\/uploads\/2024\/08\/OxA_200.jpg","contentUrl":"https:\/\/crearcompartir.com\/wordpress\/wp-content\/uploads\/2024\/08\/OxA_200.jpg","width":200,"height":283},{"@type":"BreadcrumbList","@id":"https:\/\/crearcompartir.com\/wordpress\/agenda\/originals-x-amor-concert-solidari-a-barcelona\/#breadcrumb","itemListElement":[{"@type":"ListItem","position":1,"name":"Portada","item":"https:\/\/crearcompartir.com\/wordpress\/"},{"@type":"ListItem","position":2,"name":"Eventos","item":"https:\/\/crearcompartir.com\/wordpress\/agenda\/"},{"@type":"ListItem","position":3,"name":"ORIGINALS X AMOR &#8211; concert solidari a Barcelona"}]},{"@type":"WebSite","@id":"https:\/\/crearcompartir.com\/wordpress\/#website","url":"https:\/\/crearcompartir.com\/wordpress\/","name":"Crear Compartir","description":"Web oficial de la entidad sociocultural Crear Compartir","publisher":{"@id":"https:\/\/crearcompartir.com\/wordpress\/#organization"},"potentialAction":[{"@type":"SearchAction","target":{"@type":"EntryPoint","urlTemplate":"https:\/\/crearcompartir.com\/wordpress\/?s={search_term_string}"},"query-input":{"@type":"PropertyValueSpecification","valueRequired":true,"valueName":"search_term_string"}}],"inLanguage":"es"},{"@type":"Organization","@id":"https:\/\/crearcompartir.com\/wordpress\/#organization","name":"Asociaci\u00f3n Crear y Compartir","url":"https:\/\/crearcompartir.com\/wordpress\/","logo":{"@type":"ImageObject","inLanguage":"es","@id":"https:\/\/crearcompartir.com\/wordpress\/#\/schema\/logo\/image\/","url":"https:\/\/crearcompartir.com\/wordpress\/wp-content\/uploads\/2023\/10\/logo_transparent-e1696433415887.png","contentUrl":"https:\/\/crearcompartir.com\/wordpress\/wp-content\/uploads\/2023\/10\/logo_transparent-e1696433415887.png","width":199,"height":131,"caption":"Asociaci\u00f3n Crear y Compartir"},"image":{"@id":"https:\/\/crearcompartir.com\/wordpress\/#\/schema\/logo\/image\/"},"sameAs":["https:\/\/www.facebook.com\/profile.php?id=100093587113765","https:\/\/x.com\/crearcompartir","https:\/\/www.instagram.com\/crearcompartir\/"]}]}},"jetpack_sharing_enabled":true,"_links":{"self":[{"href":"https:\/\/crearcompartir.com\/wordpress\/wp-json\/wp\/v2\/tribe_events\/594","targetHints":{"allow":["GET"]}}],"collection":[{"href":"https:\/\/crearcompartir.com\/wordpress\/wp-json\/wp\/v2\/tribe_events"}],"about":[{"href":"https:\/\/crearcompartir.com\/wordpress\/wp-json\/wp\/v2\/types\/tribe_events"}],"author":[{"embeddable":true,"href":"https:\/\/crearcompartir.com\/wordpress\/wp-json\/wp\/v2\/users\/1"}],"version-history":[{"count":1,"href":"https:\/\/crearcompartir.com\/wordpress\/wp-json\/wp\/v2\/tribe_events\/594\/revisions"}],"predecessor-version":[{"id":596,"href":"https:\/\/crearcompartir.com\/wordpress\/wp-json\/wp\/v2\/tribe_events\/594\/revisions\/596"}],"wp:featuredmedia":[{"embeddable":true,"href":"https:\/\/crearcompartir.com\/wordpress\/wp-json\/wp\/v2\/media\/595"}],"wp:attachment":[{"href":"https:\/\/crearcompartir.com\/wordpress\/wp-json\/wp\/v2\/media?parent=594"}],"wp:term":[{"taxonomy":"post_tag","embeddable":true,"href":"https:\/\/crearcompartir.com\/wordpress\/wp-json\/wp\/v2\/tags?post=594"},{"taxonomy":"tribe_events_cat","embeddable":true,"href":"https:\/\/crearcompartir.com\/wordpress\/wp-json\/wp\/v2\/tribe_events_cat?post=594"}],"curies":[{"name":"wp","href":"https:\/\/api.w.org\/{rel}","templated":true}]}}