{"id":615,"date":"2024-09-07T10:36:09","date_gmt":"2024-09-07T08:36:09","guid":{"rendered":"https:\/\/crearcompartir.com\/wordpress\/?post_type=tribe_events&#038;p=615"},"modified":"2024-09-07T10:43:33","modified_gmt":"2024-09-07T08:43:33","slug":"barajando-ilusiones-magia-de-prop-amb-yago-el-mago","status":"publish","type":"tribe_events","link":"https:\/\/crearcompartir.com\/wordpress\/agenda\/barajando-ilusiones-magia-de-prop-amb-yago-el-mago\/","title":{"rendered":"Barajando Ilusiones &#8211; M\u00e0gia de Prop amb Yago el Mago"},"content":{"rendered":"<p><strong>Barajando Ilusiones<\/strong> \u00e9s un espectacle de <strong>m\u00e0gia de prop<\/strong> on podr\u00e0s gaudir de tot el talent d&#8217;aquest jove mag que al 2023 ho va poder mostrar tamb\u00e9 a Got Talent.<\/p>\n<p>ENCUENTRO acull un xou sorprenent i din\u00e0mic en qu\u00e8 parpellejar ser\u00e0 tot un risc encara estant gaireb\u00e9 colze a colze amb <strong>Yago el mago<\/strong>.<\/p>\n<p>Durada: 1h<\/p>\n<p><strong>Entrada: 10\u20ac<\/strong><\/p>\n<p>Entrades a la venda a <a href=\"https:\/\/entradium.com\/events\/barajando-ilusiones-magia-de-prop-amb-yago-el-mago\" target=\"_blank\" rel=\"noopener\">https:\/\/entradium.com\/events\/barajando-ilusiones-magia-de-prop-amb-yago-el-mago<\/a><\/p>\n","protected":false},"excerpt":{"rendered":"<p>Barajando Ilusiones \u00e9s un espectacle de m\u00e0gia de prop on podr\u00e0s gaudir de tot el talent d&#8217;aquest jove mag que al 2023 ho va poder mostrar tamb\u00e9 a Got Talent. ENCUENTRO acull un xou sorprenent i din\u00e0mic en qu\u00e8 parpellejar ser\u00e0 tot un risc encara estant gaireb\u00e9 colze a colze amb Yago el mago. Durada: [&hellip;]<\/p>\n","protected":false},"author":1,"featured_media":616,"template":"","meta":{"_tribe_events_status":"","_tribe_events_status_reason":"","footnotes":""},"tags":[],"tribe_events_cat":[17,30],"class_list":["post-615","tribe_events","type-tribe_events","status-publish","has-post-thumbnail","hentry","tribe_events_cat-familiar","tribe_events_cat-magia","cat_familiar","cat_magia","post","post-with-thumbnail","post-with-thumbnail-large"],"yoast_head":"<!-- This site is optimized with the Yoast SEO plugin v27.5 - https:\/\/yoast.com\/product\/yoast-seo-wordpress\/ -->\n<title>Barajando Ilusiones - M\u00e0gia de Prop amb Yago el Mago - Crear Compartir<\/title>\n<meta name=\"robots\" content=\"index, follow, max-snippet:-1, max-image-preview:large, max-video-preview:-1\" \/>\n<link rel=\"canonical\" href=\"https:\/\/crearcompartir.com\/wordpress\/agenda\/barajando-ilusiones-magia-de-prop-amb-yago-el-mago\/\" \/>\n<meta property=\"og:locale\" content=\"es_ES\" \/>\n<meta property=\"og:type\" content=\"article\" \/>\n<meta property=\"og:title\" content=\"Barajando Ilusiones - M\u00e0gia de Prop amb Yago el Mago - Crear Compartir\" \/>\n<meta property=\"og:description\" content=\"Barajando Ilusiones \u00e9s un espectacle de m\u00e0gia de prop on podr\u00e0s gaudir de tot el talent d&#8217;aquest jove mag que al 2023 ho va poder mostrar tamb\u00e9 a Got Talent. ENCUENTRO acull un xou sorprenent i din\u00e0mic en qu\u00e8 parpellejar ser\u00e0 tot un risc encara estant gaireb\u00e9 colze a colze amb Yago el mago. Durada: [&hellip;]\" \/>\n<meta property=\"og:url\" content=\"https:\/\/crearcompartir.com\/wordpress\/agenda\/barajando-ilusiones-magia-de-prop-amb-yago-el-mago\/\" \/>\n<meta property=\"og:site_name\" content=\"Crear Compartir\" \/>\n<meta property=\"article:publisher\" content=\"https:\/\/www.facebook.com\/profile.php?id=100093587113765\" \/>\n<meta property=\"article:modified_time\" content=\"2024-09-07T08:43:33+00:00\" \/>\n<meta property=\"og:image\" content=\"http:\/\/crearcompartir.com\/wordpress\/wp-content\/uploads\/2024\/09\/yago_web.jpg\" \/>\n\t<meta property=\"og:image:width\" content=\"200\" \/>\n\t<meta property=\"og:image:height\" content=\"283\" \/>\n\t<meta property=\"og:image:type\" content=\"image\/jpeg\" \/>\n<meta name=\"twitter:card\" content=\"summary_large_image\" \/>\n<meta name=\"twitter:site\" content=\"@crearcompartir\" \/>\n<meta name=\"twitter:label1\" content=\"Tiempo de lectura\" \/>\n\t<meta name=\"twitter:data1\" content=\"1 minuto\" \/>\n<script type=\"application\/ld+json\" class=\"yoast-schema-graph\">{\"@context\":\"https:\\\/\\\/schema.org\",\"@graph\":[{\"@type\":\"WebPage\",\"@id\":\"https:\\\/\\\/crearcompartir.com\\\/wordpress\\\/agenda\\\/barajando-ilusiones-magia-de-prop-amb-yago-el-mago\\\/\",\"url\":\"https:\\\/\\\/crearcompartir.com\\\/wordpress\\\/agenda\\\/barajando-ilusiones-magia-de-prop-amb-yago-el-mago\\\/\",\"name\":\"Barajando Ilusiones - M\u00e0gia de Prop amb Yago el Mago - Crear Compartir\",\"isPartOf\":{\"@id\":\"https:\\\/\\\/crearcompartir.com\\\/wordpress\\\/#website\"},\"primaryImageOfPage\":{\"@id\":\"https:\\\/\\\/crearcompartir.com\\\/wordpress\\\/agenda\\\/barajando-ilusiones-magia-de-prop-amb-yago-el-mago\\\/#primaryimage\"},\"image\":{\"@id\":\"https:\\\/\\\/crearcompartir.com\\\/wordpress\\\/agenda\\\/barajando-ilusiones-magia-de-prop-amb-yago-el-mago\\\/#primaryimage\"},\"thumbnailUrl\":\"https:\\\/\\\/crearcompartir.com\\\/wordpress\\\/wp-content\\\/uploads\\\/2024\\\/09\\\/yago_web.jpg\",\"datePublished\":\"2024-09-07T08:36:09+00:00\",\"dateModified\":\"2024-09-07T08:43:33+00:00\",\"breadcrumb\":{\"@id\":\"https:\\\/\\\/crearcompartir.com\\\/wordpress\\\/agenda\\\/barajando-ilusiones-magia-de-prop-amb-yago-el-mago\\\/#breadcrumb\"},\"inLanguage\":\"es\",\"potentialAction\":[{\"@type\":\"ReadAction\",\"target\":[\"https:\\\/\\\/crearcompartir.com\\\/wordpress\\\/agenda\\\/barajando-ilusiones-magia-de-prop-amb-yago-el-mago\\\/\"]}]},{\"@type\":\"ImageObject\",\"inLanguage\":\"es\",\"@id\":\"https:\\\/\\\/crearcompartir.com\\\/wordpress\\\/agenda\\\/barajando-ilusiones-magia-de-prop-amb-yago-el-mago\\\/#primaryimage\",\"url\":\"https:\\\/\\\/crearcompartir.com\\\/wordpress\\\/wp-content\\\/uploads\\\/2024\\\/09\\\/yago_web.jpg\",\"contentUrl\":\"https:\\\/\\\/crearcompartir.com\\\/wordpress\\\/wp-content\\\/uploads\\\/2024\\\/09\\\/yago_web.jpg\",\"width\":200,\"height\":283},{\"@type\":\"BreadcrumbList\",\"@id\":\"https:\\\/\\\/crearcompartir.com\\\/wordpress\\\/agenda\\\/barajando-ilusiones-magia-de-prop-amb-yago-el-mago\\\/#breadcrumb\",\"itemListElement\":[{\"@type\":\"ListItem\",\"position\":1,\"name\":\"Portada\",\"item\":\"https:\\\/\\\/crearcompartir.com\\\/wordpress\\\/\"},{\"@type\":\"ListItem\",\"position\":2,\"name\":\"Eventos\",\"item\":\"https:\\\/\\\/crearcompartir.com\\\/wordpress\\\/agenda\\\/\"},{\"@type\":\"ListItem\",\"position\":3,\"name\":\"Barajando Ilusiones &#8211; M\u00e0gia de Prop amb Yago el Mago\"}]},{\"@type\":\"WebSite\",\"@id\":\"https:\\\/\\\/crearcompartir.com\\\/wordpress\\\/#website\",\"url\":\"https:\\\/\\\/crearcompartir.com\\\/wordpress\\\/\",\"name\":\"Crear Compartir\",\"description\":\"Web oficial de la entidad sociocultural Crear Compartir\",\"publisher\":{\"@id\":\"https:\\\/\\\/crearcompartir.com\\\/wordpress\\\/#organization\"},\"potentialAction\":[{\"@type\":\"SearchAction\",\"target\":{\"@type\":\"EntryPoint\",\"urlTemplate\":\"https:\\\/\\\/crearcompartir.com\\\/wordpress\\\/?s={search_term_string}\"},\"query-input\":{\"@type\":\"PropertyValueSpecification\",\"valueRequired\":true,\"valueName\":\"search_term_string\"}}],\"inLanguage\":\"es\"},{\"@type\":\"Organization\",\"@id\":\"https:\\\/\\\/crearcompartir.com\\\/wordpress\\\/#organization\",\"name\":\"Asociaci\u00f3n Crear y Compartir\",\"url\":\"https:\\\/\\\/crearcompartir.com\\\/wordpress\\\/\",\"logo\":{\"@type\":\"ImageObject\",\"inLanguage\":\"es\",\"@id\":\"https:\\\/\\\/crearcompartir.com\\\/wordpress\\\/#\\\/schema\\\/logo\\\/image\\\/\",\"url\":\"https:\\\/\\\/crearcompartir.com\\\/wordpress\\\/wp-content\\\/uploads\\\/2023\\\/10\\\/logo_transparent-e1696433415887.png\",\"contentUrl\":\"https:\\\/\\\/crearcompartir.com\\\/wordpress\\\/wp-content\\\/uploads\\\/2023\\\/10\\\/logo_transparent-e1696433415887.png\",\"width\":199,\"height\":131,\"caption\":\"Asociaci\u00f3n Crear y Compartir\"},\"image\":{\"@id\":\"https:\\\/\\\/crearcompartir.com\\\/wordpress\\\/#\\\/schema\\\/logo\\\/image\\\/\"},\"sameAs\":[\"https:\\\/\\\/www.facebook.com\\\/profile.php?id=100093587113765\",\"https:\\\/\\\/x.com\\\/crearcompartir\",\"https:\\\/\\\/www.instagram.com\\\/crearcompartir\\\/\"]}]}<\/script>\n<!-- \/ Yoast SEO plugin. -->","yoast_head_json":{"title":"Barajando Ilusiones - M\u00e0gia de Prop amb Yago el Mago - Crear Compartir","robots":{"index":"index","follow":"follow","max-snippet":"max-snippet:-1","max-image-preview":"max-image-preview:large","max-video-preview":"max-video-preview:-1"},"canonical":"https:\/\/crearcompartir.com\/wordpress\/agenda\/barajando-ilusiones-magia-de-prop-amb-yago-el-mago\/","og_locale":"es_ES","og_type":"article","og_title":"Barajando Ilusiones - M\u00e0gia de Prop amb Yago el Mago - Crear Compartir","og_description":"Barajando Ilusiones \u00e9s un espectacle de m\u00e0gia de prop on podr\u00e0s gaudir de tot el talent d&#8217;aquest jove mag que al 2023 ho va poder mostrar tamb\u00e9 a Got Talent. ENCUENTRO acull un xou sorprenent i din\u00e0mic en qu\u00e8 parpellejar ser\u00e0 tot un risc encara estant gaireb\u00e9 colze a colze amb Yago el mago. Durada: [&hellip;]","og_url":"https:\/\/crearcompartir.com\/wordpress\/agenda\/barajando-ilusiones-magia-de-prop-amb-yago-el-mago\/","og_site_name":"Crear Compartir","article_publisher":"https:\/\/www.facebook.com\/profile.php?id=100093587113765","article_modified_time":"2024-09-07T08:43:33+00:00","og_image":[{"width":200,"height":283,"url":"http:\/\/crearcompartir.com\/wordpress\/wp-content\/uploads\/2024\/09\/yago_web.jpg","type":"image\/jpeg"}],"twitter_card":"summary_large_image","twitter_site":"@crearcompartir","twitter_misc":{"Tiempo de lectura":"1 minuto"},"schema":{"@context":"https:\/\/schema.org","@graph":[{"@type":"WebPage","@id":"https:\/\/crearcompartir.com\/wordpress\/agenda\/barajando-ilusiones-magia-de-prop-amb-yago-el-mago\/","url":"https:\/\/crearcompartir.com\/wordpress\/agenda\/barajando-ilusiones-magia-de-prop-amb-yago-el-mago\/","name":"Barajando Ilusiones - M\u00e0gia de Prop amb Yago el Mago - Crear Compartir","isPartOf":{"@id":"https:\/\/crearcompartir.com\/wordpress\/#website"},"primaryImageOfPage":{"@id":"https:\/\/crearcompartir.com\/wordpress\/agenda\/barajando-ilusiones-magia-de-prop-amb-yago-el-mago\/#primaryimage"},"image":{"@id":"https:\/\/crearcompartir.com\/wordpress\/agenda\/barajando-ilusiones-magia-de-prop-amb-yago-el-mago\/#primaryimage"},"thumbnailUrl":"https:\/\/crearcompartir.com\/wordpress\/wp-content\/uploads\/2024\/09\/yago_web.jpg","datePublished":"2024-09-07T08:36:09+00:00","dateModified":"2024-09-07T08:43:33+00:00","breadcrumb":{"@id":"https:\/\/crearcompartir.com\/wordpress\/agenda\/barajando-ilusiones-magia-de-prop-amb-yago-el-mago\/#breadcrumb"},"inLanguage":"es","potentialAction":[{"@type":"ReadAction","target":["https:\/\/crearcompartir.com\/wordpress\/agenda\/barajando-ilusiones-magia-de-prop-amb-yago-el-mago\/"]}]},{"@type":"ImageObject","inLanguage":"es","@id":"https:\/\/crearcompartir.com\/wordpress\/agenda\/barajando-ilusiones-magia-de-prop-amb-yago-el-mago\/#primaryimage","url":"https:\/\/crearcompartir.com\/wordpress\/wp-content\/uploads\/2024\/09\/yago_web.jpg","contentUrl":"https:\/\/crearcompartir.com\/wordpress\/wp-content\/uploads\/2024\/09\/yago_web.jpg","width":200,"height":283},{"@type":"BreadcrumbList","@id":"https:\/\/crearcompartir.com\/wordpress\/agenda\/barajando-ilusiones-magia-de-prop-amb-yago-el-mago\/#breadcrumb","itemListElement":[{"@type":"ListItem","position":1,"name":"Portada","item":"https:\/\/crearcompartir.com\/wordpress\/"},{"@type":"ListItem","position":2,"name":"Eventos","item":"https:\/\/crearcompartir.com\/wordpress\/agenda\/"},{"@type":"ListItem","position":3,"name":"Barajando Ilusiones &#8211; M\u00e0gia de Prop amb Yago el Mago"}]},{"@type":"WebSite","@id":"https:\/\/crearcompartir.com\/wordpress\/#website","url":"https:\/\/crearcompartir.com\/wordpress\/","name":"Crear Compartir","description":"Web oficial de la entidad sociocultural Crear Compartir","publisher":{"@id":"https:\/\/crearcompartir.com\/wordpress\/#organization"},"potentialAction":[{"@type":"SearchAction","target":{"@type":"EntryPoint","urlTemplate":"https:\/\/crearcompartir.com\/wordpress\/?s={search_term_string}"},"query-input":{"@type":"PropertyValueSpecification","valueRequired":true,"valueName":"search_term_string"}}],"inLanguage":"es"},{"@type":"Organization","@id":"https:\/\/crearcompartir.com\/wordpress\/#organization","name":"Asociaci\u00f3n Crear y Compartir","url":"https:\/\/crearcompartir.com\/wordpress\/","logo":{"@type":"ImageObject","inLanguage":"es","@id":"https:\/\/crearcompartir.com\/wordpress\/#\/schema\/logo\/image\/","url":"https:\/\/crearcompartir.com\/wordpress\/wp-content\/uploads\/2023\/10\/logo_transparent-e1696433415887.png","contentUrl":"https:\/\/crearcompartir.com\/wordpress\/wp-content\/uploads\/2023\/10\/logo_transparent-e1696433415887.png","width":199,"height":131,"caption":"Asociaci\u00f3n Crear y Compartir"},"image":{"@id":"https:\/\/crearcompartir.com\/wordpress\/#\/schema\/logo\/image\/"},"sameAs":["https:\/\/www.facebook.com\/profile.php?id=100093587113765","https:\/\/x.com\/crearcompartir","https:\/\/www.instagram.com\/crearcompartir\/"]}]}},"jetpack_sharing_enabled":true,"_links":{"self":[{"href":"https:\/\/crearcompartir.com\/wordpress\/wp-json\/wp\/v2\/tribe_events\/615","targetHints":{"allow":["GET"]}}],"collection":[{"href":"https:\/\/crearcompartir.com\/wordpress\/wp-json\/wp\/v2\/tribe_events"}],"about":[{"href":"https:\/\/crearcompartir.com\/wordpress\/wp-json\/wp\/v2\/types\/tribe_events"}],"author":[{"embeddable":true,"href":"https:\/\/crearcompartir.com\/wordpress\/wp-json\/wp\/v2\/users\/1"}],"version-history":[{"count":3,"href":"https:\/\/crearcompartir.com\/wordpress\/wp-json\/wp\/v2\/tribe_events\/615\/revisions"}],"predecessor-version":[{"id":619,"href":"https:\/\/crearcompartir.com\/wordpress\/wp-json\/wp\/v2\/tribe_events\/615\/revisions\/619"}],"wp:featuredmedia":[{"embeddable":true,"href":"https:\/\/crearcompartir.com\/wordpress\/wp-json\/wp\/v2\/media\/616"}],"wp:attachment":[{"href":"https:\/\/crearcompartir.com\/wordpress\/wp-json\/wp\/v2\/media?parent=615"}],"wp:term":[{"taxonomy":"post_tag","embeddable":true,"href":"https:\/\/crearcompartir.com\/wordpress\/wp-json\/wp\/v2\/tags?post=615"},{"taxonomy":"tribe_events_cat","embeddable":true,"href":"https:\/\/crearcompartir.com\/wordpress\/wp-json\/wp\/v2\/tribe_events_cat?post=615"}],"curies":[{"name":"wp","href":"https:\/\/api.w.org\/{rel}","templated":true}]}}