{"id":625,"date":"2024-09-07T13:49:57","date_gmt":"2024-09-07T11:49:57","guid":{"rendered":"https:\/\/crearcompartir.com\/wordpress\/?post_type=tribe_events&#038;p=625"},"modified":"2024-09-07T14:04:16","modified_gmt":"2024-09-07T12:04:16","slug":"carme-nalini-concierto-de-mantras","status":"publish","type":"tribe_events","link":"https:\/\/crearcompartir.com\/wordpress\/agenda\/carme-nalini-concierto-de-mantras\/","title":{"rendered":"Carme Nalini &#8211; concierto de mantras"},"content":{"rendered":"<p><strong>Carme Nalini<\/strong> ofrecer\u00e1 en ENCUENTRO un concierto de mantras preparado la ocasi\u00f3n, acoma\u00f1ada de su harmonium.<\/p>\n<p>Carme ha actuado en diferentes festivales de yoga, mantras y eventos espirituales, junto a otros maestros como Manu Om o Lucas Masciano.<\/p>\n<p>Carme Nalini es cantante de mantras. Desde 2005 es directora y profesora del centro de yoga <a href=\"http:\/\/www.yogagranollers.com\" target=\"_blank\" rel=\"noopener\">Narayana<\/a>. Grab\u00f3 el disco &#8216;Mantras&#8217; en 2009. En el 2013 naci\u00f3 un nuevo disco m\u00e1s mediterr\u00e1neo, con composiciones propias, &#8216;Cierro los ojos&#8217;. En el 2014 colabor\u00e9 en el disco-libro de Vicente Merlo &#8216;Sabidur\u00eda y Gratitud&#8217; Ed.Kair\u00f3s. Es cantante de jazz y, antes de dedicarse profesionalmente al mundo del yoga, desarroll\u00f3 una carrera en el mundo del teatro musical protagonizando espect\u00e1culos de teatro musical de Dagoll Dagom como &#8216;Mar i Cel&#8217; o &#8216;Flor de Nit&#8217;.<\/p>\n<p>Carme explica: \u00ab<em>Cuando el yoga apareci\u00f3 en mi Vida, transform\u00f3 mi trayectoria de actriz de musical y profesora de jazz vocal, se abri\u00f3 mi coraz\u00f3n a una nueva manera de cantar. Mi misi\u00f3n es ayudaros a tener independencia, capacidad para saber qu\u00e9, c\u00f3mo, y cuando cantar, para hacerlo en tus clases, y conectar m\u00e1s a\u00fan con esa capacidad de escucha de tu coraz\u00f3n. Para conectar con tu Fuente. Para crear pura magia.<\/em>\u00bb<\/p>\n<p><strong>Entrada: 12\u20ac<\/strong><\/p>\n<p>Entradas a la venta en <a href=\"https:\/\/entradium.com\/events\/carme-nalini-concierto-de-mantras\" target=\"_blank\" rel=\"noopener\">https:\/\/entradium.com\/events\/carme-nalini-concierto-de-mantras<\/a><\/p>\n","protected":false},"excerpt":{"rendered":"<p>Carme Nalini ofrecer\u00e1 en ENCUENTRO un concierto de mantras preparado la ocasi\u00f3n, acoma\u00f1ada de su harmonium. Carme ha actuado en diferentes festivales de yoga, mantras y eventos espirituales, junto a otros maestros como Manu Om o Lucas Masciano. Carme Nalini es cantante de mantras. Desde 2005 es directora y profesora del centro de yoga Narayana. [&hellip;]<\/p>\n","protected":false},"author":1,"featured_media":626,"template":"","meta":{"_tribe_events_status":"","_tribe_events_status_reason":"","footnotes":""},"tags":[],"tribe_events_cat":[10,22,5,16],"class_list":["post-625","tribe_events","type-tribe_events","status-publish","has-post-thumbnail","hentry","tribe_events_cat-concierto","tribe_events_cat-crecimiento-personal","tribe_events_cat-espiritualidad","tribe_events_cat-yoga","cat_concierto","cat_crecimiento-personal","cat_espiritualidad","cat_yoga","post","post-with-thumbnail","post-with-thumbnail-large"],"yoast_head":"<!-- This site is optimized with the Yoast SEO plugin v27.5 - https:\/\/yoast.com\/product\/yoast-seo-wordpress\/ -->\n<title>Carme Nalini - concierto de mantras - Crear Compartir<\/title>\n<meta name=\"robots\" content=\"index, follow, max-snippet:-1, max-image-preview:large, max-video-preview:-1\" \/>\n<link rel=\"canonical\" href=\"https:\/\/crearcompartir.com\/wordpress\/agenda\/carme-nalini-concierto-de-mantras\/\" \/>\n<meta property=\"og:locale\" content=\"es_ES\" \/>\n<meta property=\"og:type\" content=\"article\" \/>\n<meta property=\"og:title\" content=\"Carme Nalini - concierto de mantras - Crear Compartir\" \/>\n<meta property=\"og:description\" content=\"Carme Nalini ofrecer\u00e1 en ENCUENTRO un concierto de mantras preparado la ocasi\u00f3n, acoma\u00f1ada de su harmonium. Carme ha actuado en diferentes festivales de yoga, mantras y eventos espirituales, junto a otros maestros como Manu Om o Lucas Masciano. Carme Nalini es cantante de mantras. Desde 2005 es directora y profesora del centro de yoga Narayana. [&hellip;]\" \/>\n<meta property=\"og:url\" content=\"https:\/\/crearcompartir.com\/wordpress\/agenda\/carme-nalini-concierto-de-mantras\/\" \/>\n<meta property=\"og:site_name\" content=\"Crear Compartir\" \/>\n<meta property=\"article:publisher\" content=\"https:\/\/www.facebook.com\/profile.php?id=100093587113765\" \/>\n<meta property=\"article:modified_time\" content=\"2024-09-07T12:04:16+00:00\" \/>\n<meta property=\"og:image\" content=\"http:\/\/crearcompartir.com\/wordpress\/wp-content\/uploads\/2024\/09\/Nalini_web.jpg\" \/>\n\t<meta property=\"og:image:width\" content=\"200\" \/>\n\t<meta property=\"og:image:height\" content=\"283\" \/>\n\t<meta property=\"og:image:type\" content=\"image\/jpeg\" \/>\n<meta name=\"twitter:card\" content=\"summary_large_image\" \/>\n<meta name=\"twitter:site\" content=\"@crearcompartir\" \/>\n<meta name=\"twitter:label1\" content=\"Tiempo de lectura\" \/>\n\t<meta name=\"twitter:data1\" content=\"2 minutos\" \/>\n<script type=\"application\/ld+json\" class=\"yoast-schema-graph\">{\"@context\":\"https:\\\/\\\/schema.org\",\"@graph\":[{\"@type\":\"WebPage\",\"@id\":\"https:\\\/\\\/crearcompartir.com\\\/wordpress\\\/agenda\\\/carme-nalini-concierto-de-mantras\\\/\",\"url\":\"https:\\\/\\\/crearcompartir.com\\\/wordpress\\\/agenda\\\/carme-nalini-concierto-de-mantras\\\/\",\"name\":\"Carme Nalini - concierto de mantras - Crear Compartir\",\"isPartOf\":{\"@id\":\"https:\\\/\\\/crearcompartir.com\\\/wordpress\\\/#website\"},\"primaryImageOfPage\":{\"@id\":\"https:\\\/\\\/crearcompartir.com\\\/wordpress\\\/agenda\\\/carme-nalini-concierto-de-mantras\\\/#primaryimage\"},\"image\":{\"@id\":\"https:\\\/\\\/crearcompartir.com\\\/wordpress\\\/agenda\\\/carme-nalini-concierto-de-mantras\\\/#primaryimage\"},\"thumbnailUrl\":\"https:\\\/\\\/crearcompartir.com\\\/wordpress\\\/wp-content\\\/uploads\\\/2024\\\/09\\\/Nalini_web.jpg\",\"datePublished\":\"2024-09-07T11:49:57+00:00\",\"dateModified\":\"2024-09-07T12:04:16+00:00\",\"breadcrumb\":{\"@id\":\"https:\\\/\\\/crearcompartir.com\\\/wordpress\\\/agenda\\\/carme-nalini-concierto-de-mantras\\\/#breadcrumb\"},\"inLanguage\":\"es\",\"potentialAction\":[{\"@type\":\"ReadAction\",\"target\":[\"https:\\\/\\\/crearcompartir.com\\\/wordpress\\\/agenda\\\/carme-nalini-concierto-de-mantras\\\/\"]}]},{\"@type\":\"ImageObject\",\"inLanguage\":\"es\",\"@id\":\"https:\\\/\\\/crearcompartir.com\\\/wordpress\\\/agenda\\\/carme-nalini-concierto-de-mantras\\\/#primaryimage\",\"url\":\"https:\\\/\\\/crearcompartir.com\\\/wordpress\\\/wp-content\\\/uploads\\\/2024\\\/09\\\/Nalini_web.jpg\",\"contentUrl\":\"https:\\\/\\\/crearcompartir.com\\\/wordpress\\\/wp-content\\\/uploads\\\/2024\\\/09\\\/Nalini_web.jpg\",\"width\":200,\"height\":283},{\"@type\":\"BreadcrumbList\",\"@id\":\"https:\\\/\\\/crearcompartir.com\\\/wordpress\\\/agenda\\\/carme-nalini-concierto-de-mantras\\\/#breadcrumb\",\"itemListElement\":[{\"@type\":\"ListItem\",\"position\":1,\"name\":\"Portada\",\"item\":\"https:\\\/\\\/crearcompartir.com\\\/wordpress\\\/\"},{\"@type\":\"ListItem\",\"position\":2,\"name\":\"Eventos\",\"item\":\"https:\\\/\\\/crearcompartir.com\\\/wordpress\\\/agenda\\\/\"},{\"@type\":\"ListItem\",\"position\":3,\"name\":\"Carme Nalini &#8211; concierto de mantras\"}]},{\"@type\":\"WebSite\",\"@id\":\"https:\\\/\\\/crearcompartir.com\\\/wordpress\\\/#website\",\"url\":\"https:\\\/\\\/crearcompartir.com\\\/wordpress\\\/\",\"name\":\"Crear Compartir\",\"description\":\"Web oficial de la entidad sociocultural Crear Compartir\",\"publisher\":{\"@id\":\"https:\\\/\\\/crearcompartir.com\\\/wordpress\\\/#organization\"},\"potentialAction\":[{\"@type\":\"SearchAction\",\"target\":{\"@type\":\"EntryPoint\",\"urlTemplate\":\"https:\\\/\\\/crearcompartir.com\\\/wordpress\\\/?s={search_term_string}\"},\"query-input\":{\"@type\":\"PropertyValueSpecification\",\"valueRequired\":true,\"valueName\":\"search_term_string\"}}],\"inLanguage\":\"es\"},{\"@type\":\"Organization\",\"@id\":\"https:\\\/\\\/crearcompartir.com\\\/wordpress\\\/#organization\",\"name\":\"Asociaci\u00f3n Crear y Compartir\",\"url\":\"https:\\\/\\\/crearcompartir.com\\\/wordpress\\\/\",\"logo\":{\"@type\":\"ImageObject\",\"inLanguage\":\"es\",\"@id\":\"https:\\\/\\\/crearcompartir.com\\\/wordpress\\\/#\\\/schema\\\/logo\\\/image\\\/\",\"url\":\"https:\\\/\\\/crearcompartir.com\\\/wordpress\\\/wp-content\\\/uploads\\\/2023\\\/10\\\/logo_transparent-e1696433415887.png\",\"contentUrl\":\"https:\\\/\\\/crearcompartir.com\\\/wordpress\\\/wp-content\\\/uploads\\\/2023\\\/10\\\/logo_transparent-e1696433415887.png\",\"width\":199,\"height\":131,\"caption\":\"Asociaci\u00f3n Crear y Compartir\"},\"image\":{\"@id\":\"https:\\\/\\\/crearcompartir.com\\\/wordpress\\\/#\\\/schema\\\/logo\\\/image\\\/\"},\"sameAs\":[\"https:\\\/\\\/www.facebook.com\\\/profile.php?id=100093587113765\",\"https:\\\/\\\/x.com\\\/crearcompartir\",\"https:\\\/\\\/www.instagram.com\\\/crearcompartir\\\/\"]}]}<\/script>\n<!-- \/ Yoast SEO plugin. -->","yoast_head_json":{"title":"Carme Nalini - concierto de mantras - Crear Compartir","robots":{"index":"index","follow":"follow","max-snippet":"max-snippet:-1","max-image-preview":"max-image-preview:large","max-video-preview":"max-video-preview:-1"},"canonical":"https:\/\/crearcompartir.com\/wordpress\/agenda\/carme-nalini-concierto-de-mantras\/","og_locale":"es_ES","og_type":"article","og_title":"Carme Nalini - concierto de mantras - Crear Compartir","og_description":"Carme Nalini ofrecer\u00e1 en ENCUENTRO un concierto de mantras preparado la ocasi\u00f3n, acoma\u00f1ada de su harmonium. Carme ha actuado en diferentes festivales de yoga, mantras y eventos espirituales, junto a otros maestros como Manu Om o Lucas Masciano. Carme Nalini es cantante de mantras. Desde 2005 es directora y profesora del centro de yoga Narayana. [&hellip;]","og_url":"https:\/\/crearcompartir.com\/wordpress\/agenda\/carme-nalini-concierto-de-mantras\/","og_site_name":"Crear Compartir","article_publisher":"https:\/\/www.facebook.com\/profile.php?id=100093587113765","article_modified_time":"2024-09-07T12:04:16+00:00","og_image":[{"width":200,"height":283,"url":"http:\/\/crearcompartir.com\/wordpress\/wp-content\/uploads\/2024\/09\/Nalini_web.jpg","type":"image\/jpeg"}],"twitter_card":"summary_large_image","twitter_site":"@crearcompartir","twitter_misc":{"Tiempo de lectura":"2 minutos"},"schema":{"@context":"https:\/\/schema.org","@graph":[{"@type":"WebPage","@id":"https:\/\/crearcompartir.com\/wordpress\/agenda\/carme-nalini-concierto-de-mantras\/","url":"https:\/\/crearcompartir.com\/wordpress\/agenda\/carme-nalini-concierto-de-mantras\/","name":"Carme Nalini - concierto de mantras - Crear Compartir","isPartOf":{"@id":"https:\/\/crearcompartir.com\/wordpress\/#website"},"primaryImageOfPage":{"@id":"https:\/\/crearcompartir.com\/wordpress\/agenda\/carme-nalini-concierto-de-mantras\/#primaryimage"},"image":{"@id":"https:\/\/crearcompartir.com\/wordpress\/agenda\/carme-nalini-concierto-de-mantras\/#primaryimage"},"thumbnailUrl":"https:\/\/crearcompartir.com\/wordpress\/wp-content\/uploads\/2024\/09\/Nalini_web.jpg","datePublished":"2024-09-07T11:49:57+00:00","dateModified":"2024-09-07T12:04:16+00:00","breadcrumb":{"@id":"https:\/\/crearcompartir.com\/wordpress\/agenda\/carme-nalini-concierto-de-mantras\/#breadcrumb"},"inLanguage":"es","potentialAction":[{"@type":"ReadAction","target":["https:\/\/crearcompartir.com\/wordpress\/agenda\/carme-nalini-concierto-de-mantras\/"]}]},{"@type":"ImageObject","inLanguage":"es","@id":"https:\/\/crearcompartir.com\/wordpress\/agenda\/carme-nalini-concierto-de-mantras\/#primaryimage","url":"https:\/\/crearcompartir.com\/wordpress\/wp-content\/uploads\/2024\/09\/Nalini_web.jpg","contentUrl":"https:\/\/crearcompartir.com\/wordpress\/wp-content\/uploads\/2024\/09\/Nalini_web.jpg","width":200,"height":283},{"@type":"BreadcrumbList","@id":"https:\/\/crearcompartir.com\/wordpress\/agenda\/carme-nalini-concierto-de-mantras\/#breadcrumb","itemListElement":[{"@type":"ListItem","position":1,"name":"Portada","item":"https:\/\/crearcompartir.com\/wordpress\/"},{"@type":"ListItem","position":2,"name":"Eventos","item":"https:\/\/crearcompartir.com\/wordpress\/agenda\/"},{"@type":"ListItem","position":3,"name":"Carme Nalini &#8211; concierto de mantras"}]},{"@type":"WebSite","@id":"https:\/\/crearcompartir.com\/wordpress\/#website","url":"https:\/\/crearcompartir.com\/wordpress\/","name":"Crear Compartir","description":"Web oficial de la entidad sociocultural Crear Compartir","publisher":{"@id":"https:\/\/crearcompartir.com\/wordpress\/#organization"},"potentialAction":[{"@type":"SearchAction","target":{"@type":"EntryPoint","urlTemplate":"https:\/\/crearcompartir.com\/wordpress\/?s={search_term_string}"},"query-input":{"@type":"PropertyValueSpecification","valueRequired":true,"valueName":"search_term_string"}}],"inLanguage":"es"},{"@type":"Organization","@id":"https:\/\/crearcompartir.com\/wordpress\/#organization","name":"Asociaci\u00f3n Crear y Compartir","url":"https:\/\/crearcompartir.com\/wordpress\/","logo":{"@type":"ImageObject","inLanguage":"es","@id":"https:\/\/crearcompartir.com\/wordpress\/#\/schema\/logo\/image\/","url":"https:\/\/crearcompartir.com\/wordpress\/wp-content\/uploads\/2023\/10\/logo_transparent-e1696433415887.png","contentUrl":"https:\/\/crearcompartir.com\/wordpress\/wp-content\/uploads\/2023\/10\/logo_transparent-e1696433415887.png","width":199,"height":131,"caption":"Asociaci\u00f3n Crear y Compartir"},"image":{"@id":"https:\/\/crearcompartir.com\/wordpress\/#\/schema\/logo\/image\/"},"sameAs":["https:\/\/www.facebook.com\/profile.php?id=100093587113765","https:\/\/x.com\/crearcompartir","https:\/\/www.instagram.com\/crearcompartir\/"]}]}},"jetpack_sharing_enabled":true,"_links":{"self":[{"href":"https:\/\/crearcompartir.com\/wordpress\/wp-json\/wp\/v2\/tribe_events\/625","targetHints":{"allow":["GET"]}}],"collection":[{"href":"https:\/\/crearcompartir.com\/wordpress\/wp-json\/wp\/v2\/tribe_events"}],"about":[{"href":"https:\/\/crearcompartir.com\/wordpress\/wp-json\/wp\/v2\/types\/tribe_events"}],"author":[{"embeddable":true,"href":"https:\/\/crearcompartir.com\/wordpress\/wp-json\/wp\/v2\/users\/1"}],"version-history":[{"count":3,"href":"https:\/\/crearcompartir.com\/wordpress\/wp-json\/wp\/v2\/tribe_events\/625\/revisions"}],"predecessor-version":[{"id":629,"href":"https:\/\/crearcompartir.com\/wordpress\/wp-json\/wp\/v2\/tribe_events\/625\/revisions\/629"}],"wp:featuredmedia":[{"embeddable":true,"href":"https:\/\/crearcompartir.com\/wordpress\/wp-json\/wp\/v2\/media\/626"}],"wp:attachment":[{"href":"https:\/\/crearcompartir.com\/wordpress\/wp-json\/wp\/v2\/media?parent=625"}],"wp:term":[{"taxonomy":"post_tag","embeddable":true,"href":"https:\/\/crearcompartir.com\/wordpress\/wp-json\/wp\/v2\/tags?post=625"},{"taxonomy":"tribe_events_cat","embeddable":true,"href":"https:\/\/crearcompartir.com\/wordpress\/wp-json\/wp\/v2\/tribe_events_cat?post=625"}],"curies":[{"name":"wp","href":"https:\/\/api.w.org\/{rel}","templated":true}]}}