{"id":711,"date":"2024-11-05T14:21:02","date_gmt":"2024-11-05T12:21:02","guid":{"rendered":"https:\/\/crearcompartir.com\/wordpress\/?post_type=tribe_events&#038;p=711"},"modified":"2025-01-04T13:31:48","modified_gmt":"2025-01-04T11:31:48","slug":"presentacio-llibre-heredaras-la-sangre-doscar-esteban-amb-la-figaflor","status":"publish","type":"tribe_events","link":"https:\/\/crearcompartir.com\/wordpress\/agenda\/presentacio-llibre-heredaras-la-sangre-doscar-esteban-amb-la-figaflor\/","title":{"rendered":"Presentaci\u00f3 Llibre HEREDAR\u00c1S LA SANGRE d&#8217;\u00d2scar Esteban amb La Figaflor"},"content":{"rendered":"<p><strong>Roc\u00edo Castell<\/strong>, llibretera de <strong>La Figaflor<\/strong> conversar\u00e0 amb<strong> \u00d2scar Esteban<\/strong> sobre el seu darrer llibre <strong>&#8216;Heredar\u00e1s La Sangre&#8217;<\/strong>, publicat el 2022 per l&#8217;Editorial Planeta.<\/p>\n<p>L&#8217;acte comptar\u00e0 tamb\u00e9 amb l&#8217;actuaci\u00f3 en directe del cantautor <strong>Joaky<\/strong>.<\/p>\n<p><strong>HEREDAR\u00c1S LA SANGRE:<\/strong><\/p>\n<p>Durant el cap de setmana de l&#8217;onze de setembre de l&#8217;any 73 en Ibacache, un poble al nord de Santiago de Xile, una fam\u00edlia es reuneix en la hisenda familiar per la malaltia del patriarca Jos\u00e9 de P\u00e1ramo.<\/p>\n<p>Els records de la desaparici\u00f3 de la mare Vict\u00f2ria divuit anys enrere, faran despertar vells records i lluites ajornades per la dist\u00e0ncia entre els quatre fills i el seu pare.<\/p>\n<p>Allende viu els seus \u00faltims dies en el Palau de la Moneda mentre veu com se&#8217;l seu ex\u00e8rcit es regira contra la democr\u00e0cia a lloms del general Pinochet.<\/p>\n<p>La lluita de classes aixecar\u00e0 les mis\u00e8ries del poble xil\u00e8, i a l&#8217;interior de cada fam\u00edlia, cada record ajornat.<\/p>\n<p>No s&#8217;obliden els records ni les venjances.<\/p>\n<p>No s&#8217;hereten solament els records, tamb\u00e9 la sang.<\/p>\n<p><strong>\u00d3scar Esteban,<\/strong> va n\u00e9ixer l&#8217;estiu de l&#8217;any 75 a Barcelona. Educador social de professi\u00f3 des dels dinou anys. Va viatjar als campaments sahrau\u00eds d&#8217;Alg\u00e8ria dins d&#8217;un projecte de cooperaci\u00f3, on va comen\u00e7ar a escriure un diari de viatge sobre la vida en un camp de refugiats, S\u00e0hara en mi. Fruit d&#8217;alguns viatges de cooperaci\u00f3 sobre els camps\u00a0 d&#8217;extermini nazis, va entrar a formar part de la Amical Mauthausen de Barcelona. Sobre el conflicte de la 2a Guerra Mundial, va escriure La Plaza de los Se\u00f1ores i Buenos Aires, la ciudad de la furia (Chiado Editorial)<br \/>\nHa coescrit dos poemaris, Clarinvidencia i Sobrevive a tus inviernos.<br \/>\nHa col\u00b7laborat en la compilaci\u00f3 antol\u00f2gica a la figura de Roberto Juarroz, La met\u00e0fora incompleta i en l&#8217;antologia de la poesia espanyola contempor\u00e0nia I Lo dem\u00e0s es silencio Vol I i Vol II (Chiado Editorial)<br \/>\nSobre el final del franquisme i l&#8217;auge de la banda armada ETA, va escriure en el 2019, Lorca, tu nombre bajo el agua.<br \/>\nActualment, comissari de Cardedeu Temps Mort &#8211; Setmana Negra.<\/p>\n<p><strong>ACTIVITAT GRATU\u00cfTA<\/strong><\/p>\n","protected":false},"excerpt":{"rendered":"<p>Roc\u00edo Castell, llibretera de La Figaflor conversar\u00e0 amb \u00d2scar Esteban sobre el seu darrer llibre &#8216;Heredar\u00e1s La Sangre&#8217;, publicat el 2022 per l&#8217;Editorial Planeta. L&#8217;acte comptar\u00e0 tamb\u00e9 amb l&#8217;actuaci\u00f3 en directe del cantautor Joaky. HEREDAR\u00c1S LA SANGRE: Durant el cap de setmana de l&#8217;onze de setembre de l&#8217;any 73 en Ibacache, un poble al nord [&hellip;]<\/p>\n","protected":false},"author":1,"featured_media":712,"template":"","meta":{"_tribe_events_status":"","_tribe_events_status_reason":"","footnotes":""},"tags":[],"tribe_events_cat":[31,14],"class_list":["post-711","tribe_events","type-tribe_events","status-publish","has-post-thumbnail","hentry","tribe_events_cat-libros","tribe_events_cat-presentacion","cat_libros","cat_presentacion","post","post-with-thumbnail","post-with-thumbnail-large"],"yoast_head":"<!-- This site is optimized with the Yoast SEO plugin v27.5 - https:\/\/yoast.com\/product\/yoast-seo-wordpress\/ -->\n<title>Presentaci\u00f3 Llibre HEREDAR\u00c1S LA SANGRE d&#039;\u00d2scar Esteban amb La Figaflor - Crear Compartir<\/title>\n<meta name=\"robots\" content=\"index, follow, max-snippet:-1, max-image-preview:large, max-video-preview:-1\" \/>\n<link rel=\"canonical\" href=\"https:\/\/crearcompartir.com\/wordpress\/agenda\/presentacio-llibre-heredaras-la-sangre-doscar-esteban-amb-la-figaflor\/\" \/>\n<meta property=\"og:locale\" content=\"es_ES\" \/>\n<meta property=\"og:type\" content=\"article\" \/>\n<meta property=\"og:title\" content=\"Presentaci\u00f3 Llibre HEREDAR\u00c1S LA SANGRE d&#039;\u00d2scar Esteban amb La Figaflor - Crear Compartir\" \/>\n<meta property=\"og:description\" content=\"Roc\u00edo Castell, llibretera de La Figaflor conversar\u00e0 amb \u00d2scar Esteban sobre el seu darrer llibre &#8216;Heredar\u00e1s La Sangre&#8217;, publicat el 2022 per l&#8217;Editorial Planeta. L&#8217;acte comptar\u00e0 tamb\u00e9 amb l&#8217;actuaci\u00f3 en directe del cantautor Joaky. HEREDAR\u00c1S LA SANGRE: Durant el cap de setmana de l&#8217;onze de setembre de l&#8217;any 73 en Ibacache, un poble al nord [&hellip;]\" \/>\n<meta property=\"og:url\" content=\"https:\/\/crearcompartir.com\/wordpress\/agenda\/presentacio-llibre-heredaras-la-sangre-doscar-esteban-amb-la-figaflor\/\" \/>\n<meta property=\"og:site_name\" content=\"Crear Compartir\" \/>\n<meta property=\"article:publisher\" content=\"https:\/\/www.facebook.com\/profile.php?id=100093587113765\" \/>\n<meta property=\"article:modified_time\" content=\"2025-01-04T11:31:48+00:00\" \/>\n<meta property=\"og:image\" content=\"http:\/\/crearcompartir.com\/wordpress\/wp-content\/uploads\/2024\/11\/Llibre_web.jpg\" \/>\n\t<meta property=\"og:image:width\" content=\"200\" \/>\n\t<meta property=\"og:image:height\" content=\"283\" \/>\n\t<meta property=\"og:image:type\" content=\"image\/jpeg\" \/>\n<meta name=\"twitter:card\" content=\"summary_large_image\" \/>\n<meta name=\"twitter:site\" content=\"@crearcompartir\" \/>\n<meta name=\"twitter:label1\" content=\"Tiempo de lectura\" \/>\n\t<meta name=\"twitter:data1\" content=\"2 minutos\" \/>\n<script type=\"application\/ld+json\" class=\"yoast-schema-graph\">{\"@context\":\"https:\\\/\\\/schema.org\",\"@graph\":[{\"@type\":\"WebPage\",\"@id\":\"https:\\\/\\\/crearcompartir.com\\\/wordpress\\\/agenda\\\/presentacio-llibre-heredaras-la-sangre-doscar-esteban-amb-la-figaflor\\\/\",\"url\":\"https:\\\/\\\/crearcompartir.com\\\/wordpress\\\/agenda\\\/presentacio-llibre-heredaras-la-sangre-doscar-esteban-amb-la-figaflor\\\/\",\"name\":\"Presentaci\u00f3 Llibre HEREDAR\u00c1S LA SANGRE d'\u00d2scar Esteban amb La Figaflor - Crear Compartir\",\"isPartOf\":{\"@id\":\"https:\\\/\\\/crearcompartir.com\\\/wordpress\\\/#website\"},\"primaryImageOfPage\":{\"@id\":\"https:\\\/\\\/crearcompartir.com\\\/wordpress\\\/agenda\\\/presentacio-llibre-heredaras-la-sangre-doscar-esteban-amb-la-figaflor\\\/#primaryimage\"},\"image\":{\"@id\":\"https:\\\/\\\/crearcompartir.com\\\/wordpress\\\/agenda\\\/presentacio-llibre-heredaras-la-sangre-doscar-esteban-amb-la-figaflor\\\/#primaryimage\"},\"thumbnailUrl\":\"https:\\\/\\\/crearcompartir.com\\\/wordpress\\\/wp-content\\\/uploads\\\/2024\\\/11\\\/Llibre_web.jpg\",\"datePublished\":\"2024-11-05T12:21:02+00:00\",\"dateModified\":\"2025-01-04T11:31:48+00:00\",\"breadcrumb\":{\"@id\":\"https:\\\/\\\/crearcompartir.com\\\/wordpress\\\/agenda\\\/presentacio-llibre-heredaras-la-sangre-doscar-esteban-amb-la-figaflor\\\/#breadcrumb\"},\"inLanguage\":\"es\",\"potentialAction\":[{\"@type\":\"ReadAction\",\"target\":[\"https:\\\/\\\/crearcompartir.com\\\/wordpress\\\/agenda\\\/presentacio-llibre-heredaras-la-sangre-doscar-esteban-amb-la-figaflor\\\/\"]}]},{\"@type\":\"ImageObject\",\"inLanguage\":\"es\",\"@id\":\"https:\\\/\\\/crearcompartir.com\\\/wordpress\\\/agenda\\\/presentacio-llibre-heredaras-la-sangre-doscar-esteban-amb-la-figaflor\\\/#primaryimage\",\"url\":\"https:\\\/\\\/crearcompartir.com\\\/wordpress\\\/wp-content\\\/uploads\\\/2024\\\/11\\\/Llibre_web.jpg\",\"contentUrl\":\"https:\\\/\\\/crearcompartir.com\\\/wordpress\\\/wp-content\\\/uploads\\\/2024\\\/11\\\/Llibre_web.jpg\",\"width\":200,\"height\":283},{\"@type\":\"BreadcrumbList\",\"@id\":\"https:\\\/\\\/crearcompartir.com\\\/wordpress\\\/agenda\\\/presentacio-llibre-heredaras-la-sangre-doscar-esteban-amb-la-figaflor\\\/#breadcrumb\",\"itemListElement\":[{\"@type\":\"ListItem\",\"position\":1,\"name\":\"Portada\",\"item\":\"https:\\\/\\\/crearcompartir.com\\\/wordpress\\\/\"},{\"@type\":\"ListItem\",\"position\":2,\"name\":\"Eventos\",\"item\":\"https:\\\/\\\/crearcompartir.com\\\/wordpress\\\/agenda\\\/\"},{\"@type\":\"ListItem\",\"position\":3,\"name\":\"Presentaci\u00f3 Llibre HEREDAR\u00c1S LA SANGRE d&#8217;\u00d2scar Esteban amb La Figaflor\"}]},{\"@type\":\"WebSite\",\"@id\":\"https:\\\/\\\/crearcompartir.com\\\/wordpress\\\/#website\",\"url\":\"https:\\\/\\\/crearcompartir.com\\\/wordpress\\\/\",\"name\":\"Crear Compartir\",\"description\":\"Web oficial de la entidad sociocultural Crear Compartir\",\"publisher\":{\"@id\":\"https:\\\/\\\/crearcompartir.com\\\/wordpress\\\/#organization\"},\"potentialAction\":[{\"@type\":\"SearchAction\",\"target\":{\"@type\":\"EntryPoint\",\"urlTemplate\":\"https:\\\/\\\/crearcompartir.com\\\/wordpress\\\/?s={search_term_string}\"},\"query-input\":{\"@type\":\"PropertyValueSpecification\",\"valueRequired\":true,\"valueName\":\"search_term_string\"}}],\"inLanguage\":\"es\"},{\"@type\":\"Organization\",\"@id\":\"https:\\\/\\\/crearcompartir.com\\\/wordpress\\\/#organization\",\"name\":\"Asociaci\u00f3n Crear y Compartir\",\"url\":\"https:\\\/\\\/crearcompartir.com\\\/wordpress\\\/\",\"logo\":{\"@type\":\"ImageObject\",\"inLanguage\":\"es\",\"@id\":\"https:\\\/\\\/crearcompartir.com\\\/wordpress\\\/#\\\/schema\\\/logo\\\/image\\\/\",\"url\":\"https:\\\/\\\/crearcompartir.com\\\/wordpress\\\/wp-content\\\/uploads\\\/2023\\\/10\\\/logo_transparent-e1696433415887.png\",\"contentUrl\":\"https:\\\/\\\/crearcompartir.com\\\/wordpress\\\/wp-content\\\/uploads\\\/2023\\\/10\\\/logo_transparent-e1696433415887.png\",\"width\":199,\"height\":131,\"caption\":\"Asociaci\u00f3n Crear y Compartir\"},\"image\":{\"@id\":\"https:\\\/\\\/crearcompartir.com\\\/wordpress\\\/#\\\/schema\\\/logo\\\/image\\\/\"},\"sameAs\":[\"https:\\\/\\\/www.facebook.com\\\/profile.php?id=100093587113765\",\"https:\\\/\\\/x.com\\\/crearcompartir\",\"https:\\\/\\\/www.instagram.com\\\/crearcompartir\\\/\"]}]}<\/script>\n<!-- \/ Yoast SEO plugin. -->","yoast_head_json":{"title":"Presentaci\u00f3 Llibre HEREDAR\u00c1S LA SANGRE d'\u00d2scar Esteban amb La Figaflor - Crear Compartir","robots":{"index":"index","follow":"follow","max-snippet":"max-snippet:-1","max-image-preview":"max-image-preview:large","max-video-preview":"max-video-preview:-1"},"canonical":"https:\/\/crearcompartir.com\/wordpress\/agenda\/presentacio-llibre-heredaras-la-sangre-doscar-esteban-amb-la-figaflor\/","og_locale":"es_ES","og_type":"article","og_title":"Presentaci\u00f3 Llibre HEREDAR\u00c1S LA SANGRE d'\u00d2scar Esteban amb La Figaflor - Crear Compartir","og_description":"Roc\u00edo Castell, llibretera de La Figaflor conversar\u00e0 amb \u00d2scar Esteban sobre el seu darrer llibre &#8216;Heredar\u00e1s La Sangre&#8217;, publicat el 2022 per l&#8217;Editorial Planeta. L&#8217;acte comptar\u00e0 tamb\u00e9 amb l&#8217;actuaci\u00f3 en directe del cantautor Joaky. HEREDAR\u00c1S LA SANGRE: Durant el cap de setmana de l&#8217;onze de setembre de l&#8217;any 73 en Ibacache, un poble al nord [&hellip;]","og_url":"https:\/\/crearcompartir.com\/wordpress\/agenda\/presentacio-llibre-heredaras-la-sangre-doscar-esteban-amb-la-figaflor\/","og_site_name":"Crear Compartir","article_publisher":"https:\/\/www.facebook.com\/profile.php?id=100093587113765","article_modified_time":"2025-01-04T11:31:48+00:00","og_image":[{"width":200,"height":283,"url":"http:\/\/crearcompartir.com\/wordpress\/wp-content\/uploads\/2024\/11\/Llibre_web.jpg","type":"image\/jpeg"}],"twitter_card":"summary_large_image","twitter_site":"@crearcompartir","twitter_misc":{"Tiempo de lectura":"2 minutos"},"schema":{"@context":"https:\/\/schema.org","@graph":[{"@type":"WebPage","@id":"https:\/\/crearcompartir.com\/wordpress\/agenda\/presentacio-llibre-heredaras-la-sangre-doscar-esteban-amb-la-figaflor\/","url":"https:\/\/crearcompartir.com\/wordpress\/agenda\/presentacio-llibre-heredaras-la-sangre-doscar-esteban-amb-la-figaflor\/","name":"Presentaci\u00f3 Llibre HEREDAR\u00c1S LA SANGRE d'\u00d2scar Esteban amb La Figaflor - Crear Compartir","isPartOf":{"@id":"https:\/\/crearcompartir.com\/wordpress\/#website"},"primaryImageOfPage":{"@id":"https:\/\/crearcompartir.com\/wordpress\/agenda\/presentacio-llibre-heredaras-la-sangre-doscar-esteban-amb-la-figaflor\/#primaryimage"},"image":{"@id":"https:\/\/crearcompartir.com\/wordpress\/agenda\/presentacio-llibre-heredaras-la-sangre-doscar-esteban-amb-la-figaflor\/#primaryimage"},"thumbnailUrl":"https:\/\/crearcompartir.com\/wordpress\/wp-content\/uploads\/2024\/11\/Llibre_web.jpg","datePublished":"2024-11-05T12:21:02+00:00","dateModified":"2025-01-04T11:31:48+00:00","breadcrumb":{"@id":"https:\/\/crearcompartir.com\/wordpress\/agenda\/presentacio-llibre-heredaras-la-sangre-doscar-esteban-amb-la-figaflor\/#breadcrumb"},"inLanguage":"es","potentialAction":[{"@type":"ReadAction","target":["https:\/\/crearcompartir.com\/wordpress\/agenda\/presentacio-llibre-heredaras-la-sangre-doscar-esteban-amb-la-figaflor\/"]}]},{"@type":"ImageObject","inLanguage":"es","@id":"https:\/\/crearcompartir.com\/wordpress\/agenda\/presentacio-llibre-heredaras-la-sangre-doscar-esteban-amb-la-figaflor\/#primaryimage","url":"https:\/\/crearcompartir.com\/wordpress\/wp-content\/uploads\/2024\/11\/Llibre_web.jpg","contentUrl":"https:\/\/crearcompartir.com\/wordpress\/wp-content\/uploads\/2024\/11\/Llibre_web.jpg","width":200,"height":283},{"@type":"BreadcrumbList","@id":"https:\/\/crearcompartir.com\/wordpress\/agenda\/presentacio-llibre-heredaras-la-sangre-doscar-esteban-amb-la-figaflor\/#breadcrumb","itemListElement":[{"@type":"ListItem","position":1,"name":"Portada","item":"https:\/\/crearcompartir.com\/wordpress\/"},{"@type":"ListItem","position":2,"name":"Eventos","item":"https:\/\/crearcompartir.com\/wordpress\/agenda\/"},{"@type":"ListItem","position":3,"name":"Presentaci\u00f3 Llibre HEREDAR\u00c1S LA SANGRE d&#8217;\u00d2scar Esteban amb La Figaflor"}]},{"@type":"WebSite","@id":"https:\/\/crearcompartir.com\/wordpress\/#website","url":"https:\/\/crearcompartir.com\/wordpress\/","name":"Crear Compartir","description":"Web oficial de la entidad sociocultural Crear Compartir","publisher":{"@id":"https:\/\/crearcompartir.com\/wordpress\/#organization"},"potentialAction":[{"@type":"SearchAction","target":{"@type":"EntryPoint","urlTemplate":"https:\/\/crearcompartir.com\/wordpress\/?s={search_term_string}"},"query-input":{"@type":"PropertyValueSpecification","valueRequired":true,"valueName":"search_term_string"}}],"inLanguage":"es"},{"@type":"Organization","@id":"https:\/\/crearcompartir.com\/wordpress\/#organization","name":"Asociaci\u00f3n Crear y Compartir","url":"https:\/\/crearcompartir.com\/wordpress\/","logo":{"@type":"ImageObject","inLanguage":"es","@id":"https:\/\/crearcompartir.com\/wordpress\/#\/schema\/logo\/image\/","url":"https:\/\/crearcompartir.com\/wordpress\/wp-content\/uploads\/2023\/10\/logo_transparent-e1696433415887.png","contentUrl":"https:\/\/crearcompartir.com\/wordpress\/wp-content\/uploads\/2023\/10\/logo_transparent-e1696433415887.png","width":199,"height":131,"caption":"Asociaci\u00f3n Crear y Compartir"},"image":{"@id":"https:\/\/crearcompartir.com\/wordpress\/#\/schema\/logo\/image\/"},"sameAs":["https:\/\/www.facebook.com\/profile.php?id=100093587113765","https:\/\/x.com\/crearcompartir","https:\/\/www.instagram.com\/crearcompartir\/"]}]}},"jetpack_sharing_enabled":true,"_links":{"self":[{"href":"https:\/\/crearcompartir.com\/wordpress\/wp-json\/wp\/v2\/tribe_events\/711","targetHints":{"allow":["GET"]}}],"collection":[{"href":"https:\/\/crearcompartir.com\/wordpress\/wp-json\/wp\/v2\/tribe_events"}],"about":[{"href":"https:\/\/crearcompartir.com\/wordpress\/wp-json\/wp\/v2\/types\/tribe_events"}],"author":[{"embeddable":true,"href":"https:\/\/crearcompartir.com\/wordpress\/wp-json\/wp\/v2\/users\/1"}],"version-history":[{"count":1,"href":"https:\/\/crearcompartir.com\/wordpress\/wp-json\/wp\/v2\/tribe_events\/711\/revisions"}],"predecessor-version":[{"id":713,"href":"https:\/\/crearcompartir.com\/wordpress\/wp-json\/wp\/v2\/tribe_events\/711\/revisions\/713"}],"wp:featuredmedia":[{"embeddable":true,"href":"https:\/\/crearcompartir.com\/wordpress\/wp-json\/wp\/v2\/media\/712"}],"wp:attachment":[{"href":"https:\/\/crearcompartir.com\/wordpress\/wp-json\/wp\/v2\/media?parent=711"}],"wp:term":[{"taxonomy":"post_tag","embeddable":true,"href":"https:\/\/crearcompartir.com\/wordpress\/wp-json\/wp\/v2\/tags?post=711"},{"taxonomy":"tribe_events_cat","embeddable":true,"href":"https:\/\/crearcompartir.com\/wordpress\/wp-json\/wp\/v2\/tribe_events_cat?post=711"}],"curies":[{"name":"wp","href":"https:\/\/api.w.org\/{rel}","templated":true}]}}