{"id":797,"date":"2025-02-19T13:48:23","date_gmt":"2025-02-19T11:48:23","guid":{"rendered":"https:\/\/crearcompartir.com\/wordpress\/?post_type=tribe_events&#038;p=797"},"modified":"2025-02-19T13:48:23","modified_gmt":"2025-02-19T11:48:23","slug":"el-show-de-la-crazy-monoleg-dhumor","status":"publish","type":"tribe_events","link":"https:\/\/crearcompartir.com\/wordpress\/agenda\/el-show-de-la-crazy-monoleg-dhumor\/","title":{"rendered":"El Show de la Crazy &#8211; mon\u00f2leg d&#8217;humor"},"content":{"rendered":"<p>Despr\u00e9s del seu \u00absold out\u00bb la passada temporada, <strong>La Crazy<\/strong> torna a ENCUENTRO amb el seu humor picant i saga\u00e7.<\/p>\n<p><strong>El Show de la Crazy<\/strong> \u00e9s una cr\u00edtica als judicis de valor. \u00c9s una crida a ser aut\u00e8ntic i una den\u00fancia a les etiquetes que els altres ens posen sense con\u00e8ixer-nos.<\/p>\n<p>En un mon\u00f2leg TRANSGRESSOR, DIVERTIT i ESBOJARRAT combinat amb can\u00e7ons amb lletra pr\u00f2pia, amb qu\u00e8 l\u2019artista vol retre homenatge a les cupletistes, \u201cLa Crazy\u201d ens explica com el lema que l\u2019ha acompanyat sempre, avui t\u00e9 m\u00e9s sentit que mai: <i>\u201c sigues com vulguis\u201d<\/i><\/p>\n<p>La Crazy \u00e9s l\u2019ess\u00e8ncia de la Mireia, una dona divertida, descarada i espont\u00e0nia que ha descobert que la seva vocaci\u00f3 \u00e9s fer riure. D\u2019una manera fresca, carism\u00e0tica i natural, acompanyada del seu riure escandal\u00f3s i contagi\u00f3s, l\u2019artista parla amb molt de desparpajo de la vida, de com ha sortit del seu armari particular, de ser dona avui dia,\u00a0 de ser mare soltera\u2026.<\/p>\n<p><strong>Entrades: 12\u20ac<\/strong> a <a href=\"https:\/\/entradium.com\/events\/el-show-de-la-crazy-monoleg-d-humor\" target=\"_blank\" rel=\"noopener\">https:\/\/entradium.com\/events\/el-show-de-la-crazy-monoleg-d-humor<\/a><\/p>\n","protected":false},"excerpt":{"rendered":"<p>Despr\u00e9s del seu \u00absold out\u00bb la passada temporada, La Crazy torna a ENCUENTRO amb el seu humor picant i saga\u00e7. El Show de la Crazy \u00e9s una cr\u00edtica als judicis de valor. \u00c9s una crida a ser aut\u00e8ntic i una den\u00fancia a les etiquetes que els altres ens posen sense con\u00e8ixer-nos. En un mon\u00f2leg TRANSGRESSOR, [&hellip;]<\/p>\n","protected":false},"author":1,"featured_media":798,"template":"","meta":{"_tribe_events_status":"","_tribe_events_status_reason":"","footnotes":""},"tags":[],"tribe_events_cat":[20,19],"class_list":["post-797","tribe_events","type-tribe_events","status-publish","has-post-thumbnail","hentry","tribe_events_cat-humor","tribe_events_cat-monologos","cat_humor","cat_monologos","post","post-with-thumbnail","post-with-thumbnail-large"],"yoast_head":"<!-- This site is optimized with the Yoast SEO plugin v27.5 - https:\/\/yoast.com\/product\/yoast-seo-wordpress\/ -->\n<title>El Show de la Crazy - mon\u00f2leg d&#039;humor - Crear Compartir<\/title>\n<meta name=\"robots\" content=\"index, follow, max-snippet:-1, max-image-preview:large, max-video-preview:-1\" \/>\n<link rel=\"canonical\" href=\"https:\/\/crearcompartir.com\/wordpress\/agenda\/el-show-de-la-crazy-monoleg-dhumor\/\" \/>\n<meta property=\"og:locale\" content=\"es_ES\" \/>\n<meta property=\"og:type\" content=\"article\" \/>\n<meta property=\"og:title\" content=\"El Show de la Crazy - mon\u00f2leg d&#039;humor - Crear Compartir\" \/>\n<meta property=\"og:description\" content=\"Despr\u00e9s del seu \u00absold out\u00bb la passada temporada, La Crazy torna a ENCUENTRO amb el seu humor picant i saga\u00e7. El Show de la Crazy \u00e9s una cr\u00edtica als judicis de valor. \u00c9s una crida a ser aut\u00e8ntic i una den\u00fancia a les etiquetes que els altres ens posen sense con\u00e8ixer-nos. En un mon\u00f2leg TRANSGRESSOR, [&hellip;]\" \/>\n<meta property=\"og:url\" content=\"https:\/\/crearcompartir.com\/wordpress\/agenda\/el-show-de-la-crazy-monoleg-dhumor\/\" \/>\n<meta property=\"og:site_name\" content=\"Crear Compartir\" \/>\n<meta property=\"article:publisher\" content=\"https:\/\/www.facebook.com\/profile.php?id=100093587113765\" \/>\n<meta property=\"og:image\" content=\"http:\/\/crearcompartir.com\/wordpress\/wp-content\/uploads\/2025\/02\/Crazy_25.jpg\" \/>\n\t<meta property=\"og:image:width\" content=\"200\" \/>\n\t<meta property=\"og:image:height\" content=\"283\" \/>\n\t<meta property=\"og:image:type\" content=\"image\/jpeg\" \/>\n<meta name=\"twitter:card\" content=\"summary_large_image\" \/>\n<meta name=\"twitter:site\" content=\"@crearcompartir\" \/>\n<meta name=\"twitter:label1\" content=\"Tiempo de lectura\" \/>\n\t<meta name=\"twitter:data1\" content=\"1 minuto\" \/>\n<script type=\"application\/ld+json\" class=\"yoast-schema-graph\">{\"@context\":\"https:\\\/\\\/schema.org\",\"@graph\":[{\"@type\":\"WebPage\",\"@id\":\"https:\\\/\\\/crearcompartir.com\\\/wordpress\\\/agenda\\\/el-show-de-la-crazy-monoleg-dhumor\\\/\",\"url\":\"https:\\\/\\\/crearcompartir.com\\\/wordpress\\\/agenda\\\/el-show-de-la-crazy-monoleg-dhumor\\\/\",\"name\":\"El Show de la Crazy - mon\u00f2leg d'humor - Crear Compartir\",\"isPartOf\":{\"@id\":\"https:\\\/\\\/crearcompartir.com\\\/wordpress\\\/#website\"},\"primaryImageOfPage\":{\"@id\":\"https:\\\/\\\/crearcompartir.com\\\/wordpress\\\/agenda\\\/el-show-de-la-crazy-monoleg-dhumor\\\/#primaryimage\"},\"image\":{\"@id\":\"https:\\\/\\\/crearcompartir.com\\\/wordpress\\\/agenda\\\/el-show-de-la-crazy-monoleg-dhumor\\\/#primaryimage\"},\"thumbnailUrl\":\"https:\\\/\\\/crearcompartir.com\\\/wordpress\\\/wp-content\\\/uploads\\\/2025\\\/02\\\/Crazy_25.jpg\",\"datePublished\":\"2025-02-19T11:48:23+00:00\",\"breadcrumb\":{\"@id\":\"https:\\\/\\\/crearcompartir.com\\\/wordpress\\\/agenda\\\/el-show-de-la-crazy-monoleg-dhumor\\\/#breadcrumb\"},\"inLanguage\":\"es\",\"potentialAction\":[{\"@type\":\"ReadAction\",\"target\":[\"https:\\\/\\\/crearcompartir.com\\\/wordpress\\\/agenda\\\/el-show-de-la-crazy-monoleg-dhumor\\\/\"]}]},{\"@type\":\"ImageObject\",\"inLanguage\":\"es\",\"@id\":\"https:\\\/\\\/crearcompartir.com\\\/wordpress\\\/agenda\\\/el-show-de-la-crazy-monoleg-dhumor\\\/#primaryimage\",\"url\":\"https:\\\/\\\/crearcompartir.com\\\/wordpress\\\/wp-content\\\/uploads\\\/2025\\\/02\\\/Crazy_25.jpg\",\"contentUrl\":\"https:\\\/\\\/crearcompartir.com\\\/wordpress\\\/wp-content\\\/uploads\\\/2025\\\/02\\\/Crazy_25.jpg\",\"width\":200,\"height\":283},{\"@type\":\"BreadcrumbList\",\"@id\":\"https:\\\/\\\/crearcompartir.com\\\/wordpress\\\/agenda\\\/el-show-de-la-crazy-monoleg-dhumor\\\/#breadcrumb\",\"itemListElement\":[{\"@type\":\"ListItem\",\"position\":1,\"name\":\"Portada\",\"item\":\"https:\\\/\\\/crearcompartir.com\\\/wordpress\\\/\"},{\"@type\":\"ListItem\",\"position\":2,\"name\":\"Eventos\",\"item\":\"https:\\\/\\\/crearcompartir.com\\\/wordpress\\\/agenda\\\/\"},{\"@type\":\"ListItem\",\"position\":3,\"name\":\"El Show de la Crazy &#8211; mon\u00f2leg d&#8217;humor\"}]},{\"@type\":\"WebSite\",\"@id\":\"https:\\\/\\\/crearcompartir.com\\\/wordpress\\\/#website\",\"url\":\"https:\\\/\\\/crearcompartir.com\\\/wordpress\\\/\",\"name\":\"Crear Compartir\",\"description\":\"Web oficial de la entidad sociocultural Crear Compartir\",\"publisher\":{\"@id\":\"https:\\\/\\\/crearcompartir.com\\\/wordpress\\\/#organization\"},\"potentialAction\":[{\"@type\":\"SearchAction\",\"target\":{\"@type\":\"EntryPoint\",\"urlTemplate\":\"https:\\\/\\\/crearcompartir.com\\\/wordpress\\\/?s={search_term_string}\"},\"query-input\":{\"@type\":\"PropertyValueSpecification\",\"valueRequired\":true,\"valueName\":\"search_term_string\"}}],\"inLanguage\":\"es\"},{\"@type\":\"Organization\",\"@id\":\"https:\\\/\\\/crearcompartir.com\\\/wordpress\\\/#organization\",\"name\":\"Asociaci\u00f3n Crear y Compartir\",\"url\":\"https:\\\/\\\/crearcompartir.com\\\/wordpress\\\/\",\"logo\":{\"@type\":\"ImageObject\",\"inLanguage\":\"es\",\"@id\":\"https:\\\/\\\/crearcompartir.com\\\/wordpress\\\/#\\\/schema\\\/logo\\\/image\\\/\",\"url\":\"https:\\\/\\\/crearcompartir.com\\\/wordpress\\\/wp-content\\\/uploads\\\/2023\\\/10\\\/logo_transparent-e1696433415887.png\",\"contentUrl\":\"https:\\\/\\\/crearcompartir.com\\\/wordpress\\\/wp-content\\\/uploads\\\/2023\\\/10\\\/logo_transparent-e1696433415887.png\",\"width\":199,\"height\":131,\"caption\":\"Asociaci\u00f3n Crear y Compartir\"},\"image\":{\"@id\":\"https:\\\/\\\/crearcompartir.com\\\/wordpress\\\/#\\\/schema\\\/logo\\\/image\\\/\"},\"sameAs\":[\"https:\\\/\\\/www.facebook.com\\\/profile.php?id=100093587113765\",\"https:\\\/\\\/x.com\\\/crearcompartir\",\"https:\\\/\\\/www.instagram.com\\\/crearcompartir\\\/\"]}]}<\/script>\n<!-- \/ Yoast SEO plugin. -->","yoast_head_json":{"title":"El Show de la Crazy - mon\u00f2leg d'humor - Crear Compartir","robots":{"index":"index","follow":"follow","max-snippet":"max-snippet:-1","max-image-preview":"max-image-preview:large","max-video-preview":"max-video-preview:-1"},"canonical":"https:\/\/crearcompartir.com\/wordpress\/agenda\/el-show-de-la-crazy-monoleg-dhumor\/","og_locale":"es_ES","og_type":"article","og_title":"El Show de la Crazy - mon\u00f2leg d'humor - Crear Compartir","og_description":"Despr\u00e9s del seu \u00absold out\u00bb la passada temporada, La Crazy torna a ENCUENTRO amb el seu humor picant i saga\u00e7. El Show de la Crazy \u00e9s una cr\u00edtica als judicis de valor. \u00c9s una crida a ser aut\u00e8ntic i una den\u00fancia a les etiquetes que els altres ens posen sense con\u00e8ixer-nos. En un mon\u00f2leg TRANSGRESSOR, [&hellip;]","og_url":"https:\/\/crearcompartir.com\/wordpress\/agenda\/el-show-de-la-crazy-monoleg-dhumor\/","og_site_name":"Crear Compartir","article_publisher":"https:\/\/www.facebook.com\/profile.php?id=100093587113765","og_image":[{"width":200,"height":283,"url":"http:\/\/crearcompartir.com\/wordpress\/wp-content\/uploads\/2025\/02\/Crazy_25.jpg","type":"image\/jpeg"}],"twitter_card":"summary_large_image","twitter_site":"@crearcompartir","twitter_misc":{"Tiempo de lectura":"1 minuto"},"schema":{"@context":"https:\/\/schema.org","@graph":[{"@type":"WebPage","@id":"https:\/\/crearcompartir.com\/wordpress\/agenda\/el-show-de-la-crazy-monoleg-dhumor\/","url":"https:\/\/crearcompartir.com\/wordpress\/agenda\/el-show-de-la-crazy-monoleg-dhumor\/","name":"El Show de la Crazy - mon\u00f2leg d'humor - Crear Compartir","isPartOf":{"@id":"https:\/\/crearcompartir.com\/wordpress\/#website"},"primaryImageOfPage":{"@id":"https:\/\/crearcompartir.com\/wordpress\/agenda\/el-show-de-la-crazy-monoleg-dhumor\/#primaryimage"},"image":{"@id":"https:\/\/crearcompartir.com\/wordpress\/agenda\/el-show-de-la-crazy-monoleg-dhumor\/#primaryimage"},"thumbnailUrl":"https:\/\/crearcompartir.com\/wordpress\/wp-content\/uploads\/2025\/02\/Crazy_25.jpg","datePublished":"2025-02-19T11:48:23+00:00","breadcrumb":{"@id":"https:\/\/crearcompartir.com\/wordpress\/agenda\/el-show-de-la-crazy-monoleg-dhumor\/#breadcrumb"},"inLanguage":"es","potentialAction":[{"@type":"ReadAction","target":["https:\/\/crearcompartir.com\/wordpress\/agenda\/el-show-de-la-crazy-monoleg-dhumor\/"]}]},{"@type":"ImageObject","inLanguage":"es","@id":"https:\/\/crearcompartir.com\/wordpress\/agenda\/el-show-de-la-crazy-monoleg-dhumor\/#primaryimage","url":"https:\/\/crearcompartir.com\/wordpress\/wp-content\/uploads\/2025\/02\/Crazy_25.jpg","contentUrl":"https:\/\/crearcompartir.com\/wordpress\/wp-content\/uploads\/2025\/02\/Crazy_25.jpg","width":200,"height":283},{"@type":"BreadcrumbList","@id":"https:\/\/crearcompartir.com\/wordpress\/agenda\/el-show-de-la-crazy-monoleg-dhumor\/#breadcrumb","itemListElement":[{"@type":"ListItem","position":1,"name":"Portada","item":"https:\/\/crearcompartir.com\/wordpress\/"},{"@type":"ListItem","position":2,"name":"Eventos","item":"https:\/\/crearcompartir.com\/wordpress\/agenda\/"},{"@type":"ListItem","position":3,"name":"El Show de la Crazy &#8211; mon\u00f2leg d&#8217;humor"}]},{"@type":"WebSite","@id":"https:\/\/crearcompartir.com\/wordpress\/#website","url":"https:\/\/crearcompartir.com\/wordpress\/","name":"Crear Compartir","description":"Web oficial de la entidad sociocultural Crear Compartir","publisher":{"@id":"https:\/\/crearcompartir.com\/wordpress\/#organization"},"potentialAction":[{"@type":"SearchAction","target":{"@type":"EntryPoint","urlTemplate":"https:\/\/crearcompartir.com\/wordpress\/?s={search_term_string}"},"query-input":{"@type":"PropertyValueSpecification","valueRequired":true,"valueName":"search_term_string"}}],"inLanguage":"es"},{"@type":"Organization","@id":"https:\/\/crearcompartir.com\/wordpress\/#organization","name":"Asociaci\u00f3n Crear y Compartir","url":"https:\/\/crearcompartir.com\/wordpress\/","logo":{"@type":"ImageObject","inLanguage":"es","@id":"https:\/\/crearcompartir.com\/wordpress\/#\/schema\/logo\/image\/","url":"https:\/\/crearcompartir.com\/wordpress\/wp-content\/uploads\/2023\/10\/logo_transparent-e1696433415887.png","contentUrl":"https:\/\/crearcompartir.com\/wordpress\/wp-content\/uploads\/2023\/10\/logo_transparent-e1696433415887.png","width":199,"height":131,"caption":"Asociaci\u00f3n Crear y Compartir"},"image":{"@id":"https:\/\/crearcompartir.com\/wordpress\/#\/schema\/logo\/image\/"},"sameAs":["https:\/\/www.facebook.com\/profile.php?id=100093587113765","https:\/\/x.com\/crearcompartir","https:\/\/www.instagram.com\/crearcompartir\/"]}]}},"jetpack_sharing_enabled":true,"_links":{"self":[{"href":"https:\/\/crearcompartir.com\/wordpress\/wp-json\/wp\/v2\/tribe_events\/797","targetHints":{"allow":["GET"]}}],"collection":[{"href":"https:\/\/crearcompartir.com\/wordpress\/wp-json\/wp\/v2\/tribe_events"}],"about":[{"href":"https:\/\/crearcompartir.com\/wordpress\/wp-json\/wp\/v2\/types\/tribe_events"}],"author":[{"embeddable":true,"href":"https:\/\/crearcompartir.com\/wordpress\/wp-json\/wp\/v2\/users\/1"}],"version-history":[{"count":1,"href":"https:\/\/crearcompartir.com\/wordpress\/wp-json\/wp\/v2\/tribe_events\/797\/revisions"}],"predecessor-version":[{"id":799,"href":"https:\/\/crearcompartir.com\/wordpress\/wp-json\/wp\/v2\/tribe_events\/797\/revisions\/799"}],"wp:featuredmedia":[{"embeddable":true,"href":"https:\/\/crearcompartir.com\/wordpress\/wp-json\/wp\/v2\/media\/798"}],"wp:attachment":[{"href":"https:\/\/crearcompartir.com\/wordpress\/wp-json\/wp\/v2\/media?parent=797"}],"wp:term":[{"taxonomy":"post_tag","embeddable":true,"href":"https:\/\/crearcompartir.com\/wordpress\/wp-json\/wp\/v2\/tags?post=797"},{"taxonomy":"tribe_events_cat","embeddable":true,"href":"https:\/\/crearcompartir.com\/wordpress\/wp-json\/wp\/v2\/tribe_events_cat?post=797"}],"curies":[{"name":"wp","href":"https:\/\/api.w.org\/{rel}","templated":true}]}}