{"id":957,"date":"2025-12-08T19:00:56","date_gmt":"2025-12-08T17:00:56","guid":{"rendered":"https:\/\/crearcompartir.com\/wordpress\/?post_type=tribe_events&#038;p=957"},"modified":"2025-12-08T19:04:32","modified_gmt":"2025-12-08T17:04:32","slug":"cicle-monolegs-los-vermutantes-edu-mutante-amb-guillem-estadella","status":"publish","type":"tribe_events","link":"https:\/\/crearcompartir.com\/wordpress\/agenda\/cicle-monolegs-los-vermutantes-edu-mutante-amb-guillem-estadella\/","title":{"rendered":"Cicle Mon\u00f2legs Los VERMUTantes \u2013 Edu Mutante amb Guillem Estadella"},"content":{"rendered":"<div class=\"tribe-events-single-event-description tribe-events-content\">\n<p><strong>Edu Mutante<\/strong> vuelve a ENCUENTRO para presentar un nuevo <strong>ciclo de mon\u00f3logos<\/strong> los s\u00e1bados a mediod\u00eda, a la hora del vermut.<\/p>\n<p>Bajo el t\u00edtulo de <strong>Los VERMUTantes<\/strong>, <strong>Edu Mutante<\/strong> estar\u00e1 acompa\u00f1ado un s\u00e1bado de cada mes por un humorista diferente, mostrando el gran nivel de monologuistas que tenemos actualmente en nuestro pa\u00eds.<\/p>\n<p>El <strong>s\u00e1bado 18 de abril<\/strong> a las <strong>12.30h<\/strong> tendr\u00e1 lugar el \u00faltimo evento del ciclo con <strong>Guillem Estadella<\/strong>.<\/p>\n<div class=\"elementor-element elementor-element-813499d elementor-widget elementor-widget-theme-post-content\" data-id=\"813499d\" data-element_type=\"widget\" data-widget_type=\"theme-post-content.default\">\n<div class=\"elementor-widget-container\">\n<p><strong>Guillem Estadella<\/strong> va comen\u00e7ar al m\u00f3n de la comunicaci\u00f3 als 15 anys a R\u00e0dio Cunit, la r\u00e0dio del seu poble. All\u00e0 va descobrir que la seva passi\u00f3 era comunicar i fer riure alhora. Als 17 anys va fer el seu primer mon\u00f2leg i al cap de poc va participar i guanyar l\u2019edici\u00f3 del concurs de mon\u00f2legs, \u2018L\u00edjar Sonr\u00ede\u2019, a Almeria.<br \/>\nVa aterrar al \u2018Fricand\u00f3 Matiner\u2019 de RAC105 al 2016 com a estudiant en pr\u00e0ctiques i no va marxar d\u2019all\u00e0 fins al 2019. Va fer de reporter i seccionista al mantinal que va presentar Vador Llad\u00f3, despr\u00e9s Gerard Romero i Elisenda Carod, i finalment, Ernest Codina.<br \/>\nActualment, treballa a RAC1 i presenta \u2018Els Teloners de RAC1\u2019, on tamb\u00e9 ha colaborat en diferents programes com el \u2018Versi\u00f3 RAC1\u2019 i \u2018El Bar\u00e7a Juga a RAC1\u2019. Tamb\u00e9 fa un p\u00f2dcast a RAC+1: \u2018Estadella Mixel\u00edn\u2019. Tamb\u00e9 ha col\u00b7laborat al \u2018Matina, Codina!\u2019 de RAC105.<br \/>\nHa treballat d\u2019animador de p\u00fablic de televisi\u00f3 en programes com \u2018Tab\u00fas\u2019, \u2018Est\u00e0 Passant\u2019, \u2018Ahora Caigo\u2019 i \u2018El Foraster\u2019 on tamb\u00e9 ha estat guionista.<br \/>\nAl 2019 va estrenar el seu primer espectacle, \u2018Estoy Madurando\u2019 al Caf\u00e8-Teatre Llantiol de Barcelona. Al 2020, tot i la pand\u00e8mia, Estadella estrena \u2018Quin Pollastre!\u2019 a la Sala BARTS Club de Barcelona. Ara mateix, \u2018JARANA\u2019 \u00e9s el seu \u00faltim espectacle estrenat el 2024.<\/p>\n<p><a href=\"https:\/\/gestadella.cat\" target=\"_blank\" rel=\"noopener\">www.gestadella.cat<\/a><\/p>\n<\/div>\n<\/div>\n<p><strong>Edu Mutante<\/strong> es un reconocido profesional de la comedia y presentaci\u00f3n de eventos con una amplia trayectoria de 25 a\u00f1os en el \u00e1mbito nacional. Actualmente se encuentra de gira con su \u00faltimo espect\u00e1culo titulado \u00abSaludos Cordiales\u00bb, el cual debut\u00f3 en mayo del 2024 ante 500 personas en el teatro Poliorama de Barcelona.<br \/>\nAdem\u00e1s de su faceta como humorista, Edu tambi\u00e9n tiene una destacada presencia en medios de comunicaci\u00f3n. Se le puede escuchar todas las tardes en la emisora catalana RAC 1 en el programa VERSI\u00d3 RAC 1, el cual es el m\u00e1s escuchado en su franja horaria en Catalunya. Tambi\u00e9n participa en Radio Marca Barcelona en el programa \u00abRepartint Joc\u00bb.<br \/>\nEdu ha colaborado con TV3 en el programa \u00abTot es mou\u00bb y desde el a\u00f1o 2023 aporta su toque de humor en la famosa gala anual del diario \u00abEl Mundo Deportivo\u00bb, donde interact\u00faa con destacados deportistas como Salma Paralluelo, Joaqu\u00edn, Ter Stegen, Lewandowski y Laprovittola, entre otros.<br \/>\nEn resumen, Edu Mutante es un humorista y presentador muy vers\u00e1til y talentoso que est\u00e1 revolucionando el panorama humor\u00edstico.<\/p>\n<p><a href=\"http:\/\/www.edumutante.com\" target=\"_blank\" rel=\"noopener\">www.edumutante.com<\/a><\/p>\n<p><strong>Entradas: 14\u20ac (con consumici\u00f3n incluida)<\/strong> en <a href=\"https:\/\/entradium.com\/events\/cicle-monolegs-los-vermutantes-edu-mutante-amb-guillem-estadella\" target=\"_blank\" rel=\"noopener\">https:\/\/entradium.com\/events\/cicle-monolegs-los-vermutantes-edu-mutante-amb-guillem-estadella<\/a><\/p>\n<\/div>\n","protected":false},"excerpt":{"rendered":"<p>Edu Mutante vuelve a ENCUENTRO para presentar un nuevo ciclo de mon\u00f3logos los s\u00e1bados a mediod\u00eda, a la hora del vermut. Bajo el t\u00edtulo de Los VERMUTantes, Edu Mutante estar\u00e1 acompa\u00f1ado un s\u00e1bado de cada mes por un humorista diferente, mostrando el gran nivel de monologuistas que tenemos actualmente en nuestro pa\u00eds. El s\u00e1bado 18 [&hellip;]<\/p>\n","protected":false},"author":1,"featured_media":951,"template":"","meta":{"_tribe_events_status":"","_tribe_events_status_reason":"","footnotes":""},"tags":[],"tribe_events_cat":[19],"class_list":["post-957","tribe_events","type-tribe_events","status-publish","has-post-thumbnail","hentry","tribe_events_cat-monologos","cat_monologos","post","post-with-thumbnail","post-with-thumbnail-large"],"yoast_head":"<!-- This site is optimized with the Yoast SEO plugin v27.5 - https:\/\/yoast.com\/product\/yoast-seo-wordpress\/ -->\n<title>Cicle Mon\u00f2legs Los VERMUTantes \u2013 Edu Mutante amb Guillem Estadella - Crear Compartir<\/title>\n<meta name=\"robots\" content=\"index, follow, max-snippet:-1, max-image-preview:large, max-video-preview:-1\" \/>\n<link rel=\"canonical\" href=\"https:\/\/crearcompartir.com\/wordpress\/agenda\/cicle-monolegs-los-vermutantes-edu-mutante-amb-guillem-estadella\/\" \/>\n<meta property=\"og:locale\" content=\"es_ES\" \/>\n<meta property=\"og:type\" content=\"article\" \/>\n<meta property=\"og:title\" content=\"Cicle Mon\u00f2legs Los VERMUTantes \u2013 Edu Mutante amb Guillem Estadella - Crear Compartir\" \/>\n<meta property=\"og:description\" content=\"Edu Mutante vuelve a ENCUENTRO para presentar un nuevo ciclo de mon\u00f3logos los s\u00e1bados a mediod\u00eda, a la hora del vermut. Bajo el t\u00edtulo de Los VERMUTantes, Edu Mutante estar\u00e1 acompa\u00f1ado un s\u00e1bado de cada mes por un humorista diferente, mostrando el gran nivel de monologuistas que tenemos actualmente en nuestro pa\u00eds. El s\u00e1bado 18 [&hellip;]\" \/>\n<meta property=\"og:url\" content=\"https:\/\/crearcompartir.com\/wordpress\/agenda\/cicle-monolegs-los-vermutantes-edu-mutante-amb-guillem-estadella\/\" \/>\n<meta property=\"og:site_name\" content=\"Crear Compartir\" \/>\n<meta property=\"article:publisher\" content=\"https:\/\/www.facebook.com\/profile.php?id=100093587113765\" \/>\n<meta property=\"article:modified_time\" content=\"2025-12-08T17:04:32+00:00\" \/>\n<meta property=\"og:image\" content=\"http:\/\/crearcompartir.com\/wordpress\/wp-content\/uploads\/2025\/12\/Los-VERMUTantes1.jpg\" \/>\n\t<meta property=\"og:image:width\" content=\"200\" \/>\n\t<meta property=\"og:image:height\" content=\"283\" \/>\n\t<meta property=\"og:image:type\" content=\"image\/jpeg\" \/>\n<meta name=\"twitter:card\" content=\"summary_large_image\" \/>\n<meta name=\"twitter:site\" content=\"@crearcompartir\" \/>\n<meta name=\"twitter:label1\" content=\"Tiempo de lectura\" \/>\n\t<meta name=\"twitter:data1\" content=\"3 minutos\" \/>\n<script type=\"application\/ld+json\" class=\"yoast-schema-graph\">{\"@context\":\"https:\\\/\\\/schema.org\",\"@graph\":[{\"@type\":\"WebPage\",\"@id\":\"https:\\\/\\\/crearcompartir.com\\\/wordpress\\\/agenda\\\/cicle-monolegs-los-vermutantes-edu-mutante-amb-guillem-estadella\\\/\",\"url\":\"https:\\\/\\\/crearcompartir.com\\\/wordpress\\\/agenda\\\/cicle-monolegs-los-vermutantes-edu-mutante-amb-guillem-estadella\\\/\",\"name\":\"Cicle Mon\u00f2legs Los VERMUTantes \u2013 Edu Mutante amb Guillem Estadella - Crear Compartir\",\"isPartOf\":{\"@id\":\"https:\\\/\\\/crearcompartir.com\\\/wordpress\\\/#website\"},\"primaryImageOfPage\":{\"@id\":\"https:\\\/\\\/crearcompartir.com\\\/wordpress\\\/agenda\\\/cicle-monolegs-los-vermutantes-edu-mutante-amb-guillem-estadella\\\/#primaryimage\"},\"image\":{\"@id\":\"https:\\\/\\\/crearcompartir.com\\\/wordpress\\\/agenda\\\/cicle-monolegs-los-vermutantes-edu-mutante-amb-guillem-estadella\\\/#primaryimage\"},\"thumbnailUrl\":\"https:\\\/\\\/crearcompartir.com\\\/wordpress\\\/wp-content\\\/uploads\\\/2025\\\/12\\\/Los-VERMUTantes1.jpg\",\"datePublished\":\"2025-12-08T17:00:56+00:00\",\"dateModified\":\"2025-12-08T17:04:32+00:00\",\"breadcrumb\":{\"@id\":\"https:\\\/\\\/crearcompartir.com\\\/wordpress\\\/agenda\\\/cicle-monolegs-los-vermutantes-edu-mutante-amb-guillem-estadella\\\/#breadcrumb\"},\"inLanguage\":\"es\",\"potentialAction\":[{\"@type\":\"ReadAction\",\"target\":[\"https:\\\/\\\/crearcompartir.com\\\/wordpress\\\/agenda\\\/cicle-monolegs-los-vermutantes-edu-mutante-amb-guillem-estadella\\\/\"]}]},{\"@type\":\"ImageObject\",\"inLanguage\":\"es\",\"@id\":\"https:\\\/\\\/crearcompartir.com\\\/wordpress\\\/agenda\\\/cicle-monolegs-los-vermutantes-edu-mutante-amb-guillem-estadella\\\/#primaryimage\",\"url\":\"https:\\\/\\\/crearcompartir.com\\\/wordpress\\\/wp-content\\\/uploads\\\/2025\\\/12\\\/Los-VERMUTantes1.jpg\",\"contentUrl\":\"https:\\\/\\\/crearcompartir.com\\\/wordpress\\\/wp-content\\\/uploads\\\/2025\\\/12\\\/Los-VERMUTantes1.jpg\",\"width\":200,\"height\":283},{\"@type\":\"BreadcrumbList\",\"@id\":\"https:\\\/\\\/crearcompartir.com\\\/wordpress\\\/agenda\\\/cicle-monolegs-los-vermutantes-edu-mutante-amb-guillem-estadella\\\/#breadcrumb\",\"itemListElement\":[{\"@type\":\"ListItem\",\"position\":1,\"name\":\"Portada\",\"item\":\"https:\\\/\\\/crearcompartir.com\\\/wordpress\\\/\"},{\"@type\":\"ListItem\",\"position\":2,\"name\":\"Eventos\",\"item\":\"https:\\\/\\\/crearcompartir.com\\\/wordpress\\\/agenda\\\/\"},{\"@type\":\"ListItem\",\"position\":3,\"name\":\"Cicle Mon\u00f2legs Los VERMUTantes \u2013 Edu Mutante amb Guillem Estadella\"}]},{\"@type\":\"WebSite\",\"@id\":\"https:\\\/\\\/crearcompartir.com\\\/wordpress\\\/#website\",\"url\":\"https:\\\/\\\/crearcompartir.com\\\/wordpress\\\/\",\"name\":\"Crear Compartir\",\"description\":\"Web oficial de la entidad sociocultural Crear Compartir\",\"publisher\":{\"@id\":\"https:\\\/\\\/crearcompartir.com\\\/wordpress\\\/#organization\"},\"potentialAction\":[{\"@type\":\"SearchAction\",\"target\":{\"@type\":\"EntryPoint\",\"urlTemplate\":\"https:\\\/\\\/crearcompartir.com\\\/wordpress\\\/?s={search_term_string}\"},\"query-input\":{\"@type\":\"PropertyValueSpecification\",\"valueRequired\":true,\"valueName\":\"search_term_string\"}}],\"inLanguage\":\"es\"},{\"@type\":\"Organization\",\"@id\":\"https:\\\/\\\/crearcompartir.com\\\/wordpress\\\/#organization\",\"name\":\"Asociaci\u00f3n Crear y Compartir\",\"url\":\"https:\\\/\\\/crearcompartir.com\\\/wordpress\\\/\",\"logo\":{\"@type\":\"ImageObject\",\"inLanguage\":\"es\",\"@id\":\"https:\\\/\\\/crearcompartir.com\\\/wordpress\\\/#\\\/schema\\\/logo\\\/image\\\/\",\"url\":\"https:\\\/\\\/crearcompartir.com\\\/wordpress\\\/wp-content\\\/uploads\\\/2023\\\/10\\\/logo_transparent-e1696433415887.png\",\"contentUrl\":\"https:\\\/\\\/crearcompartir.com\\\/wordpress\\\/wp-content\\\/uploads\\\/2023\\\/10\\\/logo_transparent-e1696433415887.png\",\"width\":199,\"height\":131,\"caption\":\"Asociaci\u00f3n Crear y Compartir\"},\"image\":{\"@id\":\"https:\\\/\\\/crearcompartir.com\\\/wordpress\\\/#\\\/schema\\\/logo\\\/image\\\/\"},\"sameAs\":[\"https:\\\/\\\/www.facebook.com\\\/profile.php?id=100093587113765\",\"https:\\\/\\\/x.com\\\/crearcompartir\",\"https:\\\/\\\/www.instagram.com\\\/crearcompartir\\\/\"]}]}<\/script>\n<!-- \/ Yoast SEO plugin. -->","yoast_head_json":{"title":"Cicle Mon\u00f2legs Los VERMUTantes \u2013 Edu Mutante amb Guillem Estadella - Crear Compartir","robots":{"index":"index","follow":"follow","max-snippet":"max-snippet:-1","max-image-preview":"max-image-preview:large","max-video-preview":"max-video-preview:-1"},"canonical":"https:\/\/crearcompartir.com\/wordpress\/agenda\/cicle-monolegs-los-vermutantes-edu-mutante-amb-guillem-estadella\/","og_locale":"es_ES","og_type":"article","og_title":"Cicle Mon\u00f2legs Los VERMUTantes \u2013 Edu Mutante amb Guillem Estadella - Crear Compartir","og_description":"Edu Mutante vuelve a ENCUENTRO para presentar un nuevo ciclo de mon\u00f3logos los s\u00e1bados a mediod\u00eda, a la hora del vermut. Bajo el t\u00edtulo de Los VERMUTantes, Edu Mutante estar\u00e1 acompa\u00f1ado un s\u00e1bado de cada mes por un humorista diferente, mostrando el gran nivel de monologuistas que tenemos actualmente en nuestro pa\u00eds. El s\u00e1bado 18 [&hellip;]","og_url":"https:\/\/crearcompartir.com\/wordpress\/agenda\/cicle-monolegs-los-vermutantes-edu-mutante-amb-guillem-estadella\/","og_site_name":"Crear Compartir","article_publisher":"https:\/\/www.facebook.com\/profile.php?id=100093587113765","article_modified_time":"2025-12-08T17:04:32+00:00","og_image":[{"width":200,"height":283,"url":"http:\/\/crearcompartir.com\/wordpress\/wp-content\/uploads\/2025\/12\/Los-VERMUTantes1.jpg","type":"image\/jpeg"}],"twitter_card":"summary_large_image","twitter_site":"@crearcompartir","twitter_misc":{"Tiempo de lectura":"3 minutos"},"schema":{"@context":"https:\/\/schema.org","@graph":[{"@type":"WebPage","@id":"https:\/\/crearcompartir.com\/wordpress\/agenda\/cicle-monolegs-los-vermutantes-edu-mutante-amb-guillem-estadella\/","url":"https:\/\/crearcompartir.com\/wordpress\/agenda\/cicle-monolegs-los-vermutantes-edu-mutante-amb-guillem-estadella\/","name":"Cicle Mon\u00f2legs Los VERMUTantes \u2013 Edu Mutante amb Guillem Estadella - Crear Compartir","isPartOf":{"@id":"https:\/\/crearcompartir.com\/wordpress\/#website"},"primaryImageOfPage":{"@id":"https:\/\/crearcompartir.com\/wordpress\/agenda\/cicle-monolegs-los-vermutantes-edu-mutante-amb-guillem-estadella\/#primaryimage"},"image":{"@id":"https:\/\/crearcompartir.com\/wordpress\/agenda\/cicle-monolegs-los-vermutantes-edu-mutante-amb-guillem-estadella\/#primaryimage"},"thumbnailUrl":"https:\/\/crearcompartir.com\/wordpress\/wp-content\/uploads\/2025\/12\/Los-VERMUTantes1.jpg","datePublished":"2025-12-08T17:00:56+00:00","dateModified":"2025-12-08T17:04:32+00:00","breadcrumb":{"@id":"https:\/\/crearcompartir.com\/wordpress\/agenda\/cicle-monolegs-los-vermutantes-edu-mutante-amb-guillem-estadella\/#breadcrumb"},"inLanguage":"es","potentialAction":[{"@type":"ReadAction","target":["https:\/\/crearcompartir.com\/wordpress\/agenda\/cicle-monolegs-los-vermutantes-edu-mutante-amb-guillem-estadella\/"]}]},{"@type":"ImageObject","inLanguage":"es","@id":"https:\/\/crearcompartir.com\/wordpress\/agenda\/cicle-monolegs-los-vermutantes-edu-mutante-amb-guillem-estadella\/#primaryimage","url":"https:\/\/crearcompartir.com\/wordpress\/wp-content\/uploads\/2025\/12\/Los-VERMUTantes1.jpg","contentUrl":"https:\/\/crearcompartir.com\/wordpress\/wp-content\/uploads\/2025\/12\/Los-VERMUTantes1.jpg","width":200,"height":283},{"@type":"BreadcrumbList","@id":"https:\/\/crearcompartir.com\/wordpress\/agenda\/cicle-monolegs-los-vermutantes-edu-mutante-amb-guillem-estadella\/#breadcrumb","itemListElement":[{"@type":"ListItem","position":1,"name":"Portada","item":"https:\/\/crearcompartir.com\/wordpress\/"},{"@type":"ListItem","position":2,"name":"Eventos","item":"https:\/\/crearcompartir.com\/wordpress\/agenda\/"},{"@type":"ListItem","position":3,"name":"Cicle Mon\u00f2legs Los VERMUTantes \u2013 Edu Mutante amb Guillem Estadella"}]},{"@type":"WebSite","@id":"https:\/\/crearcompartir.com\/wordpress\/#website","url":"https:\/\/crearcompartir.com\/wordpress\/","name":"Crear Compartir","description":"Web oficial de la entidad sociocultural Crear Compartir","publisher":{"@id":"https:\/\/crearcompartir.com\/wordpress\/#organization"},"potentialAction":[{"@type":"SearchAction","target":{"@type":"EntryPoint","urlTemplate":"https:\/\/crearcompartir.com\/wordpress\/?s={search_term_string}"},"query-input":{"@type":"PropertyValueSpecification","valueRequired":true,"valueName":"search_term_string"}}],"inLanguage":"es"},{"@type":"Organization","@id":"https:\/\/crearcompartir.com\/wordpress\/#organization","name":"Asociaci\u00f3n Crear y Compartir","url":"https:\/\/crearcompartir.com\/wordpress\/","logo":{"@type":"ImageObject","inLanguage":"es","@id":"https:\/\/crearcompartir.com\/wordpress\/#\/schema\/logo\/image\/","url":"https:\/\/crearcompartir.com\/wordpress\/wp-content\/uploads\/2023\/10\/logo_transparent-e1696433415887.png","contentUrl":"https:\/\/crearcompartir.com\/wordpress\/wp-content\/uploads\/2023\/10\/logo_transparent-e1696433415887.png","width":199,"height":131,"caption":"Asociaci\u00f3n Crear y Compartir"},"image":{"@id":"https:\/\/crearcompartir.com\/wordpress\/#\/schema\/logo\/image\/"},"sameAs":["https:\/\/www.facebook.com\/profile.php?id=100093587113765","https:\/\/x.com\/crearcompartir","https:\/\/www.instagram.com\/crearcompartir\/"]}]}},"jetpack_sharing_enabled":true,"_links":{"self":[{"href":"https:\/\/crearcompartir.com\/wordpress\/wp-json\/wp\/v2\/tribe_events\/957","targetHints":{"allow":["GET"]}}],"collection":[{"href":"https:\/\/crearcompartir.com\/wordpress\/wp-json\/wp\/v2\/tribe_events"}],"about":[{"href":"https:\/\/crearcompartir.com\/wordpress\/wp-json\/wp\/v2\/types\/tribe_events"}],"author":[{"embeddable":true,"href":"https:\/\/crearcompartir.com\/wordpress\/wp-json\/wp\/v2\/users\/1"}],"version-history":[{"count":3,"href":"https:\/\/crearcompartir.com\/wordpress\/wp-json\/wp\/v2\/tribe_events\/957\/revisions"}],"predecessor-version":[{"id":960,"href":"https:\/\/crearcompartir.com\/wordpress\/wp-json\/wp\/v2\/tribe_events\/957\/revisions\/960"}],"wp:featuredmedia":[{"embeddable":true,"href":"https:\/\/crearcompartir.com\/wordpress\/wp-json\/wp\/v2\/media\/951"}],"wp:attachment":[{"href":"https:\/\/crearcompartir.com\/wordpress\/wp-json\/wp\/v2\/media?parent=957"}],"wp:term":[{"taxonomy":"post_tag","embeddable":true,"href":"https:\/\/crearcompartir.com\/wordpress\/wp-json\/wp\/v2\/tags?post=957"},{"taxonomy":"tribe_events_cat","embeddable":true,"href":"https:\/\/crearcompartir.com\/wordpress\/wp-json\/wp\/v2\/tribe_events_cat?post=957"}],"curies":[{"name":"wp","href":"https:\/\/api.w.org\/{rel}","templated":true}]}}